{"id":2368,"date":"2023-08-03T06:22:19","date_gmt":"2023-08-03T05:22:19","guid":{"rendered":"https:\/\/afvan.com\/?page_id=2368"},"modified":"2023-08-03T06:55:30","modified_gmt":"2023-08-03T05:55:30","slug":"politica-de-privadesa","status":"publish","type":"page","link":"https:\/\/afvan.com\/index.php\/politica-de-privadesa\/","title":{"rendered":"Pol\u00edtica de privadesa"},"content":{"rendered":"\t\t<div data-elementor-type=\"wp-page\" data-elementor-id=\"2368\" class=\"elementor elementor-2368\" data-elementor-post-type=\"page\">\n\t\t\t\t\t\t<section class=\"elementor-section elementor-top-section elementor-element elementor-element-374fb07e elementor-section-boxed elementor-section-height-default elementor-section-height-default wpr-particle-no wpr-jarallax-no wpr-parallax-no wpr-sticky-section-no wpr-equal-height-no\" data-id=\"374fb07e\" data-element_type=\"section\" data-e-type=\"section\">\n\t\t\t\t\t\t<div class=\"elementor-container elementor-column-gap-default\">\n\t\t\t\t\t<div class=\"elementor-column elementor-col-100 elementor-top-column elementor-element elementor-element-29f9edf8\" data-id=\"29f9edf8\" data-element_type=\"column\" data-e-type=\"column\">\n\t\t\t<div class=\"elementor-widget-wrap elementor-element-populated\">\n\t\t\t\t\t\t<div class=\"elementor-element elementor-element-70fbe1a elementor-widget elementor-widget-spacer\" data-id=\"70fbe1a\" data-element_type=\"widget\" data-e-type=\"widget\" data-widget_type=\"spacer.default\">\n\t\t\t\t<div class=\"elementor-widget-container\">\n\t\t\t\t\t\t\t<div class=\"elementor-spacer\">\n\t\t\t<div class=\"elementor-spacer-inner\"><\/div>\n\t\t<\/div>\n\t\t\t\t\t\t<\/div>\n\t\t\t\t<\/div>\n\t\t\t\t<div class=\"elementor-element elementor-element-03a8cd6 elementor-widget elementor-widget-heading\" data-id=\"03a8cd6\" data-element_type=\"widget\" data-e-type=\"widget\" data-widget_type=\"heading.default\">\n\t\t\t\t<div class=\"elementor-widget-container\">\n\t\t\t\t\t<h2 class=\"elementor-heading-title elementor-size-default\">Pol\u00edtica de Privadesa<\/h2>\t\t\t\t<\/div>\n\t\t\t\t<\/div>\n\t\t\t\t<div class=\"elementor-element elementor-element-5a45a6c8 elementor-widget elementor-widget-text-editor\" data-id=\"5a45a6c8\" data-element_type=\"widget\" data-e-type=\"widget\" data-widget_type=\"text-editor.default\">\n\t\t\t\t<div class=\"elementor-widget-container\">\n\t\t\t\t\t\t\t\t\t<p><\/p>\n<p class=\"MsoListParagraph\" style=\"margin: 0cm 0cm 0cm 36pt; font-size: 12pt; font-family: Calibri, sans-serif; color: #000000; font-style: normal; font-weight: 400; text-align: justify; text-indent: -18pt;\"><b><span lang=\"CA\">1.<span style=\"font-variant-numeric: normal; font-variant-east-asian: normal; font-variant-alternates: normal; font-kerning: auto; font-optical-sizing: auto; font-feature-settings: normal; font-variation-settings: normal; font-weight: normal; font-stretch: normal; font-size: 7pt; line-height: normal; font-family: 'Times New Roman';\">\u00a0\u00a0\u00a0\u00a0 <\/span><\/span><\/b><b><u><span lang=\"CA\">Pol\u00edtica de privacitat<\/span><\/u><\/b><\/p>\n<p class=\"MsoNormal\" style=\"margin: 0cm; font-size: 12pt; font-family: Calibri, sans-serif; color: #000000; font-style: normal; font-weight: 400; text-align: justify;\"><span lang=\"CA\">\u00a0<\/span><\/p>\n<p class=\"MsoNormal\" style=\"margin: 0cm; font-size: 12pt; font-family: Calibri, sans-serif; color: #000000; font-style: normal; font-weight: 400; text-align: justify;\"><span lang=\"CA\">L\u2019Associaci\u00f3 Fotogr\u00e0fica de les Valls del Nord (AFVAN) es compromet a protegir la privacitat de cadascun dels seus usuaris i aplicar, en la mesura del possible, la tecnologia que proporcioni la utilitzaci\u00f3 m\u00e9s segura al lloc web. Aquesta declaraci\u00f3 de privacitat \u00e9s v\u00e0lida per la plana web www.afvan.com, d\u2019ara endavant \u201cla web\u201d i regula la recollida i la utilitzaci\u00f3 de qualsevol dada allotjada en aquesta web.<\/span><\/p>\n<p class=\"MsoNormal\" style=\"margin: 0cm; font-size: 12pt; font-family: Calibri, sans-serif; color: #000000; font-style: normal; font-weight: 400; text-align: justify;\"><span lang=\"CA\">\u00a0<\/span><\/p>\n<p class=\"MsoListParagraphCxSpFirst\" style=\"margin: 0cm 0cm 0cm 36pt; font-size: 12pt; font-family: Calibri, sans-serif; color: #000000; font-style: normal; font-weight: 400; text-align: justify; text-indent: -18pt;\"><b><span lang=\"CA\">2.<span style=\"font-variant-numeric: normal; font-variant-east-asian: normal; font-variant-alternates: normal; font-kerning: auto; font-optical-sizing: auto; font-feature-settings: normal; font-variation-settings: normal; font-weight: normal; font-stretch: normal; font-size: 7pt; line-height: normal; font-family: 'Times New Roman';\">\u00a0\u00a0\u00a0\u00a0 <\/span><\/span><\/b><b><u><span lang=\"CA\">Responsabilitat de les dades facilitades<\/span><\/u><\/b><\/p>\n<p class=\"MsoListParagraphCxSpLast\" style=\"margin: 0cm 0cm 0cm 36pt; font-size: 12pt; font-family: Calibri, sans-serif; color: #000000; font-style: normal; font-weight: 400; text-align: justify;\"><b><u><span lang=\"CA\">\u00a0<\/span><\/u><\/b><\/p>\n<p class=\"MsoNormal\" style=\"margin: 0cm; font-size: 12pt; font-family: Calibri, sans-serif; color: #000000; font-style: normal; font-weight: 400; text-align: justify;\"><span lang=\"CA\">L&#8217;informem que qualsevol dada personal que vost\u00e8 faciliti mitjan\u00e7ant aquest lloc web ser\u00e0 tractat per L\u2019Associaci\u00f3 Fotogr\u00e0fica de les Valls del Nord (AFVAN) en qualitat de responsable del seu tractament. L\u2019Associaci\u00f3 Fotogr\u00e0fica de les Valls del Nord \u00e9s la titular d&#8217;aquest lloc web, associaci\u00f3 inscrita al Registre d\u2019Associacions del Principat d&#8217;Andorra amb n\u00famero de registre tributari U-802936-S.<\/span><\/p>\n<p class=\"MsoNormal\" style=\"margin: 0cm; font-size: 12pt; font-family: Calibri, sans-serif; color: #000000; font-style: normal; font-weight: 400; text-align: justify;\"><span lang=\"CA\">\u00a0<\/span><\/p>\n<p class=\"MsoListParagraphCxSpFirst\" style=\"margin: 0cm 0cm 0cm 36pt; font-size: 12pt; font-family: Calibri, sans-serif; color: #000000; font-style: normal; font-weight: 400; text-align: justify; text-indent: -18pt;\"><b><span lang=\"CA\">3.<span style=\"font-variant-numeric: normal; font-variant-east-asian: normal; font-variant-alternates: normal; font-kerning: auto; font-optical-sizing: auto; font-feature-settings: normal; font-variation-settings: normal; font-weight: normal; font-stretch: normal; font-size: 7pt; line-height: normal; font-family: 'Times New Roman';\">\u00a0\u00a0\u00a0\u00a0 <\/span><\/span><\/b><b><u><span lang=\"CA\">Tractament de les dades<\/span><\/u><\/b><\/p>\n<p class=\"MsoListParagraphCxSpLast\" style=\"margin: 0cm 0cm 0cm 36pt; font-size: 12pt; font-family: Calibri, sans-serif; color: #000000; font-style: normal; font-weight: 400; text-align: justify;\"><b><u><span lang=\"CA\">\u00a0<\/span><\/u><\/b><\/p>\n<p class=\"MsoNormal\" style=\"margin: 0cm; font-size: 12pt; font-family: Calibri, sans-serif; color: #000000; font-style: normal; font-weight: 400; text-align: justify;\"><span lang=\"CA\">En compliment del que requereix la Llei 29\/2021, de 28 d\u2019octubre, qualificada de Protecci\u00f3 de Dades Personals (d\u2019ara endavant, \u201cLQPD\u201d), i amb els reglaments que la desenvolupen, s\u2019informa els usuaris d\u2019aquest lloc web que les dades recollides tenen la finalitat de comunicaci\u00f3 entre L\u2019Associaci\u00f3 Fotogr\u00e0fica de les Valls del Nord (AFVAN) i el seu soci o col\u00b7laborador per tal de rebre informaci\u00f3 general, promocions o ofertes sobre els serveis oferts, aix\u00ed com el d\u2019establir la relaci\u00f3 convinguda entre el soci o col\u00b7laborador de L\u2019Associaci\u00f3 Fotogr\u00e0fica de les Valls del Nord (AFVAN).<\/span><\/p>\n<p class=\"MsoNormal\" style=\"margin: 0cm; font-size: 12pt; font-family: Calibri, sans-serif; color: #000000; font-style: normal; font-weight: 400; text-align: justify;\"><span lang=\"CA\">\u00a0<\/span><\/p>\n<p class=\"MsoListParagraphCxSpFirst\" style=\"margin: 0cm 0cm 0cm 36pt; font-size: 12pt; font-family: Calibri, sans-serif; color: #000000; font-style: normal; font-weight: 400; text-align: justify; text-indent: -18pt;\"><b><span lang=\"CA\">4.<span style=\"font-variant-numeric: normal; font-variant-east-asian: normal; font-variant-alternates: normal; font-kerning: auto; font-optical-sizing: auto; font-feature-settings: normal; font-variation-settings: normal; font-weight: normal; font-stretch: normal; font-size: 7pt; line-height: normal; font-family: 'Times New Roman';\">\u00a0\u00a0\u00a0\u00a0 <\/span><\/span><\/b><b><u><span lang=\"CA\">Utilitzaci\u00f3 de les anomenades \u201cgaletes\u201d<\/span><\/u><\/b><\/p>\n<p class=\"MsoListParagraphCxSpLast\" style=\"margin: 0cm 0cm 0cm 36pt; font-size: 12pt; font-family: Calibri, sans-serif; color: #000000; font-style: normal; font-weight: 400; text-align: justify;\"><b><u><span lang=\"CA\">\u00a0<\/span><\/u><\/b><\/p>\n<p class=\"MsoNormal\" style=\"margin: 0cm; font-size: 12pt; font-family: Calibri, sans-serif; color: #000000; font-style: normal; font-weight: 400; text-align: justify;\"><span lang=\"CA\">El lloc web www.afvan.com, d\u2019ara endavant \u201cla web\u201d, utilitza galetes per al seu funcionament amb l\u2019\u00fanic objectiu d\u2019oferir una millor experi\u00e8ncia de l\u2019usuari de la web i el de recollir dades estad\u00edstiques per tenir certa informaci\u00f3 sobre l\u2019activitat que s\u2019utilitza \u00fanicament per analitzar-los i millorar processos.<\/span><\/p>\n<p class=\"MsoNormal\" style=\"margin: 0cm; font-size: 12pt; font-family: Calibri, sans-serif; color: #000000; font-style: normal; font-weight: 400; text-align: justify;\"><span lang=\"CA\">\u00a0<\/span><\/p>\n<p class=\"MsoNormal\" style=\"margin: 0cm; font-size: 12pt; font-family: Calibri, sans-serif; color: #000000; font-style: normal; font-weight: 400; text-align: justify;\"><span lang=\"CA\">\u00a0<\/span><\/p>\n<p class=\"MsoListParagraphCxSpFirst\" style=\"margin: 0cm 0cm 0cm 36pt; font-size: 12pt; font-family: Calibri, sans-serif; color: #000000; font-style: normal; font-weight: 400; text-align: justify; text-indent: -18pt;\"><b><span lang=\"CA\">5.<span style=\"font-variant-numeric: normal; font-variant-east-asian: normal; font-variant-alternates: normal; font-kerning: auto; font-optical-sizing: auto; font-feature-settings: normal; font-variation-settings: normal; font-weight: normal; font-stretch: normal; font-size: 7pt; line-height: normal; font-family: 'Times New Roman';\">\u00a0\u00a0\u00a0\u00a0 <\/span><\/span><\/b><b><u><span lang=\"CA\">Drets dels usuaris<\/span><\/u><\/b><\/p>\n<p class=\"MsoListParagraphCxSpLast\" style=\"margin: 0cm 0cm 0cm 36pt; font-size: 12pt; font-family: Calibri, sans-serif; color: #000000; font-style: normal; font-weight: 400; text-align: justify;\"><b><u><span lang=\"CA\">\u00a0<\/span><\/u><\/b><\/p>\n<p class=\"MsoNormal\" style=\"margin: 0cm; font-size: 12pt; font-family: Calibri, sans-serif; color: #000000; font-style: normal; font-weight: 400; text-align: justify;\"><span lang=\"CA\">En compliment de la LQPD, i els seus reglaments de desenvolupament, L\u2019Associaci\u00f3 Fotogr\u00e0fica de les Valls del Nord (AFVAN) l\u2019informa que disposeu dels drets d&#8217;acc\u00e9s, rectificaci\u00f3, limitaci\u00f3 del tractament, portabilitat, supressi\u00f3 i oposici\u00f3 de les seves dades personals, reconeguts en l&#8217;esmentada normativa. Per tal d\u2019exercir-los vost\u00e8 haur\u00e0 d&#8217;enviar una comunicaci\u00f3 escrita i signada a l&#8217;adre\u00e7a de correu electr\u00f2nic info@afvan.com, a la qual haur\u00e0 d&#8217;adjuntar una c\u00f2pia del seu passaport o de qualsevol altre document oficial d&#8217;identitat. Davant de qualsevol vulneraci\u00f3 dels seus drets, especialment quan vost\u00e8 no hagi obtingut satisfacci\u00f3 en el seu exercici, pot presentar una reclamaci\u00f3 davant l\u2019Ag\u00e8ncia Andorrana de Protecci\u00f3 de Dades -https:\/\/www.apda.ad\/<\/span><\/p>\n<p class=\"MsoNormal\" style=\"margin: 0cm; font-size: 12pt; font-family: Calibri, sans-serif; color: #000000; font-style: normal; font-weight: 400; text-align: justify;\"><span lang=\"CA\">\u00a0<\/span><\/p>\n<p class=\"MsoListParagraphCxSpFirst\" style=\"margin: 0cm 0cm 0cm 36pt; font-size: 12pt; font-family: Calibri, sans-serif; color: #000000; font-style: normal; font-weight: 400; text-align: justify; text-indent: -18pt;\"><b><span lang=\"CA\">6.<span style=\"font-variant-numeric: normal; font-variant-east-asian: normal; font-variant-alternates: normal; font-kerning: auto; font-optical-sizing: auto; font-feature-settings: normal; font-variation-settings: normal; font-weight: normal; font-stretch: normal; font-size: 7pt; line-height: normal; font-family: 'Times New Roman';\">\u00a0\u00a0\u00a0\u00a0 <\/span><\/span><\/b><b><u><span lang=\"CA\">Consentiment<\/span><\/u><\/b><\/p>\n<p class=\"MsoListParagraphCxSpLast\" style=\"margin: 0cm 0cm 0cm 36pt; font-size: 12pt; font-family: Calibri, sans-serif; color: #000000; font-style: normal; font-weight: 400; text-align: justify;\"><b><u><span lang=\"CA\">\u00a0<\/span><\/u><\/b><\/p>\n<p class=\"MsoNormal\" style=\"margin: 0cm; font-size: 12pt; font-family: Calibri, sans-serif; color: #000000; font-style: normal; font-weight: 400; text-align: justify;\"><span lang=\"CA\">El consentiment proporcionat a L\u2019Associaci\u00f3 Fotogr\u00e0fica de les Valls del Nord (AFVAN) per a qualsevol finalitat espec\u00edfica pot ser retirat en qualsevol moment, sense que aix\u00f2 afecti la licitud del tractament de dades basat en el consentiment previ a la seva retirada. En aquest sup\u00f2sit L\u2019Associaci\u00f3 Fotogr\u00e0fica de les Valls del Nord (AFVAN) deixar\u00e0 de tractar les dades personals proporcionades, excepte per motius leg\u00edtims, o per l&#8217;exercici i la defensa de possibles reclamacions. La petici\u00f3 expressa de retirada de consentiment en aquelles dades necess\u00e0ries en la relaci\u00f3 contractual entre vost\u00e8, i L\u2019Associaci\u00f3 Fotogr\u00e0fica de les Valls del Nord (AFVAN) abans que finalitzi aquesta relaci\u00f3 en el cas que les dades siguin necess\u00e0ries per a aquesta relaci\u00f3 o per les obligacions de L\u2019Associaci\u00f3 Fotogr\u00e0fica de les Valls del Nord (AFVAN) segons la legislaci\u00f3 vigent i aplicable.<\/span><\/p>\n<p class=\"MsoNormal\" style=\"margin: 0cm; font-size: 12pt; font-family: Calibri, sans-serif; color: #000000; font-style: normal; font-weight: 400; text-align: justify;\"><span lang=\"CA\">\u00a0<\/span><\/p>\n<p class=\"MsoListParagraphCxSpFirst\" style=\"margin: 0cm 0cm 0cm 36pt; font-size: 12pt; font-family: Calibri, sans-serif; color: #000000; font-style: normal; font-weight: 400; text-align: justify; text-indent: -18pt;\"><b><span lang=\"CA\">7.<span style=\"font-variant-numeric: normal; font-variant-east-asian: normal; font-variant-alternates: normal; font-kerning: auto; font-optical-sizing: auto; font-feature-settings: normal; font-variation-settings: normal; font-weight: normal; font-stretch: normal; font-size: 7pt; line-height: normal; font-family: 'Times New Roman';\">\u00a0\u00a0\u00a0\u00a0 <\/span><\/span><\/b><b><u><span lang=\"CA\">Mesures de seguretat aplicades<\/span><\/u><\/b><\/p>\n<p class=\"MsoListParagraphCxSpLast\" style=\"margin: 0cm 0cm 0cm 36pt; font-size: 12pt; font-family: Calibri, sans-serif; color: #000000; font-style: normal; font-weight: 400; text-align: justify;\"><b><u><span lang=\"CA\">\u00a0<\/span><\/u><\/b><\/p>\n<p class=\"MsoNormal\" style=\"margin: 0cm; font-size: 12pt; font-family: Calibri, sans-serif; color: #000000; font-style: normal; font-weight: 400; text-align: justify;\"><span lang=\"CA\">L\u2019Associaci\u00f3 Fotogr\u00e0fica de les Valls del Nord (AFVAN) li garanteix que el tractament que portar\u00e0 a terme de les seves dades personals ser\u00e0 sotm\u00e8s al m\u00e9s estricte deure de confidencialitat, i que s&#8217;han establert les mesures necess\u00e0ries, tant t\u00e8cniques com organitzatives, per a garantir la seguretat de les seves dades personals i evitar la seva alteraci\u00f3, mal \u00fas, p\u00e8rdua, robatori o tractament no autoritzat.<\/span><\/p>\n<p class=\"MsoNormal\" style=\"margin: 0cm; font-size: 12pt; font-family: Calibri, sans-serif; color: #000000; font-style: normal; font-weight: 400; text-align: justify;\"><span lang=\"CA\">\u00a0<\/span><\/p>\n<p class=\"MsoListParagraphCxSpFirst\" style=\"margin: 0cm 0cm 0cm 36pt; font-size: 12pt; font-family: Calibri, sans-serif; color: #000000; font-style: normal; font-weight: 400; text-align: justify; text-indent: -18pt;\"><b><span lang=\"CA\">8.<span style=\"font-variant-numeric: normal; font-variant-east-asian: normal; font-variant-alternates: normal; font-kerning: auto; font-optical-sizing: auto; font-feature-settings: normal; font-variation-settings: normal; font-weight: normal; font-stretch: normal; font-size: 7pt; line-height: normal; font-family: 'Times New Roman';\">\u00a0\u00a0\u00a0\u00a0 <\/span><\/span><\/b><b><u><span lang=\"CA\">Canvis futurs en la pol\u00edtica de privacitat<\/span><\/u><\/b><\/p>\n<p class=\"MsoListParagraphCxSpLast\" style=\"margin: 0cm 0cm 0cm 36pt; font-size: 12pt; font-family: Calibri, sans-serif; color: #000000; font-style: normal; font-weight: 400; text-align: justify;\"><b><u><span lang=\"CA\">\u00a0<\/span><\/u><\/b><\/p>\n<p class=\"MsoNormal\" style=\"margin: 0cm; font-size: 12pt; font-family: Calibri, sans-serif; color: #000000; font-style: normal; font-weight: 400; text-align: justify;\"><span lang=\"CA\">Aquesta pol\u00edtica de privacitat est\u00e0 subjecta a eventuals canvis d&#8217;acord amb la legislaci\u00f3 vigent en cada moment. En tot cas, qualsevol modificaci\u00f3 d&#8217;aquesta Pol\u00edtica de privacitat li ser\u00e0 degudament notificada perqu\u00e8 vost\u00e8 quedi informat dels canvis produ\u00efts i pugui atorgar el seu consentiment expr\u00e9s als nous canvis.<\/span><\/p>\n<p><\/p>\t\t\t\t\t\t\t\t<\/div>\n\t\t\t\t<\/div>\n\t\t\t\t\t<\/div>\n\t\t<\/div>\n\t\t\t\t\t<\/div>\n\t\t<\/section>\n\t\t\t\t<\/div>\n\t\t","protected":false},"excerpt":{"rendered":"<p>Pol\u00edtica de Privadesa 1.\u00a0\u00a0\u00a0\u00a0 Pol\u00edtica de privacitat \u00a0 L\u2019Associaci\u00f3 Fotogr\u00e0fica de les Valls del Nord (AFVAN) es compromet a protegir la privacitat de cadascun dels seus usuaris i aplicar, en la mesura del possible, la tecnologia que proporcioni la utilitzaci\u00f3 m\u00e9s segura al lloc web. Aquesta declaraci\u00f3 de privacitat \u00e9s v\u00e0lida per la plana web www.afvan.com, d\u2019ara endavant \u201cla web\u201d i regula la recollida i la utilitzaci\u00f3 de qualsevol dada allotjada en aquesta web. \u00a0 2.\u00a0\u00a0\u00a0\u00a0 Responsabilitat de les dades facilitades \u00a0 L&#8217;informem que qualsevol dada personal que vost\u00e8 faciliti mitjan\u00e7ant aquest lloc web ser\u00e0 tractat per L\u2019Associaci\u00f3 Fotogr\u00e0fica de les Valls del Nord (AFVAN) en qualitat de responsable del seu tractament. L\u2019Associaci\u00f3 Fotogr\u00e0fica de les Valls del Nord \u00e9s la titular d&#8217;aquest lloc web, associaci\u00f3 inscrita al Registre d\u2019Associacions del Principat d&#8217;Andorra amb n\u00famero de registre tributari U-802936-S. \u00a0 3.\u00a0\u00a0\u00a0\u00a0 Tractament de les dades \u00a0 En compliment del que requereix la Llei 29\/2021, de 28 d\u2019octubre, qualificada de Protecci\u00f3 de Dades Personals (d\u2019ara endavant, \u201cLQPD\u201d), i amb els reglaments que la desenvolupen, s\u2019informa els usuaris d\u2019aquest lloc web que les dades recollides tenen la finalitat de comunicaci\u00f3 entre L\u2019Associaci\u00f3 Fotogr\u00e0fica de les Valls del Nord (AFVAN) i el seu soci o col\u00b7laborador per tal de rebre informaci\u00f3 general, promocions o ofertes sobre els serveis oferts, aix\u00ed com el d\u2019establir la relaci\u00f3 convinguda entre el soci o col\u00b7laborador de L\u2019Associaci\u00f3 Fotogr\u00e0fica de les Valls del Nord (AFVAN). \u00a0 4.\u00a0\u00a0\u00a0\u00a0 Utilitzaci\u00f3 de les anomenades \u201cgaletes\u201d \u00a0 El lloc web www.afvan.com, d\u2019ara endavant \u201cla web\u201d, utilitza galetes per al seu funcionament amb l\u2019\u00fanic objectiu d\u2019oferir una millor experi\u00e8ncia de l\u2019usuari de la web i el de recollir dades estad\u00edstiques per tenir certa informaci\u00f3 sobre l\u2019activitat que s\u2019utilitza \u00fanicament per analitzar-los i millorar processos. \u00a0 \u00a0 5.\u00a0\u00a0\u00a0\u00a0 Drets dels usuaris \u00a0 En compliment de la LQPD, i els seus reglaments de desenvolupament, L\u2019Associaci\u00f3 Fotogr\u00e0fica de les Valls del Nord (AFVAN) l\u2019informa que disposeu dels drets d&#8217;acc\u00e9s, rectificaci\u00f3, limitaci\u00f3 del tractament, portabilitat, supressi\u00f3 i oposici\u00f3 de les seves dades personals, reconeguts en l&#8217;esmentada normativa. Per tal d\u2019exercir-los vost\u00e8 haur\u00e0 d&#8217;enviar una comunicaci\u00f3 escrita i signada a l&#8217;adre\u00e7a de correu electr\u00f2nic info@afvan.com, a la qual haur\u00e0 d&#8217;adjuntar una c\u00f2pia del seu passaport o de qualsevol altre document oficial d&#8217;identitat. Davant de qualsevol vulneraci\u00f3 dels seus drets, especialment quan vost\u00e8 no hagi obtingut satisfacci\u00f3 en el seu exercici, pot presentar una reclamaci\u00f3 davant l\u2019Ag\u00e8ncia Andorrana de Protecci\u00f3 de Dades -https:\/\/www.apda.ad\/ \u00a0 6.\u00a0\u00a0\u00a0\u00a0 Consentiment \u00a0 El consentiment proporcionat a L\u2019Associaci\u00f3 Fotogr\u00e0fica de les Valls del Nord (AFVAN) per a qualsevol finalitat espec\u00edfica pot ser retirat en qualsevol moment, sense que aix\u00f2 afecti la licitud del tractament de dades basat en el consentiment previ a la seva retirada. En aquest sup\u00f2sit L\u2019Associaci\u00f3 Fotogr\u00e0fica de les Valls del Nord (AFVAN) deixar\u00e0 de tractar les dades personals proporcionades, excepte per motius leg\u00edtims, o per l&#8217;exercici i la defensa de possibles reclamacions. La petici\u00f3 expressa de retirada de consentiment en aquelles dades necess\u00e0ries en la relaci\u00f3 contractual entre vost\u00e8, i L\u2019Associaci\u00f3 Fotogr\u00e0fica de les Valls del Nord (AFVAN) abans que finalitzi aquesta relaci\u00f3 en el cas que les dades siguin necess\u00e0ries per a aquesta relaci\u00f3 o per les obligacions de L\u2019Associaci\u00f3 Fotogr\u00e0fica de les Valls del Nord (AFVAN) segons la legislaci\u00f3 vigent i aplicable. \u00a0 7.\u00a0\u00a0\u00a0\u00a0 Mesures de seguretat aplicades \u00a0 L\u2019Associaci\u00f3 Fotogr\u00e0fica de les Valls del Nord (AFVAN) li garanteix que el tractament que portar\u00e0 a terme de les seves dades personals ser\u00e0 sotm\u00e8s al m\u00e9s estricte deure de confidencialitat, i que s&#8217;han establert les mesures necess\u00e0ries, tant t\u00e8cniques com organitzatives, per a garantir la seguretat de les seves dades personals i evitar la seva alteraci\u00f3, mal \u00fas, p\u00e8rdua, robatori o tractament no autoritzat. \u00a0 8.\u00a0\u00a0\u00a0\u00a0 Canvis futurs en la pol\u00edtica de privacitat \u00a0 Aquesta pol\u00edtica de privacitat est\u00e0 subjecta a eventuals canvis d&#8217;acord amb la legislaci\u00f3 vigent en cada moment. En tot cas, qualsevol modificaci\u00f3 d&#8217;aquesta Pol\u00edtica de privacitat li ser\u00e0 degudament notificada perqu\u00e8 vost\u00e8 quedi informat dels canvis produ\u00efts i pugui atorgar el seu consentiment expr\u00e9s als nous canvis.<\/p>\n","protected":false},"author":1,"featured_media":0,"parent":0,"menu_order":0,"comment_status":"closed","ping_status":"closed","template":"","meta":{"site-sidebar-layout":"default","site-content-layout":"","ast-site-content-layout":"default","site-content-style":"default","site-sidebar-style":"default","ast-global-header-display":"","ast-banner-title-visibility":"","ast-main-header-display":"","ast-hfb-above-header-display":"","ast-hfb-below-header-display":"","ast-hfb-mobile-header-display":"","site-post-title":"disabled","ast-breadcrumbs-content":"","ast-featured-img":"","footer-sml-layout":"","ast-disable-related-posts":"","theme-transparent-header-meta":"","adv-header-id-meta":"","stick-header-meta":"","header-above-stick-meta":"","header-main-stick-meta":"","header-below-stick-meta":"","astra-migrate-meta-layouts":"default","ast-page-background-enabled":"default","ast-page-background-meta":{"desktop":{"background-color":"var(--ast-global-color-4)","background-image":"","background-repeat":"repeat","background-position":"center center","background-size":"auto","background-attachment":"scroll","background-type":"","background-media":"","overlay-type":"","overlay-color":"","overlay-opacity":"","overlay-gradient":""},"tablet":{"background-color":"","background-image":"","background-repeat":"repeat","background-position":"center center","background-size":"auto","background-attachment":"scroll","background-type":"","background-media":"","overlay-type":"","overlay-color":"","overlay-opacity":"","overlay-gradient":""},"mobile":{"background-color":"","background-image":"","background-repeat":"repeat","background-position":"center center","background-size":"auto","background-attachment":"scroll","background-type":"","background-media":"","overlay-type":"","overlay-color":"","overlay-opacity":"","overlay-gradient":""}},"ast-content-background-meta":{"desktop":{"background-color":"var(--ast-global-color-5)","background-image":"","background-repeat":"repeat","background-position":"center center","background-size":"auto","background-attachment":"scroll","background-type":"","background-media":"","overlay-type":"","overlay-color":"","overlay-opacity":"","overlay-gradient":""},"tablet":{"background-color":"var(--ast-global-color-5)","background-image":"","background-repeat":"repeat","background-position":"center center","background-size":"auto","background-attachment":"scroll","background-type":"","background-media":"","overlay-type":"","overlay-color":"","overlay-opacity":"","overlay-gradient":""},"mobile":{"background-color":"var(--ast-global-color-5)","background-image":"","background-repeat":"repeat","background-position":"center center","background-size":"auto","background-attachment":"scroll","background-type":"","background-media":"","overlay-type":"","overlay-color":"","overlay-opacity":"","overlay-gradient":""}},"footnotes":""},"class_list":["post-2368","page","type-page","status-publish","hentry"],"aioseo_notices":[],"a3_pvc":{"activated":false,"total_views":19,"today_views":0},"_links":{"self":[{"href":"https:\/\/afvan.com\/index.php\/wp-json\/wp\/v2\/pages\/2368","targetHints":{"allow":["GET"]}}],"collection":[{"href":"https:\/\/afvan.com\/index.php\/wp-json\/wp\/v2\/pages"}],"about":[{"href":"https:\/\/afvan.com\/index.php\/wp-json\/wp\/v2\/types\/page"}],"author":[{"embeddable":true,"href":"https:\/\/afvan.com\/index.php\/wp-json\/wp\/v2\/users\/1"}],"replies":[{"embeddable":true,"href":"https:\/\/afvan.com\/index.php\/wp-json\/wp\/v2\/comments?post=2368"}],"version-history":[{"count":11,"href":"https:\/\/afvan.com\/index.php\/wp-json\/wp\/v2\/pages\/2368\/revisions"}],"predecessor-version":[{"id":2389,"href":"https:\/\/afvan.com\/index.php\/wp-json\/wp\/v2\/pages\/2368\/revisions\/2389"}],"wp:attachment":[{"href":"https:\/\/afvan.com\/index.php\/wp-json\/wp\/v2\/media?parent=2368"}],"curies":[{"name":"wp","href":"https:\/\/api.w.org\/{rel}","templated":true}]}}