{"id":3635,"date":"2024-02-01T20:07:23","date_gmt":"2024-02-01T19:07:23","guid":{"rendered":"https:\/\/afvan.com\/?page_id=3635"},"modified":"2024-02-06T20:00:44","modified_gmt":"2024-02-06T19:00:44","slug":"henri-cartier-bresson","status":"publish","type":"page","link":"https:\/\/afvan.com\/index.php\/henri-cartier-bresson\/","title":{"rendered":"Henri Cartier-Bresson"},"content":{"rendered":"\t\t<div data-elementor-type=\"wp-page\" data-elementor-id=\"3635\" class=\"elementor elementor-3635\" data-elementor-post-type=\"page\">\n\t\t\t\t\t\t<section class=\"elementor-section elementor-top-section elementor-element elementor-element-517909ab elementor-section-full_width elementor-section-height-min-height elementor-section-height-default elementor-section-items-middle wpr-particle-no wpr-jarallax-no wpr-parallax-no wpr-sticky-section-no wpr-equal-height-no\" data-id=\"517909ab\" data-element_type=\"section\" data-e-type=\"section\" data-settings=\"{&quot;background_background&quot;:&quot;classic&quot;}\">\n\t\t\t\t\t\t<div class=\"elementor-container elementor-column-gap-default\">\n\t\t\t\t\t<div class=\"elementor-column elementor-col-100 elementor-top-column elementor-element elementor-element-7d6fd1ad\" data-id=\"7d6fd1ad\" data-element_type=\"column\" data-e-type=\"column\">\n\t\t\t<div class=\"elementor-widget-wrap elementor-element-populated\">\n\t\t\t\t\t\t<section class=\"elementor-section elementor-inner-section elementor-element elementor-element-c94bc05 elementor-section-full_width elementor-section-height-default elementor-section-height-default wpr-particle-no wpr-jarallax-no wpr-parallax-no wpr-sticky-section-no wpr-equal-height-no\" data-id=\"c94bc05\" data-element_type=\"section\" data-e-type=\"section\">\n\t\t\t\t\t\t<div class=\"elementor-container elementor-column-gap-default\">\n\t\t\t\t\t<div class=\"elementor-column elementor-col-100 elementor-inner-column elementor-element elementor-element-7c6d8e93\" data-id=\"7c6d8e93\" data-element_type=\"column\" data-e-type=\"column\" data-settings=\"{&quot;background_background&quot;:&quot;classic&quot;}\">\n\t\t\t<div class=\"elementor-widget-wrap elementor-element-populated\">\n\t\t\t\t\t\t<div class=\"elementor-element elementor-element-1fb6e513 elementor-widget elementor-widget-elementskit-heading\" data-id=\"1fb6e513\" data-element_type=\"widget\" data-e-type=\"widget\" data-widget_type=\"elementskit-heading.default\">\n\t\t\t\t<div class=\"elementor-widget-container\">\n\t\t\t\t\t<div class=\"ekit-wid-con\" ><div class=\"ekit-heading elementskit-section-title-wraper text_left   ekit_heading_tablet-   ekit_heading_mobile-\"><h3 class=\"elementskit-section-subtitle  \">\n\t\t\t\t\t\tAquest mes coneixem a:\n\t\t\t\t\t<\/h3><h1 class=\"ekit-heading--title elementskit-section-title  ekit-heading__title-has-border start\">Henri Cartier-Bresson<\/h1>\t\t\t\t<div class='ekit-heading__description'>\n\t\t\t\t\t<p>Henri Georges Cartier-Bresson<\/p>\n\t\t\t\t<\/div>\n\t\t\t<\/div><\/div>\t\t\t\t<\/div>\n\t\t\t\t<\/div>\n\t\t\t\t\t<\/div>\n\t\t<\/div>\n\t\t\t\t\t<\/div>\n\t\t<\/section>\n\t\t\t\t\t<\/div>\n\t\t<\/div>\n\t\t\t\t\t<\/div>\n\t\t<\/section>\n\t\t\t\t<section class=\"elementor-section elementor-top-section elementor-element elementor-element-3c2b1964 elementor-section-full_width elementor-section-height-default elementor-section-height-default wpr-particle-no wpr-jarallax-no wpr-parallax-no wpr-sticky-section-no wpr-equal-height-no\" data-id=\"3c2b1964\" data-element_type=\"section\" data-e-type=\"section\" data-settings=\"{&quot;background_background&quot;:&quot;classic&quot;}\">\n\t\t\t\t\t\t<div class=\"elementor-container elementor-column-gap-default\">\n\t\t\t\t\t<div class=\"elementor-column elementor-col-100 elementor-top-column elementor-element elementor-element-fb63476\" data-id=\"fb63476\" data-element_type=\"column\" data-e-type=\"column\">\n\t\t\t<div class=\"elementor-widget-wrap elementor-element-populated\">\n\t\t\t\t\t\t<section class=\"elementor-section elementor-inner-section elementor-element elementor-element-91ecdad elementor-section-boxed elementor-section-height-default elementor-section-height-default wpr-particle-no wpr-jarallax-no wpr-parallax-no wpr-sticky-section-no wpr-equal-height-no\" data-id=\"91ecdad\" data-element_type=\"section\" data-e-type=\"section\">\n\t\t\t\t\t\t<div class=\"elementor-container elementor-column-gap-default\">\n\t\t\t\t\t<div class=\"elementor-column elementor-col-33 elementor-inner-column elementor-element elementor-element-a90fa8a\" data-id=\"a90fa8a\" data-element_type=\"column\" data-e-type=\"column\">\n\t\t\t<div class=\"elementor-widget-wrap elementor-element-populated\">\n\t\t\t\t\t\t<div class=\"elementor-element elementor-element-d8ca03c elementor-widget elementor-widget-image\" data-id=\"d8ca03c\" data-element_type=\"widget\" data-e-type=\"widget\" data-widget_type=\"image.default\">\n\t\t\t\t<div class=\"elementor-widget-container\">\n\t\t\t\t\t\t\t\t\t\t\t\t\t\t\t<img fetchpriority=\"high\" decoding=\"async\" width=\"204\" height=\"301\" src=\"https:\/\/afvan.com\/wp-content\/uploads\/2024\/02\/Darrere-de-la-Gare.jpg\" class=\"attachment-full size-full wp-image-3708\" alt=\"Darrere de la Gare\" \/>\t\t\t\t\t\t\t\t\t\t\t\t\t\t\t<\/div>\n\t\t\t\t<\/div>\n\t\t\t\t\t<\/div>\n\t\t<\/div>\n\t\t\t\t<div class=\"elementor-column elementor-col-33 elementor-inner-column elementor-element elementor-element-9933ca5\" data-id=\"9933ca5\" data-element_type=\"column\" data-e-type=\"column\">\n\t\t\t<div class=\"elementor-widget-wrap elementor-element-populated\">\n\t\t\t\t\t\t<div class=\"elementor-element elementor-element-4c21537 elementor-widget elementor-widget-image\" data-id=\"4c21537\" data-element_type=\"widget\" data-e-type=\"widget\" data-widget_type=\"image.default\">\n\t\t\t\t<div class=\"elementor-widget-container\">\n\t\t\t\t\t\t\t\t\t\t\t\t\t\t\t<img decoding=\"async\" width=\"423\" height=\"253\" src=\"https:\/\/afvan.com\/wp-content\/uploads\/2024\/02\/Nens-jugant-.jpg\" class=\"attachment-full size-full wp-image-3710\" alt=\"Nens jugant\" srcset=\"https:\/\/afvan.com\/wp-content\/uploads\/2024\/02\/Nens-jugant-.jpg 423w, https:\/\/afvan.com\/wp-content\/uploads\/2024\/02\/Nens-jugant--300x179.jpg 300w\" sizes=\"(max-width: 423px) 100vw, 423px\" \/>\t\t\t\t\t\t\t\t\t\t\t\t\t\t\t<\/div>\n\t\t\t\t<\/div>\n\t\t\t\t\t<\/div>\n\t\t<\/div>\n\t\t\t\t<div class=\"elementor-column elementor-col-33 elementor-inner-column elementor-element elementor-element-49bc88e\" data-id=\"49bc88e\" data-element_type=\"column\" data-e-type=\"column\">\n\t\t\t<div class=\"elementor-widget-wrap elementor-element-populated\">\n\t\t\t\t\t\t<div class=\"elementor-element elementor-element-819ff17 elementor-widget elementor-widget-image\" data-id=\"819ff17\" data-element_type=\"widget\" data-e-type=\"widget\" data-widget_type=\"image.default\">\n\t\t\t\t<div class=\"elementor-widget-container\">\n\t\t\t\t\t\t\t\t\t\t\t\t\t\t\t<img decoding=\"async\" width=\"261\" height=\"391\" src=\"https:\/\/afvan.com\/wp-content\/uploads\/2024\/02\/Rue-Mouffetard.jpg\" class=\"attachment-full size-full wp-image-3709\" alt=\"Rue Mouffetard\" srcset=\"https:\/\/afvan.com\/wp-content\/uploads\/2024\/02\/Rue-Mouffetard.jpg 261w, https:\/\/afvan.com\/wp-content\/uploads\/2024\/02\/Rue-Mouffetard-200x300.jpg 200w\" sizes=\"(max-width: 261px) 100vw, 261px\" \/>\t\t\t\t\t\t\t\t\t\t\t\t\t\t\t<\/div>\n\t\t\t\t<\/div>\n\t\t\t\t\t<\/div>\n\t\t<\/div>\n\t\t\t\t\t<\/div>\n\t\t<\/section>\n\t\t\t\t\t<\/div>\n\t\t<\/div>\n\t\t\t\t\t<\/div>\n\t\t<\/section>\n\t\t\t\t<section class=\"elementor-section elementor-top-section elementor-element elementor-element-53f2b94e elementor-section-content-middle elementor-section-boxed elementor-section-height-default elementor-section-height-default wpr-particle-no wpr-jarallax-no wpr-parallax-no wpr-sticky-section-no wpr-equal-height-no\" data-id=\"53f2b94e\" data-element_type=\"section\" data-e-type=\"section\" data-settings=\"{&quot;background_background&quot;:&quot;classic&quot;}\">\n\t\t\t\t\t\t<div class=\"elementor-container elementor-column-gap-default\">\n\t\t\t\t\t<div class=\"elementor-column elementor-col-50 elementor-top-column elementor-element elementor-element-b861148\" data-id=\"b861148\" data-element_type=\"column\" data-e-type=\"column\">\n\t\t\t<div class=\"elementor-widget-wrap elementor-element-populated\">\n\t\t\t\t\t\t<div class=\"elementor-element elementor-element-3e47716e elementor-widget elementor-widget-elementskit-heading\" data-id=\"3e47716e\" data-element_type=\"widget\" data-e-type=\"widget\" data-widget_type=\"elementskit-heading.default\">\n\t\t\t\t<div class=\"elementor-widget-container\">\n\t\t\t\t\t<div class=\"ekit-wid-con\" ><div class=\"ekit-heading elementskit-section-title-wraper text_left   ekit_heading_tablet-   ekit_heading_mobile-\"><div class=\"ekit_heading_separetor_wraper ekit_heading_elementskit-border-divider ekit-dotted\"><div class=\"elementskit-border-divider ekit-dotted\"><\/div><\/div><h2 class=\"ekit-heading--title elementskit-section-title \">El meu nom \u00e9s Henri Cartier-Bresson<\/h2>\t\t\t\t<div class='ekit-heading__description'>\n\t\t\t\t\t<p>Va n\u00e9ixer a\u00a0<a title=\"Chanteloup-en-Brie\" href=\"https:\/\/ca.wikipedia.org\/wiki\/Chanteloup-en-Brie\">Chanteloup-en-Brie<\/a>, als afores de\u00a0<a title=\"Par\u00eds\" href=\"https:\/\/ca.wikipedia.org\/wiki\/Par%C3%ADs\">Par\u00eds<\/a>, el\u00a0<a title=\"22 d'agost\" href=\"https:\/\/ca.wikipedia.org\/wiki\/22_d%27agost\">22 d'agost<\/a>\u00a0de\u00a0<a title=\"1908\" href=\"https:\/\/ca.wikipedia.org\/wiki\/1908\">1908<\/a>. Era el m\u00e9s gran de cinc germans, fill d'un ric industrial del sector t\u00e8xtil i d'una nissaga\u00a0<a title=\"Normandia\" href=\"https:\/\/ca.wikipedia.org\/wiki\/Normandia\">normanda<\/a>\u00a0de comerciants del cot\u00f3 per part de la seva mare.<\/p>\n\t\t\t\t<\/div>\n\t\t\t<\/div><\/div>\t\t\t\t<\/div>\n\t\t\t\t<\/div>\n\t\t\t\t\t<\/div>\n\t\t<\/div>\n\t\t\t\t<div class=\"elementor-column elementor-col-50 elementor-top-column elementor-element elementor-element-5a78ecc1\" data-id=\"5a78ecc1\" data-element_type=\"column\" data-e-type=\"column\">\n\t\t\t<div class=\"elementor-widget-wrap elementor-element-populated\">\n\t\t\t\t\t\t<div class=\"elementor-element elementor-element-177b4e6f elementor-widget elementor-widget-image\" data-id=\"177b4e6f\" data-element_type=\"widget\" data-e-type=\"widget\" data-widget_type=\"image.default\">\n\t\t\t\t<div class=\"elementor-widget-container\">\n\t\t\t\t\t\t\t\t\t\t\t\t\t\t\t<img loading=\"lazy\" decoding=\"async\" width=\"400\" height=\"429\" src=\"https:\/\/afvan.com\/wp-content\/uploads\/2023\/11\/Henri_Cartier-Bresson_aestheticsofphotography_small.jpg\" class=\"attachment-large size-large wp-image-3143\" alt=\"Henri_Cartier-Bresson_aestheticsofphotography_small\" srcset=\"https:\/\/afvan.com\/wp-content\/uploads\/2023\/11\/Henri_Cartier-Bresson_aestheticsofphotography_small.jpg 400w, https:\/\/afvan.com\/wp-content\/uploads\/2023\/11\/Henri_Cartier-Bresson_aestheticsofphotography_small-280x300.jpg 280w\" sizes=\"(max-width: 400px) 100vw, 400px\" \/>\t\t\t\t\t\t\t\t\t\t\t\t\t\t\t<\/div>\n\t\t\t\t<\/div>\n\t\t\t\t\t<\/div>\n\t\t<\/div>\n\t\t\t\t\t<\/div>\n\t\t<\/section>\n\t\t\t\t<section class=\"elementor-section elementor-top-section elementor-element elementor-element-515e9a11 elementor-section-full_width elementor-section-height-default elementor-section-height-default wpr-particle-no wpr-jarallax-no wpr-parallax-no wpr-sticky-section-no wpr-equal-height-no\" data-id=\"515e9a11\" data-element_type=\"section\" data-e-type=\"section\" data-settings=\"{&quot;background_background&quot;:&quot;classic&quot;}\">\n\t\t\t\t\t\t<div class=\"elementor-container elementor-column-gap-default\">\n\t\t\t\t\t<div class=\"elementor-column elementor-col-50 elementor-top-column elementor-element elementor-element-7b86ae91\" data-id=\"7b86ae91\" data-element_type=\"column\" data-e-type=\"column\" data-settings=\"{&quot;background_background&quot;:&quot;classic&quot;}\">\n\t\t\t<div class=\"elementor-widget-wrap elementor-element-populated\">\n\t\t\t\t\t\t<div class=\"elementor-element elementor-element-7d9d54a5 elementor-widget elementor-widget-image\" data-id=\"7d9d54a5\" data-element_type=\"widget\" data-e-type=\"widget\" data-widget_type=\"image.default\">\n\t\t\t\t<div class=\"elementor-widget-container\">\n\t\t\t\t\t\t\t\t\t\t\t\t\t\t\t<img loading=\"lazy\" decoding=\"async\" width=\"270\" height=\"368\" src=\"https:\/\/afvan.com\/wp-content\/uploads\/2023\/11\/Henri_Cartier-Bresson.jpg\" class=\"attachment-1536x1536 size-1536x1536 wp-image-3138\" alt=\"Henri_Cartier-Bresson\" srcset=\"https:\/\/afvan.com\/wp-content\/uploads\/2023\/11\/Henri_Cartier-Bresson.jpg 270w, https:\/\/afvan.com\/wp-content\/uploads\/2023\/11\/Henri_Cartier-Bresson-220x300.jpg 220w\" sizes=\"(max-width: 270px) 100vw, 270px\" \/>\t\t\t\t\t\t\t\t\t\t\t\t\t\t\t<\/div>\n\t\t\t\t<\/div>\n\t\t\t\t\t<\/div>\n\t\t<\/div>\n\t\t\t\t<div class=\"elementor-column elementor-col-50 elementor-top-column elementor-element elementor-element-668e46b3\" data-id=\"668e46b3\" data-element_type=\"column\" data-e-type=\"column\">\n\t\t\t<div class=\"elementor-widget-wrap elementor-element-populated\">\n\t\t\t\t\t\t<div class=\"elementor-element elementor-element-2789ca0f elementor-widget elementor-widget-elementskit-heading\" data-id=\"2789ca0f\" data-element_type=\"widget\" data-e-type=\"widget\" data-widget_type=\"elementskit-heading.default\">\n\t\t\t\t<div class=\"elementor-widget-container\">\n\t\t\t\t\t<div class=\"ekit-wid-con\" ><div class=\"ekit-heading elementskit-section-title-wraper text_left   ekit_heading_tablet-   ekit_heading_mobile-\"><h2 class=\"ekit-heading--title elementskit-section-title \">Una mica de Henri Cartier-Bresson<\/h2>\t\t\t\t<div class='ekit-heading__description'>\n\t\t\t\t\t<p>Va compartir la infantesa entre Normandia i un barri burg\u00e8s de\u00a0<a title=\"Par\u00eds\" href=\"https:\/\/ca.wikipedia.org\/wiki\/Par%C3%ADs\">Par\u00eds<\/a>\u00a0prop de\u00a0<i>Le Pont d'Europe<\/i>.<a href=\"https:\/\/ca.wikipedia.org\/wiki\/Henri_Cartier-Bresson#cite_note-1\">[1]<\/a>\u00a0En aquest context familiar no va tenir problemes econ\u00f2mics per desenvolupar projectes fotogr\u00e0fics de forma m\u00e9s c\u00f2mode que molts dels seus contemporanis. En aquest per\u00edode va aprofitar el seu temps lliure per practicar el dibuix.<\/p>\n<p>De jove va tenir una\u00a0<a title=\"Kodak Brownie\" href=\"https:\/\/ca.wikipedia.org\/wiki\/Kodak_Brownie\">Kodak Brownie<\/a>, que utilitzava per fer fotos de les vacances; m\u00e9s tard va experimentar amb una c\u00e0mera de format\u00a0<a class=\"new\" title=\"3 \u00d7 4 (encara no existeix)\" href=\"https:\/\/ca.wikipedia.org\/w\/index.php?title=3_%C3%97_4&amp;action=edit&amp;redlink=1\">3 \u00d7 4<\/a>. Es va criar en un estil tradicional de la burgesia francesa, on la forma d'adre\u00e7ar-se als seus pares era amb un formal\u00a0<i>vous<\/i>\u00a0en lloc del familiar\u00a0<i>tu<\/i>. El pare va assumir que el seu fill continuaria l'empresa familiar, per\u00f2 el jove va ser de car\u00e0cter fort i amb una posici\u00f3 que va incomodar la fam\u00edlia sobre aquest tema. Va assistir a l'<i>\u00c9cole F\u00e9nelon<\/i>, una escola cat\u00f2lica que preparava estudiants per assistir al\u00a0<i>Lyc\u00e9e Condorcet<\/i>. El seu car\u00e0cter independent li va suposar algun incident amb els responsables del col\u00b7legi per haver-lo enxampat llegint Rimbaud o\u00a0<a title=\"St\u00e9phane Mallarm\u00e9\" href=\"https:\/\/ca.wikipedia.org\/wiki\/St%C3%A9phane_Mallarm%C3%A9\">Mallarm\u00e9<\/a>.<\/p>\n<p>va ser un c\u00e8lebre\u00a0<a title=\"Fotografia\" href=\"https:\/\/ca.wikipedia.org\/wiki\/Fotografia\">fot\u00f2graf<\/a>\u00a0<a title=\"Fran\u00e7a\" href=\"https:\/\/ca.wikipedia.org\/wiki\/Fran%C3%A7a\">franc\u00e8s<\/a>\u00a0que molts consideren el pare del\u00a0<a class=\"mw-redirect\" title=\"Fotoreportatge\" href=\"https:\/\/ca.wikipedia.org\/wiki\/Fotoreportatge\">fotoreportatge<\/a>, la fotografia de carrer i la\u00a0<a class=\"new\" title=\"Fotografia natural (encara no existeix)\" href=\"https:\/\/ca.wikipedia.org\/w\/index.php?title=Fotografia_natural&amp;action=edit&amp;redlink=1\">fotografia natural<\/a>, una activitat que li va fer adoptar el format de\u00a0<a class=\"mw-redirect\" title=\"35 mm\" href=\"https:\/\/ca.wikipedia.org\/wiki\/35_mm\">35 mm<\/a>\u00a0de bell antuvi. Va defensar sempre la idea d'atrapar \u00abl'instant decisiu\u00bb, versi\u00f3 tradu\u00efda de les seves \u00ab<i>images a la sauvette\u00bb<\/i>. Es tractava, per tant, de posar el cap, l'ull i el cor en el mateix moment en el qual es desenvolupava el cl\u00edmax d'una acci\u00f3. Despr\u00e9s de fer petites incursions al moviment surrealista va fundar l'ag\u00e8ncia fotogr\u00e0fica\u00a0<i><a title=\"Ag\u00e8ncia Magnum\" href=\"https:\/\/ca.wikipedia.org\/wiki\/Ag%C3%A8ncia_Magnum\">Magnum<\/a><\/i>\u00a0amb\u00a0<a title=\"Robert Capa\" href=\"https:\/\/ca.wikipedia.org\/wiki\/Robert_Capa\">Robert Capa<\/a>,\u00a0<a title=\"David Seymour\" href=\"https:\/\/ca.wikipedia.org\/wiki\/David_Seymour\">David Seymour<\/a>\u00a0i\u00a0<a title=\"George Rodger\" href=\"https:\/\/ca.wikipedia.org\/wiki\/George_Rodger\">George Rodger<\/a>.<\/p>\n<p>Durant la seva carrera va tenir l'oportunitat de fotografiar personalitats com\u00a0<a title=\"Pablo Picasso\" href=\"https:\/\/ca.wikipedia.org\/wiki\/Pablo_Picasso\">Pablo Picasso<\/a>,\u00a0<a title=\"Henri Matisse\" href=\"https:\/\/ca.wikipedia.org\/wiki\/Henri_Matisse\">Henri Matisse<\/a>,\u00a0<a title=\"Marie Curie\" href=\"https:\/\/ca.wikipedia.org\/wiki\/Marie_Curie\">Marie Curie<\/a>,\u00a0<a class=\"mw-redirect\" title=\"Edith Piaf\" href=\"https:\/\/ca.wikipedia.org\/wiki\/Edith_Piaf\">Edith Piaf<\/a>,\u00a0<a class=\"mw-redirect\" title=\"Fidel Castro\" href=\"https:\/\/ca.wikipedia.org\/wiki\/Fidel_Castro\">Fidel Castro<\/a>\u00a0i\u00a0<a class=\"mw-redirect\" title=\"Ernesto Guevara\" href=\"https:\/\/ca.wikipedia.org\/wiki\/Ernesto_Guevara\">Ernesto Guevara<\/a>. A m\u00e9s, va cobrir importants esdeveniments com la mort de\u00a0<a title=\"Mohandas Gandhi\" href=\"https:\/\/ca.wikipedia.org\/wiki\/Mohandas_Gandhi\">Mohandas Gandhi<\/a>, la\u00a0<a title=\"Guerra Civil espanyola\" href=\"https:\/\/ca.wikipedia.org\/wiki\/Guerra_Civil_espanyola\">Guerra Civil espanyola<\/a>\u00a0o l'entrada triomfal de\u00a0<a title=\"Mao Zedong\" href=\"https:\/\/ca.wikipedia.org\/wiki\/Mao_Zedong\">Mao Zedong<\/a>\u00a0a\u00a0<a title=\"Pequ\u00edn\" href=\"https:\/\/ca.wikipedia.org\/wiki\/Pequ%C3%ADn\">Pequ\u00edn<\/a>. Cartier-Bresson va ser el primer periodista occidental que va poder visitar l'<a class=\"mw-redirect\" title=\"URSS\" href=\"https:\/\/ca.wikipedia.org\/wiki\/URSS\">URSS<\/a>\u00a0despr\u00e9s de la mort de\u00a0<a title=\"I\u00f3ssif Stalin\" href=\"https:\/\/ca.wikipedia.org\/wiki\/I%C3%B3ssif_Stalin\">Stalin<\/a>.<\/p>\n<p>\"informaci\u00f3 extreta de Wikip\u00e8dia.\"<\/p>\n\t\t\t\t<\/div>\n\t\t\t<\/div><\/div>\t\t\t\t<\/div>\n\t\t\t\t<\/div>\n\t\t\t\t\t<\/div>\n\t\t<\/div>\n\t\t\t\t\t<\/div>\n\t\t<\/section>\n\t\t<div class=\"elementor-element elementor-element-7f9698d e-flex e-con-boxed wpr-particle-no wpr-jarallax-no wpr-parallax-no wpr-sticky-section-no wpr-equal-height-no e-con e-parent\" data-id=\"7f9698d\" data-element_type=\"container\" data-e-type=\"container\">\n\t\t\t\t\t<div class=\"e-con-inner\">\n\t\t\t\t<div class=\"elementor-element elementor-element-cab525c elementor-widget elementor-widget-heading\" data-id=\"cab525c\" data-element_type=\"widget\" data-e-type=\"widget\" data-widget_type=\"heading.default\">\n\t\t\t\t<div class=\"elementor-widget-container\">\n\t\t\t\t\t<h2 class=\"elementor-heading-title elementor-size-default\">An\u00e0lisi de tres Fotografies Ic\u00f2niques<\/h2>\t\t\t\t<\/div>\n\t\t\t\t<\/div>\n\t\t\t\t\t<\/div>\n\t\t\t\t<\/div>\n\t\t<div class=\"elementor-element elementor-element-efa9ea9 e-con-full e-flex wpr-particle-no wpr-jarallax-no wpr-parallax-no wpr-sticky-section-no wpr-equal-height-no e-con e-parent\" data-id=\"efa9ea9\" data-element_type=\"container\" data-e-type=\"container\">\n\t\t<div class=\"elementor-element elementor-element-a0ceb24 e-con-full e-flex wpr-particle-no wpr-jarallax-no wpr-parallax-no wpr-sticky-section-no wpr-equal-height-no e-con e-child\" data-id=\"a0ceb24\" data-element_type=\"container\" data-e-type=\"container\">\n\t\t\t\t<div class=\"elementor-element elementor-element-6377513 ekit-equal-height-enable elementor-widget elementor-widget-elementskit-image-box\" data-id=\"6377513\" data-element_type=\"widget\" data-e-type=\"widget\" data-widget_type=\"elementskit-image-box.default\">\n\t\t\t\t<div class=\"elementor-widget-container\">\n\t\t\t\t\t<div class=\"ekit-wid-con\" >\n            <div class=\"elementskit-info-image-box ekit-image-box text-center style-sideline\" >\n\n                \n                <div class=\"elementskit-box-header image-box-img-center\">\n\n                    <img fetchpriority=\"high\" decoding=\"async\" width=\"204\" height=\"301\" src=\"https:\/\/afvan.com\/wp-content\/uploads\/2024\/02\/Darrere-de-la-Gare.jpg\" class=\"attachment-full size-full wp-image-3708\" alt=\"Darrere de la Gare\" \/>\n                <\/div>\n                \n                <div class=\"elementskit-box-body ekit-image-box-body\">\n                    <div class=\"elementskit-box-content ekit-image-box-body-inner\">\n                                                <h4 class=\"elementskit-info-box-title\">\n\n                        Darrere de la \u201cGare Saint-Lazare\u201d\n                        \n                    <\/h4>\n                                                            <div class=\"elementskit-box-style-content\">\n                        Darrere de la \u201cGare Saint-Lazare\u201d \u00e9s una fotografia presa per Henri Cartier-Bresson en l\u2019any 1932.                     <\/div>\n                                    <\/div>\n\n                                <div class=\"elementskit-box-footer\">\n                    <div class=\"box-footer\">\n                        <div class=\"btn-wraper\">\n                                                            <a href=\"https:\/\/afvan.com\/index.php\/darrere-de-la-gare\/\" class=\"elementskit-btn whitespace--normal\">\n                                    seguir llegint..                                <\/a>\n                                                    <\/div>\n                    <\/div>\n                <\/div>\n                            <\/div>\n            <\/div>\n    <\/div>\t\t\t\t<\/div>\n\t\t\t\t<\/div>\n\t\t\t\t<\/div>\n\t\t<div class=\"elementor-element elementor-element-dff6b65 e-con-full e-flex wpr-particle-no wpr-jarallax-no wpr-parallax-no wpr-sticky-section-no wpr-equal-height-no e-con e-child\" data-id=\"dff6b65\" data-element_type=\"container\" data-e-type=\"container\">\n\t\t\t\t<div class=\"elementor-element elementor-element-4ca0f75 ekit-equal-height-enable elementor-widget elementor-widget-elementskit-image-box\" data-id=\"4ca0f75\" data-element_type=\"widget\" data-e-type=\"widget\" data-widget_type=\"elementskit-image-box.default\">\n\t\t\t\t<div class=\"elementor-widget-container\">\n\t\t\t\t\t<div class=\"ekit-wid-con\" >\n            <div class=\"elementskit-info-image-box ekit-image-box text-center style-sideline\" >\n\n                \n                <div class=\"elementskit-box-header image-box-img-center\">\n\n                    <img decoding=\"async\" width=\"261\" height=\"391\" src=\"https:\/\/afvan.com\/wp-content\/uploads\/2024\/02\/Rue-Mouffetard.jpg\" class=\"attachment-full size-full wp-image-3709\" alt=\"Rue Mouffetard\" srcset=\"https:\/\/afvan.com\/wp-content\/uploads\/2024\/02\/Rue-Mouffetard.jpg 261w, https:\/\/afvan.com\/wp-content\/uploads\/2024\/02\/Rue-Mouffetard-200x300.jpg 200w\" sizes=\"(max-width: 261px) 100vw, 261px\" \/>\n                <\/div>\n                \n                <div class=\"elementskit-box-body ekit-image-box-body\">\n                    <div class=\"elementskit-box-content ekit-image-box-body-inner\">\n                                                <h4 class=\"elementskit-info-box-title\">\n\n                        \"Rue Mouffetard\" \n                        \n                    <\/h4>\n                                                            <div class=\"elementskit-box-style-content\">\n                        Henri Cartier-Bresson va fer en 1954 aquesta magnifica foto que hauria de representar el passat, el present i el futur del vi.                     <\/div>\n                                    <\/div>\n\n                                <div class=\"elementskit-box-footer\">\n                    <div class=\"box-footer\">\n                        <div class=\"btn-wraper\">\n                                                            <a href=\"https:\/\/afvan.com\/index.php\/rue-mouffetard\/\" class=\"elementskit-btn whitespace--normal\">\n                                    seguir llegint..                                <\/a>\n                                                    <\/div>\n                    <\/div>\n                <\/div>\n                            <\/div>\n            <\/div>\n    <\/div>\t\t\t\t<\/div>\n\t\t\t\t<\/div>\n\t\t\t\t<\/div>\n\t\t<div class=\"elementor-element elementor-element-d6659c8 e-con-full e-flex wpr-particle-no wpr-jarallax-no wpr-parallax-no wpr-sticky-section-no wpr-equal-height-no e-con e-child\" data-id=\"d6659c8\" data-element_type=\"container\" data-e-type=\"container\">\n\t\t\t\t<div class=\"elementor-element elementor-element-cefc49d ekit-equal-height-enable elementor-widget elementor-widget-elementskit-image-box\" data-id=\"cefc49d\" data-element_type=\"widget\" data-e-type=\"widget\" data-widget_type=\"elementskit-image-box.default\">\n\t\t\t\t<div class=\"elementor-widget-container\">\n\t\t\t\t\t<div class=\"ekit-wid-con\" >\n            <div class=\"elementskit-info-image-box ekit-image-box text-center style-sideline\" >\n\n                \n                <div class=\"elementskit-box-header image-box-img-center\">\n\n                    <img decoding=\"async\" width=\"423\" height=\"253\" src=\"https:\/\/afvan.com\/wp-content\/uploads\/2024\/02\/Nens-jugant-.jpg\" class=\"attachment-full size-full wp-image-3710\" alt=\"Nens jugant\" srcset=\"https:\/\/afvan.com\/wp-content\/uploads\/2024\/02\/Nens-jugant-.jpg 423w, https:\/\/afvan.com\/wp-content\/uploads\/2024\/02\/Nens-jugant--300x179.jpg 300w\" sizes=\"(max-width: 423px) 100vw, 423px\" \/>\n                <\/div>\n                \n                <div class=\"elementskit-box-body ekit-image-box-body\">\n                    <div class=\"elementskit-box-content ekit-image-box-body-inner\">\n                                                <h4 class=\"elementskit-info-box-title\">\n\n                        \"Nens jugant entre ru\u00efnes\u201d \u2013 Sevilla (Espanya).\n                        \n                    <\/h4>\n                                                            <div class=\"elementskit-box-style-content\">\n                        En l\u2019any 1932, Henri Cartier-Bresson va emprendre una gira pel sud d'Europa i el Magreb; aquest viatge va esdevenir una gira formativa que va establir les regles de l'art no sols per al fot\u00f2graf de 25 anys, sin\u00f3 tamb\u00e9 per a un segle de fotoperiodistes que el van seguir.                    <\/div>\n                                    <\/div>\n\n                                <div class=\"elementskit-box-footer\">\n                    <div class=\"box-footer\">\n                        <div class=\"btn-wraper\">\n                                                            <a href=\"https:\/\/afvan.com\/index.php\/nens-jugant-entre-ruines-sevilla-espanya\/\" class=\"elementskit-btn whitespace--normal\">\n                                    seguir llegint..                                <\/a>\n                                                    <\/div>\n                    <\/div>\n                <\/div>\n                            <\/div>\n            <\/div>\n    <\/div>\t\t\t\t<\/div>\n\t\t\t\t<\/div>\n\t\t\t\t<\/div>\n\t\t\t\t<\/div>\n\t\t<div class=\"elementor-element elementor-element-ecece29 e-flex e-con-boxed wpr-particle-no wpr-jarallax-no wpr-parallax-no wpr-sticky-section-no wpr-equal-height-no e-con e-parent\" data-id=\"ecece29\" data-element_type=\"container\" data-e-type=\"container\" data-settings=\"{&quot;background_background&quot;:&quot;classic&quot;}\">\n\t\t\t\t\t<div class=\"e-con-inner\">\n\t\t\t\t<div class=\"elementor-element elementor-element-fa5c342 elementor-widget elementor-widget-heading\" data-id=\"fa5c342\" data-element_type=\"widget\" data-e-type=\"widget\" data-widget_type=\"heading.default\">\n\t\t\t\t<div class=\"elementor-widget-container\">\n\t\t\t\t\t<h2 class=\"elementor-heading-title elementor-size-default\">Petita Mostra<\/h2>\t\t\t\t<\/div>\n\t\t\t\t<\/div>\n\t\t\t\t<div class=\"elementor-element elementor-element-8724906 elementor-widget elementor-widget-gallery\" data-id=\"8724906\" data-element_type=\"widget\" data-e-type=\"widget\" data-settings=\"{&quot;gallery_layout&quot;:&quot;justified&quot;,&quot;ideal_row_height&quot;:{&quot;unit&quot;:&quot;px&quot;,&quot;size&quot;:300,&quot;sizes&quot;:[]},&quot;gap&quot;:{&quot;unit&quot;:&quot;px&quot;,&quot;size&quot;:18,&quot;sizes&quot;:[]},&quot;lazyload&quot;:&quot;yes&quot;,&quot;ideal_row_height_tablet&quot;:{&quot;unit&quot;:&quot;px&quot;,&quot;size&quot;:150,&quot;sizes&quot;:[]},&quot;ideal_row_height_mobile&quot;:{&quot;unit&quot;:&quot;px&quot;,&quot;size&quot;:150,&quot;sizes&quot;:[]},&quot;gap_tablet&quot;:{&quot;unit&quot;:&quot;px&quot;,&quot;size&quot;:10,&quot;sizes&quot;:[]},&quot;gap_mobile&quot;:{&quot;unit&quot;:&quot;px&quot;,&quot;size&quot;:10,&quot;sizes&quot;:[]},&quot;overlay_background&quot;:&quot;yes&quot;,&quot;content_hover_animation&quot;:&quot;fade-in&quot;}\" data-widget_type=\"gallery.default\">\n\t\t\t\t<div class=\"elementor-widget-container\">\n\t\t\t\t\t\t\t<div class=\"elementor-gallery__container\">\n\t\t\t\t\t\t\t<div class=\"e-gallery-item elementor-gallery-item elementor-animated-content\">\n\t\t\t\t\t<div class=\"e-gallery-image elementor-gallery-item__image\" data-thumbnail=\"https:\/\/afvan.com\/wp-content\/uploads\/2024\/02\/HCB-Autorretrat-1024x922.jpeg\" data-width=\"1024\" data-height=\"922\" aria-label=\"HCB Autorretrat\" role=\"img\" ><\/div>\n\t\t\t\t\t\t\t\t\t\t\t<div class=\"elementor-gallery-item__overlay\"><\/div>\n\t\t\t\t\t\t\t\t\t\t\t\t\t\t<\/div>\n\t\t\t\t\t\t\t<div class=\"e-gallery-item elementor-gallery-item elementor-animated-content\">\n\t\t\t\t\t<div class=\"e-gallery-image elementor-gallery-item__image\" data-thumbnail=\"https:\/\/afvan.com\/wp-content\/uploads\/2024\/02\/Rue-Mouffetard.jpg\" data-width=\"261\" data-height=\"391\" aria-label=\"Rue Mouffetard\" role=\"img\" ><\/div>\n\t\t\t\t\t\t\t\t\t\t\t<div class=\"elementor-gallery-item__overlay\"><\/div>\n\t\t\t\t\t\t\t\t\t\t\t\t\t\t<\/div>\n\t\t\t\t\t\t\t<div class=\"e-gallery-item elementor-gallery-item elementor-animated-content\">\n\t\t\t\t\t<div class=\"e-gallery-image elementor-gallery-item__image\" data-thumbnail=\"https:\/\/afvan.com\/wp-content\/uploads\/2023\/11\/Henri_Cartier-Bresson_aestheticsofphotography_small.jpg\" data-width=\"400\" data-height=\"429\" aria-label=\"Henri_Cartier-Bresson_aestheticsofphotography_small\" role=\"img\" ><\/div>\n\t\t\t\t\t\t\t\t\t\t\t<div class=\"elementor-gallery-item__overlay\"><\/div>\n\t\t\t\t\t\t\t\t\t\t\t\t\t\t<\/div>\n\t\t\t\t\t\t\t<div class=\"e-gallery-item elementor-gallery-item elementor-animated-content\">\n\t\t\t\t\t<div class=\"e-gallery-image elementor-gallery-item__image\" data-thumbnail=\"https:\/\/afvan.com\/wp-content\/uploads\/2024\/02\/Darrere-de-la-Gare.jpg\" data-width=\"204\" data-height=\"301\" aria-label=\"Darrere de la Gare\" role=\"img\" ><\/div>\n\t\t\t\t\t\t\t\t\t\t\t<div class=\"elementor-gallery-item__overlay\"><\/div>\n\t\t\t\t\t\t\t\t\t\t\t\t\t\t<\/div>\n\t\t\t\t\t\t\t<div class=\"e-gallery-item elementor-gallery-item elementor-animated-content\">\n\t\t\t\t\t<div class=\"e-gallery-image elementor-gallery-item__image\" data-thumbnail=\"https:\/\/afvan.com\/wp-content\/uploads\/2024\/02\/Nens-jugant-.jpg\" data-width=\"423\" data-height=\"253\" aria-label=\"Nens jugant\" role=\"img\" ><\/div>\n\t\t\t\t\t\t\t\t\t\t\t<div class=\"elementor-gallery-item__overlay\"><\/div>\n\t\t\t\t\t\t\t\t\t\t\t\t\t\t<\/div>\n\t\t\t\t\t\t\t<div class=\"e-gallery-item elementor-gallery-item elementor-animated-content\">\n\t\t\t\t\t<div class=\"e-gallery-image elementor-gallery-item__image\" data-thumbnail=\"https:\/\/afvan.com\/wp-content\/uploads\/2023\/11\/Henri_Cartier-Bresson.jpg\" data-width=\"270\" data-height=\"368\" aria-label=\"Henri_Cartier-Bresson\" role=\"img\" ><\/div>\n\t\t\t\t\t\t\t\t\t\t\t<div class=\"elementor-gallery-item__overlay\"><\/div>\n\t\t\t\t\t\t\t\t\t\t\t\t\t\t<\/div>\n\t\t\t\t\t<\/div>\n\t\t\t\t\t<\/div>\n\t\t\t\t<\/div>\n\t\t\t\t\t<\/div>\n\t\t\t\t<\/div>\n\t\t\t\t<\/div>\n\t\t","protected":false},"excerpt":{"rendered":"<p>Aquest mes coneixem a: Henri Cartier-Bresson Henri Georges Cartier-Bresson El meu nom \u00e9s Henri Cartier-Bresson Va n\u00e9ixer a\u00a0Chanteloup-en-Brie, als afores de\u00a0Par\u00eds, el\u00a022 d&#8217;agost\u00a0de\u00a01908. Era el m\u00e9s gran de cinc germans, fill d&#8217;un ric industrial del sector t\u00e8xtil i d&#8217;una nissaga\u00a0normanda\u00a0de comerciants del cot\u00f3 per part de la seva mare. Una mica de Henri Cartier-Bresson Va compartir la infantesa entre Normandia i un barri burg\u00e8s de\u00a0Par\u00eds\u00a0prop de\u00a0Le Pont d&#8217;Europe.[1]\u00a0En aquest context familiar no va tenir problemes econ\u00f2mics per desenvolupar projectes fotogr\u00e0fics de forma m\u00e9s c\u00f2mode que molts dels seus contemporanis. En aquest per\u00edode va aprofitar el seu temps lliure per practicar el dibuix. De jove va tenir una\u00a0Kodak Brownie, que utilitzava per fer fotos de les vacances; m\u00e9s tard va experimentar amb una c\u00e0mera de format\u00a03 \u00d7 4. Es va criar en un estil tradicional de la burgesia francesa, on la forma d&#8217;adre\u00e7ar-se als seus pares era amb un formal\u00a0vous\u00a0en lloc del familiar\u00a0tu. El pare va assumir que el seu fill continuaria l&#8217;empresa familiar, per\u00f2 el jove va ser de car\u00e0cter fort i amb una posici\u00f3 que va incomodar la fam\u00edlia sobre aquest tema. Va assistir a l&#8217;\u00c9cole F\u00e9nelon, una escola cat\u00f2lica que preparava estudiants per assistir al\u00a0Lyc\u00e9e Condorcet. El seu car\u00e0cter independent li va suposar algun incident amb els responsables del col\u00b7legi per haver-lo enxampat llegint Rimbaud o\u00a0Mallarm\u00e9. va ser un c\u00e8lebre\u00a0fot\u00f2graf\u00a0franc\u00e8s\u00a0que molts consideren el pare del\u00a0fotoreportatge, la fotografia de carrer i la\u00a0fotografia natural, una activitat que li va fer adoptar el format de\u00a035 mm\u00a0de bell antuvi. Va defensar sempre la idea d&#8217;atrapar \u00abl&#8217;instant decisiu\u00bb, versi\u00f3 tradu\u00efda de les seves \u00abimages a la sauvette\u00bb. Es tractava, per tant, de posar el cap, l&#8217;ull i el cor en el mateix moment en el qual es desenvolupava el cl\u00edmax d&#8217;una acci\u00f3. Despr\u00e9s de fer petites incursions al moviment surrealista va fundar l&#8217;ag\u00e8ncia fotogr\u00e0fica\u00a0Magnum\u00a0amb\u00a0Robert Capa,\u00a0David Seymour\u00a0i\u00a0George Rodger. Durant la seva carrera va tenir l&#8217;oportunitat de fotografiar personalitats com\u00a0Pablo Picasso,\u00a0Henri Matisse,\u00a0Marie Curie,\u00a0Edith Piaf,\u00a0Fidel Castro\u00a0i\u00a0Ernesto Guevara. A m\u00e9s, va cobrir importants esdeveniments com la mort de\u00a0Mohandas Gandhi, la\u00a0Guerra Civil espanyola\u00a0o l&#8217;entrada triomfal de\u00a0Mao Zedong\u00a0a\u00a0Pequ\u00edn. Cartier-Bresson va ser el primer periodista occidental que va poder visitar l&#8217;URSS\u00a0despr\u00e9s de la mort de\u00a0Stalin. &#8220;informaci\u00f3 extreta de Wikip\u00e8dia.&#8221; An\u00e0lisi de tres Fotografies Ic\u00f2niques Darrere de la \u201cGare Saint-Lazare\u201d Darrere de la \u201cGare Saint-Lazare\u201d \u00e9s una fotografia presa per Henri Cartier-Bresson en l\u2019any 1932. seguir llegint.. &#8220;Rue Mouffetard&#8221; Henri Cartier-Bresson va fer en 1954 aquesta magnifica foto que hauria de representar el passat, el present i el futur del vi. seguir llegint.. &#8220;Nens jugant entre ru\u00efnes\u201d \u2013 Sevilla (Espanya). En l\u2019any 1932, Henri Cartier-Bresson va emprendre una gira pel sud d&#8217;Europa i el Magreb; aquest viatge va esdevenir una gira formativa que va establir les regles de l&#8217;art no sols per al fot\u00f2graf de 25 anys, sin\u00f3 tamb\u00e9 per a un segle de fotoperiodistes que el van seguir. seguir llegint.. Petita Mostra<\/p>\n","protected":false},"author":1,"featured_media":0,"parent":0,"menu_order":0,"comment_status":"closed","ping_status":"closed","template":"","meta":{"site-sidebar-layout":"no-sidebar","site-content-layout":"page-builder","ast-site-content-layout":"full-width-container","site-content-style":"default","site-sidebar-style":"default","ast-global-header-display":"","ast-banner-title-visibility":"","ast-main-header-display":"","ast-hfb-above-header-display":"","ast-hfb-below-header-display":"","ast-hfb-mobile-header-display":"","site-post-title":"disabled","ast-breadcrumbs-content":"","ast-featured-img":"disabled","footer-sml-layout":"","ast-disable-related-posts":"","theme-transparent-header-meta":"","adv-header-id-meta":"","stick-header-meta":"","header-above-stick-meta":"","header-main-stick-meta":"","header-below-stick-meta":"","astra-migrate-meta-layouts":"set","ast-page-background-enabled":"default","ast-page-background-meta":{"desktop":{"background-color":"var(--ast-global-color-4)","background-image":"","background-repeat":"repeat","background-position":"center center","background-size":"auto","background-attachment":"scroll","background-type":"","background-media":"","overlay-type":"","overlay-color":"","overlay-opacity":"","overlay-gradient":""},"tablet":{"background-color":"","background-image":"","background-repeat":"repeat","background-position":"center center","background-size":"auto","background-attachment":"scroll","background-type":"","background-media":"","overlay-type":"","overlay-color":"","overlay-opacity":"","overlay-gradient":""},"mobile":{"background-color":"","background-image":"","background-repeat":"repeat","background-position":"center center","background-size":"auto","background-attachment":"scroll","background-type":"","background-media":"","overlay-type":"","overlay-color":"","overlay-opacity":"","overlay-gradient":""}},"ast-content-background-meta":{"desktop":{"background-color":"var(--ast-global-color-5)","background-image":"","background-repeat":"repeat","background-position":"center center","background-size":"auto","background-attachment":"scroll","background-type":"","background-media":"","overlay-type":"","overlay-color":"","overlay-opacity":"","overlay-gradient":""},"tablet":{"background-color":"var(--ast-global-color-5)","background-image":"","background-repeat":"repeat","background-position":"center center","background-size":"auto","background-attachment":"scroll","background-type":"","background-media":"","overlay-type":"","overlay-color":"","overlay-opacity":"","overlay-gradient":""},"mobile":{"background-color":"var(--ast-global-color-5)","background-image":"","background-repeat":"repeat","background-position":"center center","background-size":"auto","background-attachment":"scroll","background-type":"","background-media":"","overlay-type":"","overlay-color":"","overlay-opacity":"","overlay-gradient":""}},"footnotes":""},"class_list":["post-3635","page","type-page","status-publish","hentry"],"aioseo_notices":[],"a3_pvc":{"activated":false,"total_views":0,"today_views":0},"_links":{"self":[{"href":"https:\/\/afvan.com\/index.php\/wp-json\/wp\/v2\/pages\/3635","targetHints":{"allow":["GET"]}}],"collection":[{"href":"https:\/\/afvan.com\/index.php\/wp-json\/wp\/v2\/pages"}],"about":[{"href":"https:\/\/afvan.com\/index.php\/wp-json\/wp\/v2\/types\/page"}],"author":[{"embeddable":true,"href":"https:\/\/afvan.com\/index.php\/wp-json\/wp\/v2\/users\/1"}],"replies":[{"embeddable":true,"href":"https:\/\/afvan.com\/index.php\/wp-json\/wp\/v2\/comments?post=3635"}],"version-history":[{"count":37,"href":"https:\/\/afvan.com\/index.php\/wp-json\/wp\/v2\/pages\/3635\/revisions"}],"predecessor-version":[{"id":3888,"href":"https:\/\/afvan.com\/index.php\/wp-json\/wp\/v2\/pages\/3635\/revisions\/3888"}],"wp:attachment":[{"href":"https:\/\/afvan.com\/index.php\/wp-json\/wp\/v2\/media?parent=3635"}],"curies":[{"name":"wp","href":"https:\/\/api.w.org\/{rel}","templated":true}]}}