{"id":4339,"date":"2024-03-26T08:57:33","date_gmt":"2024-03-26T07:57:33","guid":{"rendered":"https:\/\/afvan.com\/?page_id=4339"},"modified":"2024-04-02T19:04:06","modified_gmt":"2024-04-02T18:04:06","slug":"sebastiao-salgado","status":"publish","type":"page","link":"https:\/\/afvan.com\/index.php\/sebastiao-salgado\/","title":{"rendered":"Sebastiao Salgado"},"content":{"rendered":"\t\t<div data-elementor-type=\"wp-page\" data-elementor-id=\"4339\" class=\"elementor elementor-4339\" data-elementor-post-type=\"page\">\n\t\t\t\t\t\t<section class=\"elementor-section elementor-top-section elementor-element elementor-element-517909ab elementor-section-full_width elementor-section-height-min-height elementor-section-height-default elementor-section-items-middle wpr-particle-no wpr-jarallax-no wpr-parallax-no wpr-sticky-section-no wpr-equal-height-no\" data-id=\"517909ab\" data-element_type=\"section\" data-e-type=\"section\" data-settings=\"{&quot;background_background&quot;:&quot;classic&quot;}\">\n\t\t\t\t\t\t<div class=\"elementor-container elementor-column-gap-default\">\n\t\t\t\t\t<div class=\"elementor-column elementor-col-100 elementor-top-column elementor-element elementor-element-7d6fd1ad\" data-id=\"7d6fd1ad\" data-element_type=\"column\" data-e-type=\"column\">\n\t\t\t<div class=\"elementor-widget-wrap elementor-element-populated\">\n\t\t\t\t\t\t<section class=\"elementor-section elementor-inner-section elementor-element elementor-element-c94bc05 elementor-section-full_width elementor-section-height-default elementor-section-height-default wpr-particle-no wpr-jarallax-no wpr-parallax-no wpr-sticky-section-no wpr-equal-height-no\" data-id=\"c94bc05\" data-element_type=\"section\" data-e-type=\"section\">\n\t\t\t\t\t\t<div class=\"elementor-container elementor-column-gap-default\">\n\t\t\t\t\t<div class=\"elementor-column elementor-col-100 elementor-inner-column elementor-element elementor-element-7c6d8e93\" data-id=\"7c6d8e93\" data-element_type=\"column\" data-e-type=\"column\" data-settings=\"{&quot;background_background&quot;:&quot;classic&quot;}\">\n\t\t\t<div class=\"elementor-widget-wrap elementor-element-populated\">\n\t\t\t\t\t\t<div class=\"elementor-element elementor-element-1fb6e513 elementor-widget elementor-widget-elementskit-heading\" data-id=\"1fb6e513\" data-element_type=\"widget\" data-e-type=\"widget\" data-widget_type=\"elementskit-heading.default\">\n\t\t\t\t<div class=\"elementor-widget-container\">\n\t\t\t\t\t<div class=\"ekit-wid-con\" ><div class=\"ekit-heading elementskit-section-title-wraper text_left   ekit_heading_tablet-   ekit_heading_mobile-\"><h3 class=\"elementskit-section-subtitle  \">\n\t\t\t\t\t\tAquest mes coneixem a:\n\t\t\t\t\t<\/h3><h1 class=\"ekit-heading--title elementskit-section-title  ekit-heading__title-has-border start\">Sebasti\u00e3o Salgado<\/h1>\t\t\t\t<div class='ekit-heading__description'>\n\t\t\t\t\t<p>Sebasti\u00e3o Salgado<\/p>\n\t\t\t\t<\/div>\n\t\t\t<\/div><\/div>\t\t\t\t<\/div>\n\t\t\t\t<\/div>\n\t\t\t\t\t<\/div>\n\t\t<\/div>\n\t\t\t\t\t<\/div>\n\t\t<\/section>\n\t\t\t\t\t<\/div>\n\t\t<\/div>\n\t\t\t\t\t<\/div>\n\t\t<\/section>\n\t\t\t\t<section class=\"elementor-section elementor-top-section elementor-element elementor-element-3c2b1964 elementor-section-full_width elementor-section-height-default elementor-section-height-default wpr-particle-no wpr-jarallax-no wpr-parallax-no wpr-sticky-section-no wpr-equal-height-no\" data-id=\"3c2b1964\" data-element_type=\"section\" data-e-type=\"section\" data-settings=\"{&quot;background_background&quot;:&quot;classic&quot;}\">\n\t\t\t\t\t\t<div class=\"elementor-container elementor-column-gap-default\">\n\t\t\t\t\t<div class=\"elementor-column elementor-col-100 elementor-top-column elementor-element elementor-element-fb63476\" data-id=\"fb63476\" data-element_type=\"column\" data-e-type=\"column\">\n\t\t\t<div class=\"elementor-widget-wrap elementor-element-populated\">\n\t\t\t\t\t\t<section class=\"elementor-section elementor-inner-section elementor-element elementor-element-91ecdad elementor-section-boxed elementor-section-height-default elementor-section-height-default wpr-particle-no wpr-jarallax-no wpr-parallax-no wpr-sticky-section-no wpr-equal-height-no\" data-id=\"91ecdad\" data-element_type=\"section\" data-e-type=\"section\">\n\t\t\t\t\t\t<div class=\"elementor-container elementor-column-gap-default\">\n\t\t\t\t\t<div class=\"elementor-column elementor-col-33 elementor-inner-column elementor-element elementor-element-a90fa8a\" data-id=\"a90fa8a\" data-element_type=\"column\" data-e-type=\"column\">\n\t\t\t<div class=\"elementor-widget-wrap elementor-element-populated\">\n\t\t\t\t\t\t<div class=\"elementor-element elementor-element-d8ca03c elementor-widget elementor-widget-image\" data-id=\"d8ca03c\" data-element_type=\"widget\" data-e-type=\"widget\" data-widget_type=\"image.default\">\n\t\t\t\t<div class=\"elementor-widget-container\">\n\t\t\t\t\t\t\t\t\t\t\t\t\t\t\t<img fetchpriority=\"high\" decoding=\"async\" width=\"880\" height=\"644\" src=\"https:\/\/afvan.com\/wp-content\/uploads\/2024\/03\/sebastiano-salgado-photography-1__880.jpg\" class=\"attachment-full size-full wp-image-4344\" alt=\"\" srcset=\"https:\/\/afvan.com\/wp-content\/uploads\/2024\/03\/sebastiano-salgado-photography-1__880.jpg 880w, https:\/\/afvan.com\/wp-content\/uploads\/2024\/03\/sebastiano-salgado-photography-1__880-300x220.jpg 300w, https:\/\/afvan.com\/wp-content\/uploads\/2024\/03\/sebastiano-salgado-photography-1__880-768x562.jpg 768w\" sizes=\"(max-width: 880px) 100vw, 880px\" \/>\t\t\t\t\t\t\t\t\t\t\t\t\t\t\t<\/div>\n\t\t\t\t<\/div>\n\t\t\t\t\t<\/div>\n\t\t<\/div>\n\t\t\t\t<div class=\"elementor-column elementor-col-33 elementor-inner-column elementor-element elementor-element-9933ca5\" data-id=\"9933ca5\" data-element_type=\"column\" data-e-type=\"column\">\n\t\t\t<div class=\"elementor-widget-wrap elementor-element-populated\">\n\t\t\t\t\t\t<div class=\"elementor-element elementor-element-4c21537 elementor-widget elementor-widget-image\" data-id=\"4c21537\" data-element_type=\"widget\" data-e-type=\"widget\" data-widget_type=\"image.default\">\n\t\t\t\t<div class=\"elementor-widget-container\">\n\t\t\t\t\t\t\t\t\t\t\t\t\t\t\t<img decoding=\"async\" width=\"1024\" height=\"668\" src=\"https:\/\/afvan.com\/wp-content\/uploads\/2024\/03\/salgado_0009-1024x668-1.jpg\" class=\"attachment-full size-full wp-image-4345\" alt=\"Mina de oro\" srcset=\"https:\/\/afvan.com\/wp-content\/uploads\/2024\/03\/salgado_0009-1024x668-1.jpg 1024w, https:\/\/afvan.com\/wp-content\/uploads\/2024\/03\/salgado_0009-1024x668-1-300x196.jpg 300w, https:\/\/afvan.com\/wp-content\/uploads\/2024\/03\/salgado_0009-1024x668-1-768x501.jpg 768w\" sizes=\"(max-width: 1024px) 100vw, 1024px\" \/>\t\t\t\t\t\t\t\t\t\t\t\t\t\t\t<\/div>\n\t\t\t\t<\/div>\n\t\t\t\t\t<\/div>\n\t\t<\/div>\n\t\t\t\t<div class=\"elementor-column elementor-col-33 elementor-inner-column elementor-element elementor-element-49bc88e\" data-id=\"49bc88e\" data-element_type=\"column\" data-e-type=\"column\">\n\t\t\t<div class=\"elementor-widget-wrap elementor-element-populated\">\n\t\t\t\t\t\t<div class=\"elementor-element elementor-element-819ff17 elementor-widget elementor-widget-image\" data-id=\"819ff17\" data-element_type=\"widget\" data-e-type=\"widget\" data-widget_type=\"image.default\">\n\t\t\t\t<div class=\"elementor-widget-container\">\n\t\t\t\t\t\t\t\t\t\t\t\t\t\t\t<img decoding=\"async\" width=\"1200\" height=\"802\" src=\"https:\/\/afvan.com\/wp-content\/uploads\/2024\/03\/canon_pro_sebastiao_salgado_1.jpeg\" class=\"attachment-full size-full wp-image-4347\" alt=\"Kuwait\" srcset=\"https:\/\/afvan.com\/wp-content\/uploads\/2024\/03\/canon_pro_sebastiao_salgado_1.jpeg 1200w, https:\/\/afvan.com\/wp-content\/uploads\/2024\/03\/canon_pro_sebastiao_salgado_1-300x201.jpeg 300w, https:\/\/afvan.com\/wp-content\/uploads\/2024\/03\/canon_pro_sebastiao_salgado_1-1024x684.jpeg 1024w, https:\/\/afvan.com\/wp-content\/uploads\/2024\/03\/canon_pro_sebastiao_salgado_1-768x513.jpeg 768w\" sizes=\"(max-width: 1200px) 100vw, 1200px\" \/>\t\t\t\t\t\t\t\t\t\t\t\t\t\t\t<\/div>\n\t\t\t\t<\/div>\n\t\t\t\t\t<\/div>\n\t\t<\/div>\n\t\t\t\t\t<\/div>\n\t\t<\/section>\n\t\t\t\t\t<\/div>\n\t\t<\/div>\n\t\t\t\t\t<\/div>\n\t\t<\/section>\n\t\t\t\t<section class=\"elementor-section elementor-top-section elementor-element elementor-element-53f2b94e elementor-section-content-middle elementor-section-boxed elementor-section-height-default elementor-section-height-default wpr-particle-no wpr-jarallax-no wpr-parallax-no wpr-sticky-section-no wpr-equal-height-no\" data-id=\"53f2b94e\" data-element_type=\"section\" data-e-type=\"section\" data-settings=\"{&quot;background_background&quot;:&quot;classic&quot;}\">\n\t\t\t\t\t\t<div class=\"elementor-container elementor-column-gap-default\">\n\t\t\t\t\t<div class=\"elementor-column elementor-col-50 elementor-top-column elementor-element elementor-element-b861148\" data-id=\"b861148\" data-element_type=\"column\" data-e-type=\"column\">\n\t\t\t<div class=\"elementor-widget-wrap elementor-element-populated\">\n\t\t\t\t\t\t<div class=\"elementor-element elementor-element-3e47716e elementor-widget elementor-widget-elementskit-heading\" data-id=\"3e47716e\" data-element_type=\"widget\" data-e-type=\"widget\" data-widget_type=\"elementskit-heading.default\">\n\t\t\t\t<div class=\"elementor-widget-container\">\n\t\t\t\t\t<div class=\"ekit-wid-con\" ><div class=\"ekit-heading elementskit-section-title-wraper text_left   ekit_heading_tablet-   ekit_heading_mobile-\"><div class=\"ekit_heading_separetor_wraper ekit_heading_elementskit-border-divider ekit-dotted\"><div class=\"elementskit-border-divider ekit-dotted\"><\/div><\/div><h2 class=\"ekit-heading--title elementskit-section-title \">El meu nom \u00e9s Sebasti\u00e3o Salgado<\/h2>\t\t\t\t<div class='ekit-heading__description'>\n\t\t\t\t\t<p>(<a class=\"mw-redirect\" title=\"Aimor\u00e9s\" href=\"https:\/\/ca.wikipedia.org\/wiki\/Aimor%C3%A9s\">Aimor\u00e9s<\/a>,\u00a0<a title=\"Minas Gerais\" href=\"https:\/\/ca.wikipedia.org\/wiki\/Minas_Gerais\">Minas Gerais<\/a>, 8 de febrer de\u00a0<a title=\"1944\" href=\"https:\/\/ca.wikipedia.org\/wiki\/1944\">1944<\/a>) \u00e9s un\u00a0<a class=\"mw-redirect\" title=\"Fotoperiodista\" href=\"https:\/\/ca.wikipedia.org\/wiki\/Fotoperiodista\">fotoperiodista<\/a>\u00a0<a class=\"mw-redirect\" title=\"Brasiler\" href=\"https:\/\/ca.wikipedia.org\/wiki\/Brasiler\">brasiler<\/a>,<a href=\"https:\/\/ca.wikipedia.org\/wiki\/Sebasti%C3%A3o_Salgado#cite_note-guardian-1\">[1]<\/a><a href=\"https:\/\/ca.wikipedia.org\/wiki\/Sebasti%C3%A3o_Salgado#cite_note-2\">[2]<\/a>\u00a0membre de l'<a title=\"Ag\u00e8ncia Magnum\" href=\"https:\/\/ca.wikipedia.org\/wiki\/Ag%C3%A8ncia_Magnum\">ag\u00e8ncia Magnum<\/a>\u00a0i guanyador de diversos premis\u00a0<a title=\"World Press Photo\" href=\"https:\/\/ca.wikipedia.org\/wiki\/World_Press_Photo\">World Press Photo<\/a>\u00a0(1984, 1988 i 1991),<a href=\"https:\/\/ca.wikipedia.org\/wiki\/Sebasti%C3%A3o_Salgado#cite_note-3\">[3]<\/a>\u00a0del\u00a0<a title=\"Premi Hasselblad\" href=\"https:\/\/ca.wikipedia.org\/wiki\/Premi_Hasselblad\">Hasselblad<\/a>\u00a0(1989) i el\u00a0<a class=\"mw-redirect\" title=\"Premi Pr\u00edncep d'Ast\u00faries de les Arts\" href=\"https:\/\/ca.wikipedia.org\/wiki\/Premi_Pr%C3%ADncep_d%27Ast%C3%BAries_de_les_Arts\">Pr\u00edncep d'Ast\u00faries de les Arts<\/a>\u00a0(1998);<a href=\"https:\/\/ca.wikipedia.org\/wiki\/Sebasti%C3%A3o_Salgado#cite_note-4\">[4]<\/a>\u00a0el 2001 fou nomenat representant especial d'<a class=\"mw-redirect\" title=\"UNICEF\" href=\"https:\/\/ca.wikipedia.org\/wiki\/UNICEF\">UNICEF<\/a>,<a href=\"https:\/\/ca.wikipedia.org\/wiki\/Sebasti%C3%A3o_Salgado#cite_note-5\">[5]<\/a>\u00a0i \u00e9s membre d'honor de l'Acad\u00e8mia de les Arts i les Ci\u00e8ncies dels Estats Units.<a href=\"https:\/\/ca.wikipedia.org\/wiki\/Sebasti%C3%A3o_Salgado#cite_note-guardian-1\">[1]<\/a>\u00a0L'any 2019 va ingressar com a membre de l'<a class=\"mw-redirect\" title=\"Acad\u00e8mia de les Belles Arts de Fran\u00e7a\" href=\"https:\/\/ca.wikipedia.org\/wiki\/Acad%C3%A8mia_de_les_Belles_Arts_de_Fran%C3%A7a\">Acad\u00e8mia de les Belles Arts de Fran\u00e7a<\/a>.<a href=\"https:\/\/ca.wikipedia.org\/wiki\/Sebasti%C3%A3o_Salgado#cite_note-6\">[6]<\/a><\/p>\n\t\t\t\t<\/div>\n\t\t\t<\/div><\/div>\t\t\t\t<\/div>\n\t\t\t\t<\/div>\n\t\t\t\t\t<\/div>\n\t\t<\/div>\n\t\t\t\t<div class=\"elementor-column elementor-col-50 elementor-top-column elementor-element elementor-element-5a78ecc1\" data-id=\"5a78ecc1\" data-element_type=\"column\" data-e-type=\"column\">\n\t\t\t<div class=\"elementor-widget-wrap elementor-element-populated\">\n\t\t\t\t\t\t<div class=\"elementor-element elementor-element-177b4e6f elementor-widget elementor-widget-image\" data-id=\"177b4e6f\" data-element_type=\"widget\" data-e-type=\"widget\" data-widget_type=\"image.default\">\n\t\t\t\t<div class=\"elementor-widget-container\">\n\t\t\t\t\t\t\t\t\t\t\t\t\t\t\t<img loading=\"lazy\" decoding=\"async\" width=\"300\" height=\"197\" src=\"https:\/\/afvan.com\/wp-content\/uploads\/2024\/03\/sebastiao-salgado_1.jpg\" class=\"attachment-2048x2048 size-2048x2048 wp-image-4348\" alt=\"\" \/>\t\t\t\t\t\t\t\t\t\t\t\t\t\t\t<\/div>\n\t\t\t\t<\/div>\n\t\t\t\t\t<\/div>\n\t\t<\/div>\n\t\t\t\t\t<\/div>\n\t\t<\/section>\n\t\t\t\t<section class=\"elementor-section elementor-top-section elementor-element elementor-element-515e9a11 elementor-section-full_width elementor-section-height-default elementor-section-height-default wpr-particle-no wpr-jarallax-no wpr-parallax-no wpr-sticky-section-no wpr-equal-height-no\" data-id=\"515e9a11\" data-element_type=\"section\" data-e-type=\"section\" data-settings=\"{&quot;background_background&quot;:&quot;classic&quot;}\">\n\t\t\t\t\t\t<div class=\"elementor-container elementor-column-gap-default\">\n\t\t\t\t\t<div class=\"elementor-column elementor-col-50 elementor-top-column elementor-element elementor-element-7b86ae91\" data-id=\"7b86ae91\" data-element_type=\"column\" data-e-type=\"column\" data-settings=\"{&quot;background_background&quot;:&quot;classic&quot;}\">\n\t\t\t<div class=\"elementor-widget-wrap elementor-element-populated\">\n\t\t\t\t\t\t<div class=\"elementor-element elementor-element-7d9d54a5 elementor-widget elementor-widget-image\" data-id=\"7d9d54a5\" data-element_type=\"widget\" data-e-type=\"widget\" data-widget_type=\"image.default\">\n\t\t\t\t<div class=\"elementor-widget-container\">\n\t\t\t\t\t\t\t\t\t\t\t\t\t\t\t<img loading=\"lazy\" decoding=\"async\" width=\"180\" height=\"261\" src=\"https:\/\/afvan.com\/wp-content\/uploads\/2024\/03\/images.jpeg\" class=\"attachment-large size-large wp-image-4352\" alt=\"\" \/>\t\t\t\t\t\t\t\t\t\t\t\t\t\t\t<\/div>\n\t\t\t\t<\/div>\n\t\t\t\t\t<\/div>\n\t\t<\/div>\n\t\t\t\t<div class=\"elementor-column elementor-col-50 elementor-top-column elementor-element elementor-element-668e46b3\" data-id=\"668e46b3\" data-element_type=\"column\" data-e-type=\"column\">\n\t\t\t<div class=\"elementor-widget-wrap elementor-element-populated\">\n\t\t\t\t\t\t<div class=\"elementor-element elementor-element-2789ca0f elementor-widget elementor-widget-elementskit-heading\" data-id=\"2789ca0f\" data-element_type=\"widget\" data-e-type=\"widget\" data-widget_type=\"elementskit-heading.default\">\n\t\t\t\t<div class=\"elementor-widget-container\">\n\t\t\t\t\t<div class=\"ekit-wid-con\" ><div class=\"ekit-heading elementskit-section-title-wraper text_left   ekit_heading_tablet-   ekit_heading_mobile-\"><h2 class=\"ekit-heading--title elementskit-section-title \">Una mica de Sebasti\u00e3o Salgado<\/h2>\t\t\t\t<div class='ekit-heading__description'>\n\t\t\t\t\t<p>Despr\u00e9s d'estudiar\u00a0<a title=\"Economia\" href=\"https:\/\/ca.wikipedia.org\/wiki\/Economia\">Economia<\/a>\u00a0a la\u00a0<a title=\"Universitat de S\u00e3o Paulo\" href=\"https:\/\/ca.wikipedia.org\/wiki\/Universitat_de_S%C3%A3o_Paulo\">Universitat de S\u00e3o Paulo<\/a>\u00a0el 1967 i a la\u00a0<a title=\"Universitat Vanderbilt\" href=\"https:\/\/ca.wikipedia.org\/wiki\/Universitat_Vanderbilt\">Universitat Vanderbilt<\/a>\u00a0dels\u00a0<a class=\"mw-redirect\" title=\"Estats Units\" href=\"https:\/\/ca.wikipedia.org\/wiki\/Estats_Units\">Estats Units<\/a>\u00a0el 1968, va realitzar una\u00a0<a title=\"Tesi doctoral\" href=\"https:\/\/ca.wikipedia.org\/wiki\/Tesi_doctoral\">tesi doctoral<\/a>\u00a0sobre economia agr\u00edcola a\u00a0<a title=\"La Sorbona\" href=\"https:\/\/ca.wikipedia.org\/wiki\/La_Sorbona\">La Sorbona<\/a>\u00a0de Par\u00eds el 1971.<a href=\"https:\/\/ca.wikipedia.org\/wiki\/Sebasti%C3%A3o_Salgado#cite_note-elpais-7\">[7]<\/a><\/p>\n<p>Va treballar a l'<a class=\"mw-redirect\" title=\"ONG\" href=\"https:\/\/ca.wikipedia.org\/wiki\/ONG\">ONG<\/a>\u00a0International Coffee Organization (Organitzaci\u00f3 Internacional del Caf\u00e8), amb la qual hagu\u00e9 de viatjar diverses vegades a l'<a title=\"\u00c0frica\" href=\"https:\/\/ca.wikipedia.org\/wiki\/%C3%80frica\">\u00c0frica<\/a>\u00a0en missi\u00f3 del\u00a0<a title=\"Banc Mundial\" href=\"https:\/\/ca.wikipedia.org\/wiki\/Banc_Mundial\">Banc Mundial<\/a>, per\u00f2 el 1973 abandona la seva carrera per dedicar-se a la fotografia, que va aprendre de manera autodidacta. A partir d'aquell moment comen\u00e7\u00e0 una llarga carrera de fot\u00f2graf, que li ha perm\u00e8s treballar per les millors ag\u00e8ncies fotogr\u00e0fiques:\u00a0<a class=\"new\" title=\"Sygma (encara no existeix)\" href=\"https:\/\/ca.wikipedia.org\/w\/index.php?title=Sygma&amp;action=edit&amp;redlink=1\">Sygma<\/a>\u00a0(1974-1975), Gamma (1975-1979) i\u00a0<a title=\"Ag\u00e8ncia Magnum\" href=\"https:\/\/ca.wikipedia.org\/wiki\/Ag%C3%A8ncia_Magnum\">Magnum<\/a>\u00a0(1979-1994). Aquest any va crear la seva pr\u00f2pia ag\u00e8ncia fotogr\u00e0fica, Amazonas Images, amb seu a\u00a0<a title=\"Par\u00eds\" href=\"https:\/\/ca.wikipedia.org\/wiki\/Par%C3%ADs\">Par\u00eds<\/a>, i amb la qual pret\u00e9n denunciar el treball de l'home i fer visible els que treballen i viuen a l'ombra de societat.<\/p>\n<p>Salgado \u00e9s un fot\u00f2graf comprom\u00e8s amb els temes socials, dins de la tradici\u00f3 fotogr\u00e0fica\u00a0<a class=\"new\" title=\"Fotografia sociodocumental (encara no existeix)\" href=\"https:\/\/ca.wikipedia.org\/w\/index.php?title=Fotografia_sociodocumental&amp;action=edit&amp;redlink=1\">sociodocumental<\/a>: en la seva obra destaca la documentaci\u00f3 del treball de persones en pa\u00efsos menys desenvolupats o en situaci\u00f3 de pobresa. En la introducci\u00f3 del seu llibre\u00a0<i>Exodos<\/i>\u00a0diu: \"M\u00e9s que mai, sento que solament hi ha una ra\u00e7a humana. M\u00e9s enll\u00e0 de les difer\u00e8ncies de color, de llenguatge, de cultura i possibilitats, els sentiments i reaccions de cada individu s\u00f3n id\u00e8ntics.\"<\/p>\n<p>L'any 1991 la revista New Yorker va publicar una dura cr\u00edtica en la qual comentava la contradicci\u00f3 que hi havia entre els arguments de les seves fotografies i el fet que aquestes apareguessin en paper cuix\u00e9 o que s'exhibissin en galeries i en museus.<a href=\"https:\/\/ca.wikipedia.org\/wiki\/Sebasti%C3%A3o_Salgado#cite_note-elpais-7\">[7]<\/a>\u00a0A principis de l'any 2000, periodistes de\u00a0<a title=\"The New York Times\" href=\"https:\/\/ca.wikipedia.org\/wiki\/The_New_York_Times\">The New York Times<\/a><a href=\"https:\/\/ca.wikipedia.org\/wiki\/Sebasti%C3%A3o_Salgado#cite_note-8\">[8]<\/a>\u00a0i l'escriptora\u00a0<a title=\"Susan Sontag\" href=\"https:\/\/ca.wikipedia.org\/wiki\/Susan_Sontag\">Susan Sontag<\/a><a title=\"\" href=\"https:\/\/ca.wikipedia.org\/wiki\/Sebasti%C3%A3o_Salgado#cite_note-9\">[9]<\/a><a title=\"\" href=\"https:\/\/ca.wikipedia.org\/wiki\/Sebasti%C3%A3o_Salgado#cite_note-10\">[10]<\/a>\u00a0van criticar les fotografies de Salgado. El fot\u00f2graf va ser acusat d'utilitzar de manera c\u00ednica i comercial la mis\u00e8ria humana i d'exposar de manera bella les situacions dram\u00e0tiques, corrent el risc de fer perdre la seva autenticitat.<\/p>\n<p><span style=\"font-size: 16px\">\"informaci\u00f3 extreta de Wikip\u00e8dia.\"<\/span><\/p>\n\t\t\t\t<\/div>\n\t\t\t<\/div><\/div>\t\t\t\t<\/div>\n\t\t\t\t<\/div>\n\t\t\t\t\t<\/div>\n\t\t<\/div>\n\t\t\t\t\t<\/div>\n\t\t<\/section>\n\t\t<div class=\"elementor-element elementor-element-7f9698d e-flex e-con-boxed wpr-particle-no wpr-jarallax-no wpr-parallax-no wpr-sticky-section-no wpr-equal-height-no e-con e-parent\" data-id=\"7f9698d\" data-element_type=\"container\" data-e-type=\"container\">\n\t\t\t\t\t<div class=\"e-con-inner\">\n\t\t\t\t<div class=\"elementor-element elementor-element-cab525c elementor-widget elementor-widget-heading\" data-id=\"cab525c\" data-element_type=\"widget\" data-e-type=\"widget\" data-widget_type=\"heading.default\">\n\t\t\t\t<div class=\"elementor-widget-container\">\n\t\t\t\t\t<h2 class=\"elementor-heading-title elementor-size-default\">An\u00e0lisi de tres Fotografies Ic\u00f2niques<\/h2>\t\t\t\t<\/div>\n\t\t\t\t<\/div>\n\t\t\t\t\t<\/div>\n\t\t\t\t<\/div>\n\t\t<div class=\"elementor-element elementor-element-55da3f0 e-flex e-con-boxed wpr-particle-no wpr-jarallax-no wpr-parallax-no wpr-sticky-section-no wpr-equal-height-no e-con e-parent\" data-id=\"55da3f0\" data-element_type=\"container\" data-e-type=\"container\">\n\t\t\t\t\t<div class=\"e-con-inner\">\n\t\t\t\t<div class=\"elementor-element elementor-element-16e13fa elementor-widget elementor-widget-text-editor\" data-id=\"16e13fa\" data-element_type=\"widget\" data-e-type=\"widget\" data-widget_type=\"text-editor.default\">\n\t\t\t\t<div class=\"elementor-widget-container\">\n\t\t\t\t\t\t\t\t\t<p><span data-contrast=\"auto\">Abans de comen\u00e7ar l&#8217;an\u00e0lisi de les seves fotografies, es posa l&#8217;accent en dues caracter\u00edstiques de Salgado: la dilaci\u00f3, el temps i el blanc i negre.<\/span><span data-ccp-props=\"{&quot;335551550&quot;:6,&quot;335551620&quot;:6}\">\u00a0<\/span><\/p><p><span data-contrast=\"auto\">Sebasti\u00e3o necessita arribar a un lloc, contemplar-lo i fer-lo seu. Unir-se a la tribu, con\u00e8ixer l&#8217;entorn i els lla\u00e7os existents, tant entre ells com amb la naturalesa. Involucrar-se d&#8217;arrel en el problema, passar mesos i anys, fins que finalment el projecte tingui forma.<\/span><span data-ccp-props=\"{&quot;335551550&quot;:6,&quot;335551620&quot;:6}\">\u00a0<\/span><\/p><p><span data-contrast=\"auto\">L&#8217;aposta pel blanc i negre es confirma en constatar que la major part de la seva obra aposta per aquesta gamma. Malgrat aix\u00f2, al llarg de la seva carrera tamb\u00e9 li van demanar imatges en color.<\/span><span data-ccp-props=\"{&quot;335551550&quot;:6,&quot;335551620&quot;:6}\">\u00a0<\/span><\/p><p><span data-contrast=\"auto\">El mateix Salgado (2014) considera que un dels grans avantatges del blanc i negre \u00e9s \u201cpoder dotar les imatges de m\u00e9s humanitat, de no dispersar-se en elements superflus de la instant\u00e0nia, donant llibertat a l&#8217;espectador d\u2019acolorir la pr\u00f2pia imatge\u201d.<\/span><span data-ccp-props=\"{&quot;335551550&quot;:6,&quot;335551620&quot;:6}\">\u00a0<\/span><\/p><p><span data-contrast=\"auto\">La caracter\u00edstica m\u00e9s distintiva de les fotos de Sebasti\u00e3o Salgado \u00e9s la seva composici\u00f3 cl\u00e0ssica, destacant-se l&#8217;\u00fas magistral de la llum i els negres intensos. Les seves imatges posseeixen una forta c\u00e0rrega simb\u00f2lica i transmeten una gravetat en els rostres dels subjectes retratats. M\u00e9s enll\u00e0 del seu car\u00e0cter de den\u00fancia, Salgado rescata la dignitat humana i ret homenatge als personatges que captura amb la seva lent.<\/span><span data-ccp-props=\"{&quot;335551550&quot;:6,&quot;335551620&quot;:6}\">\u00a0<\/span><\/p><p><span data-contrast=\"auto\">L&#8217;estil fotogr\u00e0fic de Sebasti\u00e3o Salgado es distingeix per la seva composici\u00f3 cl\u00e0ssica, l&#8217;\u00fas magistral de la llum i els negres intensos. Les seves imatges transmeten una c\u00e0rrega simb\u00f2lica i una gravetat en els rostres dels subjectes retratats, rescatant la dignitat humana i retent homenatge a cada personatge capturat.<\/span><span data-ccp-props=\"{&quot;335551550&quot;:6,&quot;335551620&quot;:6}\">\u00a0<\/span><\/p>\t\t\t\t\t\t\t\t<\/div>\n\t\t\t\t<\/div>\n\t\t\t\t\t<\/div>\n\t\t\t\t<\/div>\n\t\t<div class=\"elementor-element elementor-element-efa9ea9 e-con-full e-flex wpr-particle-no wpr-jarallax-no wpr-parallax-no wpr-sticky-section-no wpr-equal-height-no e-con e-parent\" data-id=\"efa9ea9\" data-element_type=\"container\" data-e-type=\"container\">\n\t\t<div class=\"elementor-element elementor-element-a0ceb24 e-con-full e-flex wpr-particle-no wpr-jarallax-no wpr-parallax-no wpr-sticky-section-no wpr-equal-height-no e-con e-child\" data-id=\"a0ceb24\" data-element_type=\"container\" data-e-type=\"container\">\n\t\t\t\t<div class=\"elementor-element elementor-element-6377513 ekit-equal-height-enable elementor-widget elementor-widget-elementskit-image-box\" data-id=\"6377513\" data-element_type=\"widget\" data-e-type=\"widget\" data-widget_type=\"elementskit-image-box.default\">\n\t\t\t\t<div class=\"elementor-widget-container\">\n\t\t\t\t\t<div class=\"ekit-wid-con\" >\n            <div class=\"elementskit-info-image-box ekit-image-box text-center style-sideline\" >\n\n                \n                <div class=\"elementskit-box-header image-box-img-center\">\n\n                    <img decoding=\"async\" width=\"1200\" height=\"802\" src=\"https:\/\/afvan.com\/wp-content\/uploads\/2024\/03\/canon_pro_sebastiao_salgado_1.jpeg\" class=\"attachment-full size-full wp-image-4347\" alt=\"Kuwait\" srcset=\"https:\/\/afvan.com\/wp-content\/uploads\/2024\/03\/canon_pro_sebastiao_salgado_1.jpeg 1200w, https:\/\/afvan.com\/wp-content\/uploads\/2024\/03\/canon_pro_sebastiao_salgado_1-300x201.jpeg 300w, https:\/\/afvan.com\/wp-content\/uploads\/2024\/03\/canon_pro_sebastiao_salgado_1-1024x684.jpeg 1024w, https:\/\/afvan.com\/wp-content\/uploads\/2024\/03\/canon_pro_sebastiao_salgado_1-768x513.jpeg 768w\" sizes=\"(max-width: 1200px) 100vw, 1200px\" \/>\n                <\/div>\n                \n                <div class=\"elementskit-box-body ekit-image-box-body\">\n                    <div class=\"elementskit-box-content ekit-image-box-body-inner\">\n                                                <h4 class=\"elementskit-info-box-title\">\n\n                        Kuwait, 1991 \n                        \n                    <\/h4>\n                                                            <div class=\"elementskit-box-style-content\">\n                        El treballador com a persona. Abatiment. Aigua i foc. Cat\u00e0strofe humana econ\u00f2mica i ambiental incalculable.\u00a0                    <\/div>\n                                    <\/div>\n\n                                <div class=\"elementskit-box-footer\">\n                    <div class=\"box-footer\">\n                        <div class=\"btn-wraper\">\n                                                            <a href=\"https:\/\/afvan.com\/index.php\/kuwait-1991\/\" class=\"elementskit-btn whitespace--normal\">\n                                    seguir llegint..                                <\/a>\n                                                    <\/div>\n                    <\/div>\n                <\/div>\n                            <\/div>\n            <\/div>\n    <\/div>\t\t\t\t<\/div>\n\t\t\t\t<\/div>\n\t\t\t\t<\/div>\n\t\t<div class=\"elementor-element elementor-element-dff6b65 e-con-full e-flex wpr-particle-no wpr-jarallax-no wpr-parallax-no wpr-sticky-section-no wpr-equal-height-no e-con e-child\" data-id=\"dff6b65\" data-element_type=\"container\" data-e-type=\"container\">\n\t\t\t\t<div class=\"elementor-element elementor-element-4ca0f75 ekit-equal-height-enable elementor-widget elementor-widget-elementskit-image-box\" data-id=\"4ca0f75\" data-element_type=\"widget\" data-e-type=\"widget\" data-widget_type=\"elementskit-image-box.default\">\n\t\t\t\t<div class=\"elementor-widget-container\">\n\t\t\t\t\t<div class=\"ekit-wid-con\" >\n            <div class=\"elementskit-info-image-box ekit-image-box text-center style-sideline\" >\n\n                \n                <div class=\"elementskit-box-header image-box-img-center\">\n\n                    <img loading=\"lazy\" decoding=\"async\" width=\"800\" height=\"574\" src=\"https:\/\/afvan.com\/wp-content\/uploads\/2024\/03\/img-357233-de-olho-no-genesis.png\" class=\"attachment-full size-full wp-image-4357\" alt=\"Genesi\" srcset=\"https:\/\/afvan.com\/wp-content\/uploads\/2024\/03\/img-357233-de-olho-no-genesis.png 800w, https:\/\/afvan.com\/wp-content\/uploads\/2024\/03\/img-357233-de-olho-no-genesis-300x215.png 300w, https:\/\/afvan.com\/wp-content\/uploads\/2024\/03\/img-357233-de-olho-no-genesis-768x551.png 768w\" sizes=\"(max-width: 800px) 100vw, 800px\" \/>\n                <\/div>\n                \n                <div class=\"elementskit-box-body ekit-image-box-body\">\n                    <div class=\"elementskit-box-content ekit-image-box-body-inner\">\n                                                <h4 class=\"elementskit-info-box-title\">\n\n                        G\u00e9nesi\n                        \n                    <\/h4>\n                                                            <div class=\"elementskit-box-style-content\">\n                        Superviv\u00e8ncia. Vida animal. Naturalesa. Muntanya, neu i mar. Instint animal.                     <\/div>\n                                    <\/div>\n\n                                <div class=\"elementskit-box-footer\">\n                    <div class=\"box-footer\">\n                        <div class=\"btn-wraper\">\n                                                            <a href=\"https:\/\/afvan.com\/index.php\/genesi\/\" class=\"elementskit-btn whitespace--normal\">\n                                    seguir llegint..                                <\/a>\n                                                    <\/div>\n                    <\/div>\n                <\/div>\n                            <\/div>\n            <\/div>\n    <\/div>\t\t\t\t<\/div>\n\t\t\t\t<\/div>\n\t\t\t\t<\/div>\n\t\t<div class=\"elementor-element elementor-element-d6659c8 e-con-full e-flex wpr-particle-no wpr-jarallax-no wpr-parallax-no wpr-sticky-section-no wpr-equal-height-no e-con e-child\" data-id=\"d6659c8\" data-element_type=\"container\" data-e-type=\"container\">\n\t\t\t\t<div class=\"elementor-element elementor-element-cefc49d ekit-equal-height-enable elementor-widget elementor-widget-elementskit-image-box\" data-id=\"cefc49d\" data-element_type=\"widget\" data-e-type=\"widget\" data-widget_type=\"elementskit-image-box.default\">\n\t\t\t\t<div class=\"elementor-widget-container\">\n\t\t\t\t\t<div class=\"ekit-wid-con\" >\n            <div class=\"elementskit-info-image-box ekit-image-box text-center style-sideline\" >\n\n                \n                <div class=\"elementskit-box-header image-box-img-center\">\n\n                    <img decoding=\"async\" width=\"1024\" height=\"668\" src=\"https:\/\/afvan.com\/wp-content\/uploads\/2024\/03\/salgado_0009-1024x668-1.jpg\" class=\"attachment-full size-full wp-image-4345\" alt=\"Mina de oro\" srcset=\"https:\/\/afvan.com\/wp-content\/uploads\/2024\/03\/salgado_0009-1024x668-1.jpg 1024w, https:\/\/afvan.com\/wp-content\/uploads\/2024\/03\/salgado_0009-1024x668-1-300x196.jpg 300w, https:\/\/afvan.com\/wp-content\/uploads\/2024\/03\/salgado_0009-1024x668-1-768x501.jpg 768w\" sizes=\"(max-width: 1024px) 100vw, 1024px\" \/>\n                <\/div>\n                \n                <div class=\"elementskit-box-body ekit-image-box-body\">\n                    <div class=\"elementskit-box-content ekit-image-box-body-inner\">\n                                                <h4 class=\"elementskit-info-box-title\">\n\n                        Mina Serra Pelada\n                        \n                    <\/h4>\n                                                            <div class=\"elementskit-box-style-content\">\n                        El treballador com a persona. Cansanci. Explotaci\u00f3 de l\u2019\u00e9sser hum\u00e0. Poders econ\u00f2mics. Humanitat i sensibilitat.\u00a0\u00a0\u00a0                    <\/div>\n                                    <\/div>\n\n                                <div class=\"elementskit-box-footer\">\n                    <div class=\"box-footer\">\n                        <div class=\"btn-wraper\">\n                                                            <a href=\"https:\/\/afvan.com\/index.php\/mina-serrapelada\/\" class=\"elementskit-btn whitespace--normal\">\n                                    seguir llegint..                                <\/a>\n                                                    <\/div>\n                    <\/div>\n                <\/div>\n                            <\/div>\n            <\/div>\n    <\/div>\t\t\t\t<\/div>\n\t\t\t\t<\/div>\n\t\t\t\t<\/div>\n\t\t\t\t<\/div>\n\t\t<div class=\"elementor-element elementor-element-220b6db e-flex e-con-boxed wpr-particle-no wpr-jarallax-no wpr-parallax-no wpr-sticky-section-no wpr-equal-height-no e-con e-parent\" data-id=\"220b6db\" data-element_type=\"container\" data-e-type=\"container\">\n\t\t\t\t\t<div class=\"e-con-inner\">\n\t\t\t\t<div class=\"elementor-element elementor-element-44a38ba elementor-widget elementor-widget-text-editor\" data-id=\"44a38ba\" data-element_type=\"widget\" data-e-type=\"widget\" data-widget_type=\"text-editor.default\">\n\t\t\t\t<div class=\"elementor-widget-container\">\n\t\t\t\t\t\t\t\t\t<p><b><span data-contrast=\"auto\">Conclusi\u00f3 de l&#8217;an\u00e0lisi de les tres fotografies analitzades:<\/span><\/b><span data-ccp-props=\"{&quot;335551550&quot;:6,&quot;335551620&quot;:6}\">\u00a0<\/span><\/p><p><span data-contrast=\"auto\">Apreciem en aquesta an\u00e0lisi, l&#8217;\u00fas del blanc i negre i l&#8217;aposta per la cerca de contrastos \u00e9s una constant. Es tracta en tots els casos de projectes llargs, perfeccionats, de desgast emocional i f\u00edsic. Fins i tot, entre diferents projectes, se segueixen unes pautes comunes: mirades, humanitat i una ferma aposta mostrar els mons desconeguts i la seva realitat.<\/span><span data-ccp-props=\"{&quot;335551550&quot;:6,&quot;335551620&quot;:6}\">\u00a0<\/span><\/p><p><span data-contrast=\"auto\">Font: UAB- La Vanguardia \u2013 Blog del Fot\u00f3grafo \u2013 Universidad Andina Sim\u00f3n Bol\u00edvar i Universidad de La Laguna.<\/span><span data-ccp-props=\"{&quot;335551550&quot;:6,&quot;335551620&quot;:6}\">\u00a0<\/span><\/p><p><span data-ccp-props=\"{&quot;335551550&quot;:6,&quot;335551620&quot;:6}\">\u00a0<\/span><\/p><p><span data-contrast=\"auto\">Premis de Salgado:<\/span><span data-ccp-props=\"{&quot;335551550&quot;:6,&quot;335551620&quot;:6}\">\u00a0<\/span><\/p><p><span data-ccp-props=\"{&quot;335551550&quot;:6,&quot;335551620&quot;:6}\">\u00a0<\/span><\/p><ul><li data-leveltext=\"\uf0b7\" data-font=\"Symbol\" data-listid=\"1\" data-list-defn-props=\"{&quot;335552541&quot;:1,&quot;335559685&quot;:720,&quot;335559991&quot;:360,&quot;469769226&quot;:&quot;Symbol&quot;,&quot;469769242&quot;:[8226],&quot;469777803&quot;:&quot;left&quot;,&quot;469777804&quot;:&quot;\uf0b7&quot;,&quot;469777815&quot;:&quot;multilevel&quot;}\" aria-setsize=\"-1\" data-aria-posinset=\"1\" data-aria-level=\"1\"><b><span data-contrast=\"none\">1982:<\/span><\/b><span data-contrast=\"none\">\u202fPremi W. Eugene Smith Grant<\/span><span data-ccp-props=\"{&quot;134233117&quot;:true,&quot;134233118&quot;:true,&quot;201341983&quot;:0,&quot;335557856&quot;:15658475,&quot;335559685&quot;:960,&quot;335559740&quot;:240}\">\u00a0<\/span><\/li><li data-leveltext=\"\uf0b7\" data-font=\"Symbol\" data-listid=\"1\" data-list-defn-props=\"{&quot;335552541&quot;:1,&quot;335559685&quot;:720,&quot;335559991&quot;:360,&quot;469769226&quot;:&quot;Symbol&quot;,&quot;469769242&quot;:[8226],&quot;469777803&quot;:&quot;left&quot;,&quot;469777804&quot;:&quot;\uf0b7&quot;,&quot;469777815&quot;:&quot;multilevel&quot;}\" aria-setsize=\"-1\" data-aria-posinset=\"2\" data-aria-level=\"1\"><b><span data-contrast=\"none\">1985:<\/span><\/b><span data-contrast=\"none\">\u202fPremi Leica Oskar Barnack<\/span><span data-ccp-props=\"{&quot;134233117&quot;:true,&quot;134233118&quot;:true,&quot;201341983&quot;:0,&quot;335557856&quot;:15658475,&quot;335559685&quot;:960,&quot;335559740&quot;:240}\">\u00a0<\/span><\/li><li data-leveltext=\"\uf0b7\" data-font=\"Symbol\" data-listid=\"1\" data-list-defn-props=\"{&quot;335552541&quot;:1,&quot;335559685&quot;:720,&quot;335559991&quot;:360,&quot;469769226&quot;:&quot;Symbol&quot;,&quot;469769242&quot;:[8226],&quot;469777803&quot;:&quot;left&quot;,&quot;469777804&quot;:&quot;\uf0b7&quot;,&quot;469777815&quot;:&quot;multilevel&quot;}\" aria-setsize=\"-1\" data-aria-posinset=\"3\" data-aria-level=\"1\"><b><span data-contrast=\"none\">1989:<\/span><\/b><span data-contrast=\"none\">\u202fPremi Internacional de la Fundaci\u00f3 Hasselblad<\/span><span data-ccp-props=\"{&quot;134233117&quot;:true,&quot;134233118&quot;:true,&quot;201341983&quot;:0,&quot;335557856&quot;:15658475,&quot;335559685&quot;:960,&quot;335559740&quot;:240}\">\u00a0<\/span><\/li><li data-leveltext=\"\uf0b7\" data-font=\"Symbol\" data-listid=\"1\" data-list-defn-props=\"{&quot;335552541&quot;:1,&quot;335559685&quot;:720,&quot;335559991&quot;:360,&quot;469769226&quot;:&quot;Symbol&quot;,&quot;469769242&quot;:[8226],&quot;469777803&quot;:&quot;left&quot;,&quot;469777804&quot;:&quot;\uf0b7&quot;,&quot;469777815&quot;:&quot;multilevel&quot;}\" aria-setsize=\"-1\" data-aria-posinset=\"4\" data-aria-level=\"1\"><b><span data-contrast=\"none\">1992:<\/span><\/b><span data-contrast=\"none\">\u202fPremi Leica Oskar Barnack<\/span><span data-ccp-props=\"{&quot;134233117&quot;:true,&quot;134233118&quot;:true,&quot;201341983&quot;:0,&quot;335557856&quot;:15658475,&quot;335559685&quot;:960,&quot;335559740&quot;:240}\">\u00a0<\/span><\/li><li data-leveltext=\"\uf0b7\" data-font=\"Symbol\" data-listid=\"1\" data-list-defn-props=\"{&quot;335552541&quot;:1,&quot;335559685&quot;:720,&quot;335559991&quot;:360,&quot;469769226&quot;:&quot;Symbol&quot;,&quot;469769242&quot;:[8226],&quot;469777803&quot;:&quot;left&quot;,&quot;469777804&quot;:&quot;\uf0b7&quot;,&quot;469777815&quot;:&quot;multilevel&quot;}\" aria-setsize=\"-1\" data-aria-posinset=\"5\" data-aria-level=\"1\"><b><span data-contrast=\"none\">1992:\u202f<\/span><\/b><span data-contrast=\"none\">Membre honorari estranger de l\u2019Academia Nordamericana de les Arts i les Ciencies.<\/span><span data-ccp-props=\"{&quot;134233117&quot;:true,&quot;134233118&quot;:true,&quot;201341983&quot;:0,&quot;335557856&quot;:15658475,&quot;335559685&quot;:960,&quot;335559740&quot;:240}\">\u00a0<\/span><\/li><li data-leveltext=\"\uf0b7\" data-font=\"Symbol\" data-listid=\"1\" data-list-defn-props=\"{&quot;335552541&quot;:1,&quot;335559685&quot;:720,&quot;335559991&quot;:360,&quot;469769226&quot;:&quot;Symbol&quot;,&quot;469769242&quot;:[8226],&quot;469777803&quot;:&quot;left&quot;,&quot;469777804&quot;:&quot;\uf0b7&quot;,&quot;469777815&quot;:&quot;multilevel&quot;}\" aria-setsize=\"-1\" data-aria-posinset=\"6\" data-aria-level=\"1\"><b><span data-contrast=\"none\">1993:<\/span><\/b><span data-contrast=\"none\">\u202fMedalla del centenari de la Reial Societat Fotogr\u00e0fica\u202f(del Regne Unit)<\/span><span data-ccp-props=\"{&quot;134233117&quot;:true,&quot;134233118&quot;:true,&quot;201341983&quot;:0,&quot;335557856&quot;:15658475,&quot;335559685&quot;:960,&quot;335559740&quot;:240}\">\u00a0<\/span><\/li><li data-leveltext=\"\uf0b7\" data-font=\"Symbol\" data-listid=\"1\" data-list-defn-props=\"{&quot;335552541&quot;:1,&quot;335559685&quot;:720,&quot;335559991&quot;:360,&quot;469769226&quot;:&quot;Symbol&quot;,&quot;469769242&quot;:[8226],&quot;469777803&quot;:&quot;left&quot;,&quot;469777804&quot;:&quot;\uf0b7&quot;,&quot;469777815&quot;:&quot;multilevel&quot;}\" aria-setsize=\"-1\" data-aria-posinset=\"7\" data-aria-level=\"1\"><b><span data-contrast=\"none\">1993:\u202f<\/span><\/b><span data-contrast=\"none\">Beca honor\u00edfica (HonFRPS) de la Reial Societat Fotogr\u00e0fica\u202f(del Regne Unit)<\/span><span data-ccp-props=\"{&quot;134233117&quot;:true,&quot;134233118&quot;:true,&quot;201341983&quot;:0,&quot;335557856&quot;:15658475,&quot;335559685&quot;:960,&quot;335559740&quot;:240}\">\u00a0<\/span><\/li><li data-leveltext=\"\uf0b7\" data-font=\"Symbol\" data-listid=\"1\" data-list-defn-props=\"{&quot;335552541&quot;:1,&quot;335559685&quot;:720,&quot;335559991&quot;:360,&quot;469769226&quot;:&quot;Symbol&quot;,&quot;469769242&quot;:[8226],&quot;469777803&quot;:&quot;left&quot;,&quot;469777804&quot;:&quot;\uf0b7&quot;,&quot;469777815&quot;:&quot;multilevel&quot;}\" aria-setsize=\"-1\" data-aria-posinset=\"8\" data-aria-level=\"1\"><b><span data-contrast=\"none\">1994:\u202f<\/span><\/b><span data-contrast=\"none\">Gran Premi Nacional de Fotograf\u00eda (Ministeri de Cultura, Fran\u00e7a)<\/span><span data-ccp-props=\"{&quot;134233117&quot;:true,&quot;134233118&quot;:true,&quot;201341983&quot;:0,&quot;335557856&quot;:15658475,&quot;335559685&quot;:960,&quot;335559740&quot;:240}\">\u00a0<\/span><\/li><li data-leveltext=\"\uf0b7\" data-font=\"Symbol\" data-listid=\"1\" data-list-defn-props=\"{&quot;335552541&quot;:1,&quot;335559685&quot;:720,&quot;335559991&quot;:360,&quot;469769226&quot;:&quot;Symbol&quot;,&quot;469769242&quot;:[8226],&quot;469777803&quot;:&quot;left&quot;,&quot;469777804&quot;:&quot;\uf0b7&quot;,&quot;469777815&quot;:&quot;multilevel&quot;}\" aria-setsize=\"-1\" data-aria-posinset=\"9\" data-aria-level=\"1\"><b><span data-contrast=\"none\">1998:<\/span><\/b><span data-contrast=\"none\">\u202fPremi Pr\u00edncep d\u2019Asturies de les Arts (Espanya) \u202f<\/span><span data-ccp-props=\"{&quot;134233117&quot;:true,&quot;134233118&quot;:true,&quot;201341983&quot;:0,&quot;335557856&quot;:15658475,&quot;335559685&quot;:960,&quot;335559740&quot;:240}\">\u00a0<\/span><\/li><li data-leveltext=\"\uf0b7\" data-font=\"Symbol\" data-listid=\"1\" data-list-defn-props=\"{&quot;335552541&quot;:1,&quot;335559685&quot;:720,&quot;335559991&quot;:360,&quot;469769226&quot;:&quot;Symbol&quot;,&quot;469769242&quot;:[8226],&quot;469777803&quot;:&quot;left&quot;,&quot;469777804&quot;:&quot;\uf0b7&quot;,&quot;469777815&quot;:&quot;multilevel&quot;}\" aria-setsize=\"-1\" data-aria-posinset=\"10\" data-aria-level=\"1\"><b><span data-contrast=\"none\">2003:<\/span><\/b><span data-contrast=\"none\">\u202fPremi Internacional de la Societat Fotogr\u00e1fica de Jap\u00f3<\/span><span data-ccp-props=\"{&quot;134233117&quot;:true,&quot;134233118&quot;:true,&quot;201341983&quot;:0,&quot;335557856&quot;:15658475,&quot;335559685&quot;:960,&quot;335559740&quot;:240}\">\u00a0<\/span><\/li><li data-leveltext=\"\uf0b7\" data-font=\"Symbol\" data-listid=\"1\" data-list-defn-props=\"{&quot;335552541&quot;:1,&quot;335559685&quot;:720,&quot;335559991&quot;:360,&quot;469769226&quot;:&quot;Symbol&quot;,&quot;469769242&quot;:[8226],&quot;469777803&quot;:&quot;left&quot;,&quot;469777804&quot;:&quot;\uf0b7&quot;,&quot;469777815&quot;:&quot;multilevel&quot;}\" aria-setsize=\"-1\" data-aria-posinset=\"11\" data-aria-level=\"1\"><b><span data-contrast=\"none\">2007:\u202f<\/span><\/b><span data-contrast=\"none\">Premi del P\u00fablic M2 \/ elmundo.es M2 en PhotoEspa\u00f1a<\/span><span data-ccp-props=\"{&quot;134233117&quot;:true,&quot;134233118&quot;:true,&quot;201341983&quot;:0,&quot;335557856&quot;:15658475,&quot;335559685&quot;:960,&quot;335559740&quot;:240}\">\u00a0<\/span><\/li><\/ul><ul><li data-leveltext=\"\uf0b7\" data-font=\"Symbol\" data-listid=\"1\" data-list-defn-props=\"{&quot;335552541&quot;:1,&quot;335559685&quot;:720,&quot;335559991&quot;:360,&quot;469769226&quot;:&quot;Symbol&quot;,&quot;469769242&quot;:[8226],&quot;469777803&quot;:&quot;left&quot;,&quot;469777804&quot;:&quot;\uf0b7&quot;,&quot;469777815&quot;:&quot;multilevel&quot;}\" aria-setsize=\"-1\" data-aria-posinset=\"1\" data-aria-level=\"1\"><b><span data-contrast=\"none\">2019:<\/span><\/b><span data-contrast=\"none\">\u202fPremi de la Paz del Comercio Librero Alem\u00e1n<\/span><span data-ccp-props=\"{&quot;134233117&quot;:true,&quot;134233118&quot;:true,&quot;201341983&quot;:0,&quot;335557856&quot;:15658475,&quot;335559685&quot;:960,&quot;335559740&quot;:240}\">\u00a0<\/span><\/li><li data-leveltext=\"\uf0b7\" data-font=\"Symbol\" data-listid=\"1\" data-list-defn-props=\"{&quot;335552541&quot;:1,&quot;335559685&quot;:720,&quot;335559991&quot;:360,&quot;469769226&quot;:&quot;Symbol&quot;,&quot;469769242&quot;:[8226],&quot;469777803&quot;:&quot;left&quot;,&quot;469777804&quot;:&quot;\uf0b7&quot;,&quot;469777815&quot;:&quot;multilevel&quot;}\" aria-setsize=\"-1\" data-aria-posinset=\"2\" data-aria-level=\"1\"><b><span data-contrast=\"none\">2021:<\/span><\/b><span data-contrast=\"none\">\u202fPremi Crystal del Foro Econ\u00f3mic Mundial<\/span><span data-ccp-props=\"{&quot;134233117&quot;:true,&quot;134233118&quot;:true,&quot;201341983&quot;:0,&quot;335557856&quot;:15658475,&quot;335559685&quot;:960,&quot;335559740&quot;:240}\">\u00a0<\/span><\/li><li data-leveltext=\"\uf0b7\" data-font=\"Symbol\" data-listid=\"1\" data-list-defn-props=\"{&quot;335552541&quot;:1,&quot;335559685&quot;:720,&quot;335559991&quot;:360,&quot;469769226&quot;:&quot;Symbol&quot;,&quot;469769242&quot;:[8226],&quot;469777803&quot;:&quot;left&quot;,&quot;469777804&quot;:&quot;\uf0b7&quot;,&quot;469777815&quot;:&quot;multilevel&quot;}\" aria-setsize=\"-1\" data-aria-posinset=\"3\" data-aria-level=\"1\"><b><span data-contrast=\"none\">2021:\u202f<\/span><\/b><i><span data-contrast=\"none\">Praemium Imperiale<\/span><\/i><span data-contrast=\"none\">\u202fde Jap\u00f3n<\/span><span data-ccp-props=\"{&quot;134233117&quot;:true,&quot;134233118&quot;:true,&quot;201341983&quot;:0,&quot;335557856&quot;:15658475,&quot;335559685&quot;:960,&quot;335559740&quot;:240}\">\u00a0<\/span><\/li><\/ul>\t\t\t\t\t\t\t\t<\/div>\n\t\t\t\t<\/div>\n\t\t\t\t\t<\/div>\n\t\t\t\t<\/div>\n\t\t<div class=\"elementor-element elementor-element-ecece29 e-flex e-con-boxed wpr-particle-no wpr-jarallax-no wpr-parallax-no wpr-sticky-section-no wpr-equal-height-no e-con e-parent\" data-id=\"ecece29\" data-element_type=\"container\" data-e-type=\"container\" data-settings=\"{&quot;background_background&quot;:&quot;classic&quot;}\">\n\t\t\t\t\t<div class=\"e-con-inner\">\n\t\t\t\t<div class=\"elementor-element elementor-element-fa5c342 elementor-widget elementor-widget-heading\" data-id=\"fa5c342\" data-element_type=\"widget\" data-e-type=\"widget\" data-widget_type=\"heading.default\">\n\t\t\t\t<div class=\"elementor-widget-container\">\n\t\t\t\t\t<h2 class=\"elementor-heading-title elementor-size-default\">Petita Mostra<\/h2>\t\t\t\t<\/div>\n\t\t\t\t<\/div>\n\t\t\t\t<div class=\"elementor-element elementor-element-8724906 elementor-widget elementor-widget-gallery\" data-id=\"8724906\" data-element_type=\"widget\" data-e-type=\"widget\" data-settings=\"{&quot;gallery_layout&quot;:&quot;justified&quot;,&quot;ideal_row_height&quot;:{&quot;unit&quot;:&quot;px&quot;,&quot;size&quot;:300,&quot;sizes&quot;:[]},&quot;gap&quot;:{&quot;unit&quot;:&quot;px&quot;,&quot;size&quot;:18,&quot;sizes&quot;:[]},&quot;lazyload&quot;:&quot;yes&quot;,&quot;ideal_row_height_tablet&quot;:{&quot;unit&quot;:&quot;px&quot;,&quot;size&quot;:150,&quot;sizes&quot;:[]},&quot;ideal_row_height_mobile&quot;:{&quot;unit&quot;:&quot;px&quot;,&quot;size&quot;:150,&quot;sizes&quot;:[]},&quot;gap_tablet&quot;:{&quot;unit&quot;:&quot;px&quot;,&quot;size&quot;:10,&quot;sizes&quot;:[]},&quot;gap_mobile&quot;:{&quot;unit&quot;:&quot;px&quot;,&quot;size&quot;:10,&quot;sizes&quot;:[]},&quot;overlay_background&quot;:&quot;yes&quot;,&quot;content_hover_animation&quot;:&quot;fade-in&quot;}\" data-widget_type=\"gallery.default\">\n\t\t\t\t<div class=\"elementor-widget-container\">\n\t\t\t\t\t\t\t<div class=\"elementor-gallery__container\">\n\t\t\t\t\t\t\t<div class=\"e-gallery-item elementor-gallery-item elementor-animated-content\">\n\t\t\t\t\t<div class=\"e-gallery-image elementor-gallery-item__image\" data-thumbnail=\"https:\/\/afvan.com\/wp-content\/uploads\/2024\/03\/salgado_0009-1024x668-1.jpg\" data-width=\"1024\" data-height=\"668\" aria-label=\"Mina de oro\" role=\"img\" ><\/div>\n\t\t\t\t\t\t\t\t\t\t\t<div class=\"elementor-gallery-item__overlay\"><\/div>\n\t\t\t\t\t\t\t\t\t\t\t\t\t\t<\/div>\n\t\t\t\t\t\t\t<div class=\"e-gallery-item elementor-gallery-item elementor-animated-content\">\n\t\t\t\t\t<div class=\"e-gallery-image elementor-gallery-item__image\" data-thumbnail=\"https:\/\/afvan.com\/wp-content\/uploads\/2024\/03\/sebastiao-salgado_1.jpg\" data-width=\"300\" data-height=\"197\" aria-label=\"\" role=\"img\" ><\/div>\n\t\t\t\t\t\t\t\t\t\t\t<div class=\"elementor-gallery-item__overlay\"><\/div>\n\t\t\t\t\t\t\t\t\t\t\t\t\t\t<\/div>\n\t\t\t\t\t\t\t<div class=\"e-gallery-item elementor-gallery-item elementor-animated-content\">\n\t\t\t\t\t<div class=\"e-gallery-image elementor-gallery-item__image\" data-thumbnail=\"https:\/\/afvan.com\/wp-content\/uploads\/2024\/03\/salgado-tamanho.jpg\" data-width=\"640\" data-height=\"480\" aria-label=\"\" role=\"img\" ><\/div>\n\t\t\t\t\t\t\t\t\t\t\t<div class=\"elementor-gallery-item__overlay\"><\/div>\n\t\t\t\t\t\t\t\t\t\t\t\t\t\t<\/div>\n\t\t\t\t\t\t\t<div class=\"e-gallery-item elementor-gallery-item elementor-animated-content\">\n\t\t\t\t\t<div class=\"e-gallery-image elementor-gallery-item__image\" data-thumbnail=\"https:\/\/afvan.com\/wp-content\/uploads\/2024\/03\/img-357233-de-olho-no-genesis.png\" data-width=\"800\" data-height=\"574\" aria-label=\"Genesi\" role=\"img\" ><\/div>\n\t\t\t\t\t\t\t\t\t\t\t<div class=\"elementor-gallery-item__overlay\"><\/div>\n\t\t\t\t\t\t\t\t\t\t\t\t\t\t<\/div>\n\t\t\t\t\t\t\t<div class=\"e-gallery-item elementor-gallery-item elementor-animated-content\">\n\t\t\t\t\t<div class=\"e-gallery-image elementor-gallery-item__image\" data-thumbnail=\"https:\/\/afvan.com\/wp-content\/uploads\/2024\/03\/images.jpeg\" data-width=\"180\" data-height=\"261\" aria-label=\"\" role=\"img\" ><\/div>\n\t\t\t\t\t\t\t\t\t\t\t<div class=\"elementor-gallery-item__overlay\"><\/div>\n\t\t\t\t\t\t\t\t\t\t\t\t\t\t<\/div>\n\t\t\t\t\t\t\t<div class=\"e-gallery-item elementor-gallery-item elementor-animated-content\">\n\t\t\t\t\t<div class=\"e-gallery-image elementor-gallery-item__image\" data-thumbnail=\"https:\/\/afvan.com\/wp-content\/uploads\/2024\/03\/canon_pro_sebastiao_salgado_1-1024x684.jpeg\" data-width=\"1024\" data-height=\"684\" aria-label=\"Kuwait\" role=\"img\" ><\/div>\n\t\t\t\t\t\t\t\t\t\t\t<div class=\"elementor-gallery-item__overlay\"><\/div>\n\t\t\t\t\t\t\t\t\t\t\t\t\t\t<\/div>\n\t\t\t\t\t\t\t<div class=\"e-gallery-item elementor-gallery-item elementor-animated-content\">\n\t\t\t\t\t<div class=\"e-gallery-image elementor-gallery-item__image\" data-thumbnail=\"https:\/\/afvan.com\/wp-content\/uploads\/2024\/03\/sebastiano-salgado-photography-1__880.jpg\" data-width=\"880\" data-height=\"644\" aria-label=\"\" role=\"img\" ><\/div>\n\t\t\t\t\t\t\t\t\t\t\t<div class=\"elementor-gallery-item__overlay\"><\/div>\n\t\t\t\t\t\t\t\t\t\t\t\t\t\t<\/div>\n\t\t\t\t\t\t\t<div class=\"e-gallery-item elementor-gallery-item elementor-animated-content\">\n\t\t\t\t\t<div class=\"e-gallery-image elementor-gallery-item__image\" data-thumbnail=\"https:\/\/afvan.com\/wp-content\/uploads\/2024\/03\/sebastiano-salgado-photography-3__880.jpg\" data-width=\"880\" data-height=\"644\" aria-label=\"\" role=\"img\" ><\/div>\n\t\t\t\t\t\t\t\t\t\t\t<div class=\"elementor-gallery-item__overlay\"><\/div>\n\t\t\t\t\t\t\t\t\t\t\t\t\t\t<\/div>\n\t\t\t\t\t<\/div>\n\t\t\t\t\t<\/div>\n\t\t\t\t<\/div>\n\t\t\t\t\t<\/div>\n\t\t\t\t<\/div>\n\t\t\t\t<\/div>\n\t\t","protected":false},"excerpt":{"rendered":"<p>Aquest mes coneixem a: Sebasti\u00e3o Salgado Sebasti\u00e3o Salgado El meu nom \u00e9s Sebasti\u00e3o Salgado (Aimor\u00e9s,\u00a0Minas Gerais, 8 de febrer de\u00a01944) \u00e9s un\u00a0fotoperiodista\u00a0brasiler,[1][2]\u00a0membre de l&#8217;ag\u00e8ncia Magnum\u00a0i guanyador de diversos premis\u00a0World Press Photo\u00a0(1984, 1988 i 1991),[3]\u00a0del\u00a0Hasselblad\u00a0(1989) i el\u00a0Pr\u00edncep d&#8217;Ast\u00faries de les Arts\u00a0(1998);[4]\u00a0el 2001 fou nomenat representant especial d&#8217;UNICEF,[5]\u00a0i \u00e9s membre d&#8217;honor de l&#8217;Acad\u00e8mia de les Arts i les Ci\u00e8ncies dels Estats Units.[1]\u00a0L&#8217;any 2019 va ingressar com a membre de l&#8217;Acad\u00e8mia de les Belles Arts de Fran\u00e7a.[6] Una mica de Sebasti\u00e3o Salgado Despr\u00e9s d&#8217;estudiar\u00a0Economia\u00a0a la\u00a0Universitat de S\u00e3o Paulo\u00a0el 1967 i a la\u00a0Universitat Vanderbilt\u00a0dels\u00a0Estats Units\u00a0el 1968, va realitzar una\u00a0tesi doctoral\u00a0sobre economia agr\u00edcola a\u00a0La Sorbona\u00a0de Par\u00eds el 1971.[7] Va treballar a l&#8217;ONG\u00a0International Coffee Organization (Organitzaci\u00f3 Internacional del Caf\u00e8), amb la qual hagu\u00e9 de viatjar diverses vegades a l&#8217;\u00c0frica\u00a0en missi\u00f3 del\u00a0Banc Mundial, per\u00f2 el 1973 abandona la seva carrera per dedicar-se a la fotografia, que va aprendre de manera autodidacta. A partir d&#8217;aquell moment comen\u00e7\u00e0 una llarga carrera de fot\u00f2graf, que li ha perm\u00e8s treballar per les millors ag\u00e8ncies fotogr\u00e0fiques:\u00a0Sygma\u00a0(1974-1975), Gamma (1975-1979) i\u00a0Magnum\u00a0(1979-1994). Aquest any va crear la seva pr\u00f2pia ag\u00e8ncia fotogr\u00e0fica, Amazonas Images, amb seu a\u00a0Par\u00eds, i amb la qual pret\u00e9n denunciar el treball de l&#8217;home i fer visible els que treballen i viuen a l&#8217;ombra de societat. Salgado \u00e9s un fot\u00f2graf comprom\u00e8s amb els temes socials, dins de la tradici\u00f3 fotogr\u00e0fica\u00a0sociodocumental: en la seva obra destaca la documentaci\u00f3 del treball de persones en pa\u00efsos menys desenvolupats o en situaci\u00f3 de pobresa. En la introducci\u00f3 del seu llibre\u00a0Exodos\u00a0diu: &#8220;M\u00e9s que mai, sento que solament hi ha una ra\u00e7a humana. M\u00e9s enll\u00e0 de les difer\u00e8ncies de color, de llenguatge, de cultura i possibilitats, els sentiments i reaccions de cada individu s\u00f3n id\u00e8ntics.&#8221; L&#8217;any 1991 la revista New Yorker va publicar una dura cr\u00edtica en la qual comentava la contradicci\u00f3 que hi havia entre els arguments de les seves fotografies i el fet que aquestes apareguessin en paper cuix\u00e9 o que s&#8217;exhibissin en galeries i en museus.[7]\u00a0A principis de l&#8217;any 2000, periodistes de\u00a0The New York Times[8]\u00a0i l&#8217;escriptora\u00a0Susan Sontag[9][10]\u00a0van criticar les fotografies de Salgado. El fot\u00f2graf va ser acusat d&#8217;utilitzar de manera c\u00ednica i comercial la mis\u00e8ria humana i d&#8217;exposar de manera bella les situacions dram\u00e0tiques, corrent el risc de fer perdre la seva autenticitat. &#8220;informaci\u00f3 extreta de Wikip\u00e8dia.&#8221; An\u00e0lisi de tres Fotografies Ic\u00f2niques Abans de comen\u00e7ar l&#8217;an\u00e0lisi de les seves fotografies, es posa l&#8217;accent en dues caracter\u00edstiques de Salgado: la dilaci\u00f3, el temps i el blanc i negre.\u00a0 Sebasti\u00e3o necessita arribar a un lloc, contemplar-lo i fer-lo seu. Unir-se a la tribu, con\u00e8ixer l&#8217;entorn i els lla\u00e7os existents, tant entre ells com amb la naturalesa. Involucrar-se d&#8217;arrel en el problema, passar mesos i anys, fins que finalment el projecte tingui forma.\u00a0 L&#8217;aposta pel blanc i negre es confirma en constatar que la major part de la seva obra aposta per aquesta gamma. Malgrat aix\u00f2, al llarg de la seva carrera tamb\u00e9 li van demanar imatges en color.\u00a0 El mateix Salgado (2014) considera que un dels grans avantatges del blanc i negre \u00e9s \u201cpoder dotar les imatges de m\u00e9s humanitat, de no dispersar-se en elements superflus de la instant\u00e0nia, donant llibertat a l&#8217;espectador d\u2019acolorir la pr\u00f2pia imatge\u201d.\u00a0 La caracter\u00edstica m\u00e9s distintiva de les fotos de Sebasti\u00e3o Salgado \u00e9s la seva composici\u00f3 cl\u00e0ssica, destacant-se l&#8217;\u00fas magistral de la llum i els negres intensos. Les seves imatges posseeixen una forta c\u00e0rrega simb\u00f2lica i transmeten una gravetat en els rostres dels subjectes retratats. M\u00e9s enll\u00e0 del seu car\u00e0cter de den\u00fancia, Salgado rescata la dignitat humana i ret homenatge als personatges que captura amb la seva lent.\u00a0 L&#8217;estil fotogr\u00e0fic de Sebasti\u00e3o Salgado es distingeix per la seva composici\u00f3 cl\u00e0ssica, l&#8217;\u00fas magistral de la llum i els negres intensos. Les seves imatges transmeten una c\u00e0rrega simb\u00f2lica i una gravetat en els rostres dels subjectes retratats, rescatant la dignitat humana i retent homenatge a cada personatge capturat.\u00a0 Kuwait, 1991 El treballador com a persona. Abatiment. Aigua i foc. Cat\u00e0strofe humana econ\u00f2mica i ambiental incalculable.\u00a0 seguir llegint.. G\u00e9nesi Superviv\u00e8ncia. Vida animal. Naturalesa. Muntanya, neu i mar. Instint animal. seguir llegint.. Mina Serra Pelada El treballador com a persona. Cansanci. Explotaci\u00f3 de l\u2019\u00e9sser hum\u00e0. Poders econ\u00f2mics. Humanitat i sensibilitat.\u00a0\u00a0\u00a0 seguir llegint.. Conclusi\u00f3 de l&#8217;an\u00e0lisi de les tres fotografies analitzades:\u00a0 Apreciem en aquesta an\u00e0lisi, l&#8217;\u00fas del blanc i negre i l&#8217;aposta per la cerca de contrastos \u00e9s una constant. Es tracta en tots els casos de projectes llargs, perfeccionats, de desgast emocional i f\u00edsic. Fins i tot, entre diferents projectes, se segueixen unes pautes comunes: mirades, humanitat i una ferma aposta mostrar els mons desconeguts i la seva realitat.\u00a0 Font: UAB- La Vanguardia \u2013 Blog del Fot\u00f3grafo \u2013 Universidad Andina Sim\u00f3n Bol\u00edvar i Universidad de La Laguna.\u00a0 \u00a0 Premis de Salgado:\u00a0 \u00a0 1982:\u202fPremi W. Eugene Smith Grant\u00a0 1985:\u202fPremi Leica Oskar Barnack\u00a0 1989:\u202fPremi Internacional de la Fundaci\u00f3 Hasselblad\u00a0 1992:\u202fPremi Leica Oskar Barnack\u00a0 1992:\u202fMembre honorari estranger de l\u2019Academia Nordamericana de les Arts i les Ciencies.\u00a0 1993:\u202fMedalla del centenari de la Reial Societat Fotogr\u00e0fica\u202f(del Regne Unit)\u00a0 1993:\u202fBeca honor\u00edfica (HonFRPS) de la Reial Societat Fotogr\u00e0fica\u202f(del Regne Unit)\u00a0 1994:\u202fGran Premi Nacional de Fotograf\u00eda (Ministeri de Cultura, Fran\u00e7a)\u00a0 1998:\u202fPremi Pr\u00edncep d\u2019Asturies de les Arts (Espanya) \u202f\u00a0 2003:\u202fPremi Internacional de la Societat Fotogr\u00e1fica de Jap\u00f3\u00a0 2007:\u202fPremi del P\u00fablic M2 \/ elmundo.es M2 en PhotoEspa\u00f1a\u00a0 2019:\u202fPremi de la Paz del Comercio Librero Alem\u00e1n\u00a0 2021:\u202fPremi Crystal del Foro Econ\u00f3mic Mundial\u00a0 2021:\u202fPraemium Imperiale\u202fde Jap\u00f3n\u00a0 Petita Mostra<\/p>\n","protected":false},"author":1,"featured_media":0,"parent":0,"menu_order":0,"comment_status":"closed","ping_status":"closed","template":"","meta":{"site-sidebar-layout":"no-sidebar","site-content-layout":"page-builder","ast-site-content-layout":"full-width-container","site-content-style":"default","site-sidebar-style":"default","ast-global-header-display":"","ast-banner-title-visibility":"","ast-main-header-display":"","ast-hfb-above-header-display":"","ast-hfb-below-header-display":"","ast-hfb-mobile-header-display":"","site-post-title":"disabled","ast-breadcrumbs-content":"","ast-featured-img":"disabled","footer-sml-layout":"","ast-disable-related-posts":"","theme-transparent-header-meta":"","adv-header-id-meta":"","stick-header-meta":"","header-above-stick-meta":"","header-main-stick-meta":"","header-below-stick-meta":"","astra-migrate-meta-layouts":"set","ast-page-background-enabled":"default","ast-page-background-meta":{"desktop":{"background-color":"var(--ast-global-color-4)","background-image":"","background-repeat":"repeat","background-position":"center center","background-size":"auto","background-attachment":"scroll","background-type":"","background-media":"","overlay-type":"","overlay-color":"","overlay-opacity":"","overlay-gradient":""},"tablet":{"background-color":"","background-image":"","background-repeat":"repeat","background-position":"center center","background-size":"auto","background-attachment":"scroll","background-type":"","background-media":"","overlay-type":"","overlay-color":"","overlay-opacity":"","overlay-gradient":""},"mobile":{"background-color":"","background-image":"","background-repeat":"repeat","background-position":"center center","background-size":"auto","background-attachment":"scroll","background-type":"","background-media":"","overlay-type":"","overlay-color":"","overlay-opacity":"","overlay-gradient":""}},"ast-content-background-meta":{"desktop":{"background-color":"var(--ast-global-color-5)","background-image":"","background-repeat":"repeat","background-position":"center center","background-size":"auto","background-attachment":"scroll","background-type":"","background-media":"","overlay-type":"","overlay-color":"","overlay-opacity":"","overlay-gradient":""},"tablet":{"background-color":"var(--ast-global-color-5)","background-image":"","background-repeat":"repeat","background-position":"center center","background-size":"auto","background-attachment":"scroll","background-type":"","background-media":"","overlay-type":"","overlay-color":"","overlay-opacity":"","overlay-gradient":""},"mobile":{"background-color":"var(--ast-global-color-5)","background-image":"","background-repeat":"repeat","background-position":"center center","background-size":"auto","background-attachment":"scroll","background-type":"","background-media":"","overlay-type":"","overlay-color":"","overlay-opacity":"","overlay-gradient":""}},"footnotes":""},"class_list":["post-4339","page","type-page","status-publish","hentry"],"aioseo_notices":[],"a3_pvc":{"activated":false,"total_views":0,"today_views":0},"_links":{"self":[{"href":"https:\/\/afvan.com\/index.php\/wp-json\/wp\/v2\/pages\/4339","targetHints":{"allow":["GET"]}}],"collection":[{"href":"https:\/\/afvan.com\/index.php\/wp-json\/wp\/v2\/pages"}],"about":[{"href":"https:\/\/afvan.com\/index.php\/wp-json\/wp\/v2\/types\/page"}],"author":[{"embeddable":true,"href":"https:\/\/afvan.com\/index.php\/wp-json\/wp\/v2\/users\/1"}],"replies":[{"embeddable":true,"href":"https:\/\/afvan.com\/index.php\/wp-json\/wp\/v2\/comments?post=4339"}],"version-history":[{"count":31,"href":"https:\/\/afvan.com\/index.php\/wp-json\/wp\/v2\/pages\/4339\/revisions"}],"predecessor-version":[{"id":4420,"href":"https:\/\/afvan.com\/index.php\/wp-json\/wp\/v2\/pages\/4339\/revisions\/4420"}],"wp:attachment":[{"href":"https:\/\/afvan.com\/index.php\/wp-json\/wp\/v2\/media?parent=4339"}],"curies":[{"name":"wp","href":"https:\/\/api.w.org\/{rel}","templated":true}]}}