{"id":6214,"date":"2026-01-13T19:56:43","date_gmt":"2026-01-13T18:56:43","guid":{"rendered":"https:\/\/afvan.com\/?page_id=6214"},"modified":"2026-01-16T07:27:25","modified_gmt":"2026-01-16T06:27:25","slug":"galeria-expo-2026","status":"publish","type":"page","link":"https:\/\/afvan.com\/index.php\/galeria-expo-2026\/","title":{"rendered":"Galeria  Expo 2026"},"content":{"rendered":"\t\t<div data-elementor-type=\"wp-page\" data-elementor-id=\"6214\" class=\"elementor elementor-6214\" data-elementor-post-type=\"page\">\n\t\t\t\t<div class=\"elementor-element elementor-element-a161035 e-flex e-con-boxed wpr-particle-no wpr-jarallax-no wpr-parallax-no wpr-sticky-section-no wpr-equal-height-no e-con e-parent\" data-id=\"a161035\" data-element_type=\"container\" data-e-type=\"container\">\n\t\t\t\t\t<div class=\"e-con-inner\">\n\t\t\t\t\t<\/div>\n\t\t\t\t<\/div>\n\t\t<div class=\"elementor-element elementor-element-c3a5c66 e-flex e-con-boxed wpr-particle-no wpr-jarallax-no wpr-parallax-no wpr-sticky-section-no wpr-equal-height-no e-con e-parent\" data-id=\"c3a5c66\" data-element_type=\"container\" data-e-type=\"container\">\n\t\t\t\t\t<div class=\"e-con-inner\">\n\t\t\t\t<div class=\"elementor-element elementor-element-87b2c73 htmega-title-align-center elementor-widget elementor-widget-section-title-addons\" data-id=\"87b2c73\" data-element_type=\"widget\" data-e-type=\"widget\" data-widget_type=\"section-title-addons.default\">\n\t\t\t\t<div class=\"elementor-widget-container\">\n\t\t\t\t\t            <div class=\"htmega-87b2c73 htmega-section-title htmega-subtitle-position-bottom title-style-two htmega-section-title-order-parent image-bottom\">\n                <h2 class=\"section-title-txt\">Galeria<\/h2><div class=htmega-title-sperator-sec><span class=\"htmega-title-sperator\">&nbsp;<\/span><\/div><p class=\"section-subtitle-txt\">Expo Afvan 2026<\/p>            <\/div>\n\n            \n        \t\t\t\t<\/div>\n\t\t\t\t<\/div>\n\t\t\t\t\t<\/div>\n\t\t\t\t<\/div>\n\t\t<div class=\"elementor-element elementor-element-f6b121b e-flex e-con-boxed wpr-particle-no wpr-jarallax-no wpr-parallax-no wpr-sticky-section-no wpr-equal-height-no e-con e-parent\" data-id=\"f6b121b\" data-element_type=\"container\" data-e-type=\"container\">\n\t\t\t\t\t<div class=\"e-con-inner\">\n\t\t<div class=\"elementor-element elementor-element-3146c35 e-con-full e-flex wpr-particle-no wpr-jarallax-no wpr-parallax-no wpr-sticky-section-no wpr-equal-height-no e-con e-child\" data-id=\"3146c35\" data-element_type=\"container\" data-e-type=\"container\">\n\t\t\t\t<div class=\"elementor-element elementor-element-37ab6e3 elementor-widget elementor-widget-image\" data-id=\"37ab6e3\" data-element_type=\"widget\" data-e-type=\"widget\" data-widget_type=\"image.default\">\n\t\t\t\t<div class=\"elementor-widget-container\">\n\t\t\t\t\t\t\t\t\t\t\t\t\t\t\t<img fetchpriority=\"high\" decoding=\"async\" width=\"1024\" height=\"724\" src=\"https:\/\/afvan.com\/wp-content\/uploads\/2026\/01\/Chechuexpo_01-1024x724.jpg\" class=\"attachment-large size-large wp-image-6229\" alt=\"\" srcset=\"https:\/\/afvan.com\/wp-content\/uploads\/2026\/01\/Chechuexpo_01-1024x724.jpg 1024w, https:\/\/afvan.com\/wp-content\/uploads\/2026\/01\/Chechuexpo_01-300x212.jpg 300w, https:\/\/afvan.com\/wp-content\/uploads\/2026\/01\/Chechuexpo_01-768x543.jpg 768w, https:\/\/afvan.com\/wp-content\/uploads\/2026\/01\/Chechuexpo_01-1536x1086.jpg 1536w, https:\/\/afvan.com\/wp-content\/uploads\/2026\/01\/Chechuexpo_01-2048x1448.jpg 2048w\" sizes=\"(max-width: 1024px) 100vw, 1024px\" \/>\t\t\t\t\t\t\t\t\t\t\t\t\t\t\t<\/div>\n\t\t\t\t<\/div>\n\t\t\t\t<div class=\"elementor-element elementor-element-b085a26 elementor-widget elementor-widget-text-editor\" data-id=\"b085a26\" data-element_type=\"widget\" data-e-type=\"widget\" data-widget_type=\"text-editor.default\">\n\t\t\t\t<div class=\"elementor-widget-container\">\n\t\t\t\t\t\t\t\t\t<h6 data-start=\"73\" data-end=\"86\"><strong data-start=\"77\" data-end=\"86\">T\u00edtol<\/strong><\/h6><p data-start=\"87\" data-end=\"112\"><strong data-start=\"87\" data-end=\"112\">Observant la tempesta<\/strong><\/p><h6 data-start=\"114\" data-end=\"127\"><strong data-start=\"118\" data-end=\"127\">Autor<\/strong><\/h6><p data-start=\"128\" data-end=\"151\"><strong data-start=\"128\" data-end=\"151\">Jose Manuel Bermudo<\/strong><\/p><h6 data-start=\"153\" data-end=\"185\"><strong data-start=\"157\" data-end=\"183\">Descripci\u00f3\u00a0<\/strong><\/h6><p data-start=\"186\" data-end=\"691\">Aquesta fotografia captura la immensitat del cel nocturn, on la quietud de les estrelles conviu amb la for\u00e7a indomable d\u2019una tempesta llunyana. Els llamps trenquen la foscor i revelen els volums dels n\u00favols, creant un contrast dram\u00e0tic amb la serenitat del firmament. En primer pla, un observatori astron\u00f2mic s\u2019al\u00e7a solitari sobre la muntanya, com un punt de trobada entre el coneixement hum\u00e0 i la grandesa de la natura, recordant-nos la petitesa de l\u2019\u00e9sser hum\u00e0 davant els fen\u00f2mens c\u00f2smics i atmosf\u00e8rics.<\/p><p data-start=\"725\" data-end=\"969\">\u00a0<\/p>\t\t\t\t\t\t\t\t<\/div>\n\t\t\t\t<\/div>\n\t\t\t\t<\/div>\n\t\t<div class=\"elementor-element elementor-element-e9ec93d e-con-full e-flex wpr-particle-no wpr-jarallax-no wpr-parallax-no wpr-sticky-section-no wpr-equal-height-no e-con e-child\" data-id=\"e9ec93d\" data-element_type=\"container\" data-e-type=\"container\">\n\t\t\t\t<div class=\"elementor-element elementor-element-fc15c69 elementor-widget elementor-widget-image\" data-id=\"fc15c69\" data-element_type=\"widget\" data-e-type=\"widget\" data-widget_type=\"image.default\">\n\t\t\t\t<div class=\"elementor-widget-container\">\n\t\t\t\t\t\t\t\t\t\t\t\t\t\t\t<img decoding=\"async\" width=\"1024\" height=\"724\" src=\"https:\/\/afvan.com\/wp-content\/uploads\/2026\/01\/Chechuexpo_02-1024x724.jpg\" class=\"attachment-large size-large wp-image-6231\" alt=\"\" srcset=\"https:\/\/afvan.com\/wp-content\/uploads\/2026\/01\/Chechuexpo_02-1024x724.jpg 1024w, https:\/\/afvan.com\/wp-content\/uploads\/2026\/01\/Chechuexpo_02-300x212.jpg 300w, https:\/\/afvan.com\/wp-content\/uploads\/2026\/01\/Chechuexpo_02-768x543.jpg 768w, https:\/\/afvan.com\/wp-content\/uploads\/2026\/01\/Chechuexpo_02-1536x1086.jpg 1536w, https:\/\/afvan.com\/wp-content\/uploads\/2026\/01\/Chechuexpo_02-2048x1448.jpg 2048w\" sizes=\"(max-width: 1024px) 100vw, 1024px\" \/>\t\t\t\t\t\t\t\t\t\t\t\t\t\t\t<\/div>\n\t\t\t\t<\/div>\n\t\t\t\t<div class=\"elementor-element elementor-element-27c97f4 elementor-widget elementor-widget-text-editor\" data-id=\"27c97f4\" data-element_type=\"widget\" data-e-type=\"widget\" data-widget_type=\"text-editor.default\">\n\t\t\t\t<div class=\"elementor-widget-container\">\n\t\t\t\t\t\t\t\t\t<h6 data-start=\"229\" data-end=\"242\"><strong data-start=\"233\" data-end=\"242\">T\u00edtol<\/strong><\/h6><p data-start=\"243\" data-end=\"265\"><strong data-start=\"243\" data-end=\"265\">Desaforats gegants<\/strong><\/p><h6 data-start=\"267\" data-end=\"280\"><strong data-start=\"271\" data-end=\"280\">Autor<\/strong><\/h6><p data-start=\"281\" data-end=\"304\"><strong data-start=\"281\" data-end=\"304\">Jose Manuel Bermudo<\/strong><\/p><h6 data-start=\"306\" data-end=\"338\"><strong data-start=\"310\" data-end=\"336\">Descripci\u00f3\u00a0<\/strong><\/h6><p data-start=\"339\" data-end=\"876\">La imatge mostra un conjunt de molins de vent tradicionals que s\u2019alcen sobre el tur\u00f3, silenciosos i imponents, sota un cel crepuscular tenyit de tons violetes i ataronjats. La il\u00b7luminaci\u00f3 artificial destaca la geometria blanca dels molins, mentre que al fons un castell il\u00b7luminat emergeix com a s\u00edmbol del passat hist\u00f2ric del territori.<br data-start=\"677\" data-end=\"680\" \/>L\u2019escena estableix un di\u00e0leg visual entre el patrimoni etnogr\u00e0fic i l\u2019arquitectura defensiva, evocant l\u2019imaginari cervant\u00ed i la lluita eterna entre realitat i llegenda, entre l\u2019home i el paisatge.<\/p><h3 data-start=\"878\" data-end=\"890\">\u00a0<\/h3>\t\t\t\t\t\t\t\t<\/div>\n\t\t\t\t<\/div>\n\t\t\t\t<\/div>\n\t\t<div class=\"elementor-element elementor-element-94f382c e-con-full e-flex wpr-particle-no wpr-jarallax-no wpr-parallax-no wpr-sticky-section-no wpr-equal-height-no e-con e-child\" data-id=\"94f382c\" data-element_type=\"container\" data-e-type=\"container\">\n\t\t\t\t<div class=\"elementor-element elementor-element-75368b3 elementor-widget elementor-widget-image\" data-id=\"75368b3\" data-element_type=\"widget\" data-e-type=\"widget\" data-widget_type=\"image.default\">\n\t\t\t\t<div class=\"elementor-widget-container\">\n\t\t\t\t\t\t\t\t\t\t\t\t\t\t\t<img decoding=\"async\" width=\"1024\" height=\"724\" src=\"https:\/\/afvan.com\/wp-content\/uploads\/2026\/01\/Cheroexpo_01-1024x724.jpg\" class=\"attachment-large size-large wp-image-6235\" alt=\"\" srcset=\"https:\/\/afvan.com\/wp-content\/uploads\/2026\/01\/Cheroexpo_01-1024x724.jpg 1024w, https:\/\/afvan.com\/wp-content\/uploads\/2026\/01\/Cheroexpo_01-300x212.jpg 300w, https:\/\/afvan.com\/wp-content\/uploads\/2026\/01\/Cheroexpo_01-768x543.jpg 768w, https:\/\/afvan.com\/wp-content\/uploads\/2026\/01\/Cheroexpo_01-1536x1086.jpg 1536w, https:\/\/afvan.com\/wp-content\/uploads\/2026\/01\/Cheroexpo_01-2048x1448.jpg 2048w\" sizes=\"(max-width: 1024px) 100vw, 1024px\" \/>\t\t\t\t\t\t\t\t\t\t\t\t\t\t\t<\/div>\n\t\t\t\t<\/div>\n\t\t\t\t<div class=\"elementor-element elementor-element-12af10c elementor-widget elementor-widget-text-editor\" data-id=\"12af10c\" data-element_type=\"widget\" data-e-type=\"widget\" data-widget_type=\"text-editor.default\">\n\t\t\t\t<div class=\"elementor-widget-container\">\n\t\t\t\t\t\t\t\t\t<h6 data-start=\"283\" data-end=\"296\"><strong data-start=\"287\" data-end=\"296\">T\u00edtol<\/strong><\/h6><p data-start=\"297\" data-end=\"320\"><strong data-start=\"297\" data-end=\"320\">Cam\u00ed cap al silenci<\/strong><\/p><h6 data-start=\"322\" data-end=\"335\"><strong data-start=\"326\" data-end=\"335\">Autor<\/strong><\/h6><p data-start=\"336\" data-end=\"357\"><strong data-start=\"336\" data-end=\"357\">Miguel Borrachero<\/strong><\/p><h6 data-start=\"359\" data-end=\"391\"><strong data-start=\"363\" data-end=\"389\">Descripci\u00f3\u00a0<\/strong><\/h6><p data-start=\"392\" data-end=\"908\">La fotografia mostra la figura d\u2019un fot\u00f2graf avan\u00e7ant en solitud per un entorn d\u2019alta muntanya, mentre la llum suau de l\u2019alba o del capvespre tenyeix el cel de tons c\u00e0lids. D\u2019esquena a l\u2019espectador i carregat amb l\u2019equip fotogr\u00e0fic, l\u2019\u00e9sser hum\u00e0 esdev\u00e9 petit davant la immensitat del paisatge, refor\u00e7ant una sensaci\u00f3 d\u2019introspecci\u00f3, esfor\u00e7 i connexi\u00f3 profunda amb la natura.<br data-start=\"766\" data-end=\"769\" \/>El cam\u00ed representat no \u00e9s nom\u00e9s f\u00edsic, sin\u00f3 tamb\u00e9 interior: una recerca de silenci, llum i significat enmig de la grandesa del m\u00f3n natural.<\/p>\t\t\t\t\t\t\t\t<\/div>\n\t\t\t\t<\/div>\n\t\t\t\t<\/div>\n\t\t<div class=\"elementor-element elementor-element-409f269 e-con-full e-flex wpr-particle-no wpr-jarallax-no wpr-parallax-no wpr-sticky-section-no wpr-equal-height-no e-con e-child\" data-id=\"409f269\" data-element_type=\"container\" data-e-type=\"container\">\n\t\t\t\t<div class=\"elementor-element elementor-element-1becb8b elementor-widget elementor-widget-image\" data-id=\"1becb8b\" data-element_type=\"widget\" data-e-type=\"widget\" data-widget_type=\"image.default\">\n\t\t\t\t<div class=\"elementor-widget-container\">\n\t\t\t\t\t\t\t\t\t\t\t\t\t\t\t<img loading=\"lazy\" decoding=\"async\" width=\"1024\" height=\"724\" src=\"https:\/\/afvan.com\/wp-content\/uploads\/2026\/01\/Cheroexpo_02-1024x724.jpg\" class=\"attachment-large size-large wp-image-6240\" alt=\"\" srcset=\"https:\/\/afvan.com\/wp-content\/uploads\/2026\/01\/Cheroexpo_02-1024x724.jpg 1024w, https:\/\/afvan.com\/wp-content\/uploads\/2026\/01\/Cheroexpo_02-300x212.jpg 300w, https:\/\/afvan.com\/wp-content\/uploads\/2026\/01\/Cheroexpo_02-768x543.jpg 768w, https:\/\/afvan.com\/wp-content\/uploads\/2026\/01\/Cheroexpo_02-1536x1086.jpg 1536w, https:\/\/afvan.com\/wp-content\/uploads\/2026\/01\/Cheroexpo_02-2048x1448.jpg 2048w\" sizes=\"(max-width: 1024px) 100vw, 1024px\" \/>\t\t\t\t\t\t\t\t\t\t\t\t\t\t\t<\/div>\n\t\t\t\t<\/div>\n\t\t\t\t<div class=\"elementor-element elementor-element-0219e78 elementor-widget elementor-widget-text-editor\" data-id=\"0219e78\" data-element_type=\"widget\" data-e-type=\"widget\" data-widget_type=\"text-editor.default\">\n\t\t\t\t<div class=\"elementor-widget-container\">\n\t\t\t\t\t\t\t\t\t<h6 data-start=\"73\" data-end=\"86\"><strong data-start=\"77\" data-end=\"86\">T\u00edtol<\/strong><\/h6><p data-start=\"87\" data-end=\"112\"><strong data-start=\"87\" data-end=\"112\">Ll\u00e0grimes<\/strong><\/p><h6 data-start=\"114\" data-end=\"127\"><strong data-start=\"118\" data-end=\"127\">Autor<\/strong><\/h6><p data-start=\"128\" data-end=\"151\"><strong data-start=\"128\" data-end=\"151\">Miguel Borrachero<\/strong><\/p><h6 data-start=\"153\" data-end=\"185\"><strong data-start=\"157\" data-end=\"183\">Descripci\u00f3\u00a0<\/strong><\/h6><p>Aquesta imatge captura una pluja d&#8217;estrelles fugaces radiant des d&#8217;un cel estrellat amb n\u00favols suaus, amb una torre d&#8217;esgl\u00e9sia rom\u00e0nica de pedra al primer terme i una muntanya al fons, evocant m\u00e0gia nocturna i tradici\u00f3 pirinenca<\/p><p data-start=\"725\" data-end=\"969\">\u00a0<\/p>\t\t\t\t\t\t\t\t<\/div>\n\t\t\t\t<\/div>\n\t\t\t\t<\/div>\n\t\t<div class=\"elementor-element elementor-element-7cee131 e-con-full e-flex wpr-particle-no wpr-jarallax-no wpr-parallax-no wpr-sticky-section-no wpr-equal-height-no e-con e-child\" data-id=\"7cee131\" data-element_type=\"container\" data-e-type=\"container\">\n\t\t\t\t<div class=\"elementor-element elementor-element-b14129a elementor-widget elementor-widget-image\" data-id=\"b14129a\" data-element_type=\"widget\" data-e-type=\"widget\" data-widget_type=\"image.default\">\n\t\t\t\t<div class=\"elementor-widget-container\">\n\t\t\t\t\t\t\t\t\t\t\t\t\t\t\t<img loading=\"lazy\" decoding=\"async\" width=\"1024\" height=\"724\" src=\"https:\/\/afvan.com\/wp-content\/uploads\/2026\/01\/Danielexpo_01-1024x724.jpg\" class=\"attachment-large size-large wp-image-6242\" alt=\"\" srcset=\"https:\/\/afvan.com\/wp-content\/uploads\/2026\/01\/Danielexpo_01-1024x724.jpg 1024w, https:\/\/afvan.com\/wp-content\/uploads\/2026\/01\/Danielexpo_01-300x212.jpg 300w, https:\/\/afvan.com\/wp-content\/uploads\/2026\/01\/Danielexpo_01-768x543.jpg 768w, https:\/\/afvan.com\/wp-content\/uploads\/2026\/01\/Danielexpo_01-1536x1086.jpg 1536w, https:\/\/afvan.com\/wp-content\/uploads\/2026\/01\/Danielexpo_01-2048x1448.jpg 2048w\" sizes=\"(max-width: 1024px) 100vw, 1024px\" \/>\t\t\t\t\t\t\t\t\t\t\t\t\t\t\t<\/div>\n\t\t\t\t<\/div>\n\t\t\t\t<div class=\"elementor-element elementor-element-890d9c7 elementor-widget elementor-widget-text-editor\" data-id=\"890d9c7\" data-element_type=\"widget\" data-e-type=\"widget\" data-widget_type=\"text-editor.default\">\n\t\t\t\t<div class=\"elementor-widget-container\">\n\t\t\t\t\t\t\t\t\t<h6 data-start=\"73\" data-end=\"86\"><strong data-start=\"77\" data-end=\"86\">T\u00edtol<\/strong><\/h6><p data-start=\"87\" data-end=\"112\"><strong data-start=\"87\" data-end=\"112\">Silenci de Gel Trencat<\/strong><\/p><h6 data-start=\"114\" data-end=\"127\"><strong data-start=\"118\" data-end=\"127\">Autor<\/strong><\/h6><p data-start=\"128\" data-end=\"151\"><strong data-start=\"128\" data-end=\"151\">Daniel Murcia<\/strong><\/p><h6 data-start=\"153\" data-end=\"185\"><strong data-start=\"157\" data-end=\"183\">Descripci\u00f3\u00a0<\/strong><\/h6><p>Un mur de gel antic s\u2019al\u00e7a sobre l\u2019aigua quieta, esquerdat per franges fosques de cendra i sediment que revelen la mem\u00f2ria geol\u00f2gica del paisatge. \u200b Els tons blaus intensos emergeixen de l\u2019interior del gla\u00e7, resultat de la neu comprimida durant d\u00e8cades fins a transformar-se en cristall gaireb\u00e9 pur.<\/p>\t\t\t\t\t\t\t\t<\/div>\n\t\t\t\t<\/div>\n\t\t\t\t<\/div>\n\t\t<div class=\"elementor-element elementor-element-a1b4fbf e-con-full e-flex wpr-particle-no wpr-jarallax-no wpr-parallax-no wpr-sticky-section-no wpr-equal-height-no e-con e-child\" data-id=\"a1b4fbf\" data-element_type=\"container\" data-e-type=\"container\">\n\t\t\t\t<div class=\"elementor-element elementor-element-eb220cf elementor-widget elementor-widget-image\" data-id=\"eb220cf\" data-element_type=\"widget\" data-e-type=\"widget\" data-widget_type=\"image.default\">\n\t\t\t\t<div class=\"elementor-widget-container\">\n\t\t\t\t\t\t\t\t\t\t\t\t\t\t\t<img loading=\"lazy\" decoding=\"async\" width=\"1024\" height=\"724\" src=\"https:\/\/afvan.com\/wp-content\/uploads\/2026\/01\/Danielexpo_02-1024x724.jpg\" class=\"attachment-large size-large wp-image-6243\" alt=\"\" srcset=\"https:\/\/afvan.com\/wp-content\/uploads\/2026\/01\/Danielexpo_02-1024x724.jpg 1024w, https:\/\/afvan.com\/wp-content\/uploads\/2026\/01\/Danielexpo_02-300x212.jpg 300w, https:\/\/afvan.com\/wp-content\/uploads\/2026\/01\/Danielexpo_02-768x543.jpg 768w, https:\/\/afvan.com\/wp-content\/uploads\/2026\/01\/Danielexpo_02-1536x1086.jpg 1536w, https:\/\/afvan.com\/wp-content\/uploads\/2026\/01\/Danielexpo_02-2048x1448.jpg 2048w\" sizes=\"(max-width: 1024px) 100vw, 1024px\" \/>\t\t\t\t\t\t\t\t\t\t\t\t\t\t\t<\/div>\n\t\t\t\t<\/div>\n\t\t\t\t<div class=\"elementor-element elementor-element-4c572e2 elementor-widget elementor-widget-text-editor\" data-id=\"4c572e2\" data-element_type=\"widget\" data-e-type=\"widget\" data-widget_type=\"text-editor.default\">\n\t\t\t\t<div class=\"elementor-widget-container\">\n\t\t\t\t\t\t\t\t\t<h6 data-start=\"73\" data-end=\"86\"><strong data-start=\"77\" data-end=\"86\">T\u00edtol<\/strong><\/h6><h6>Cam\u00ed serpentejant als Pirineus<\/h6><h6 data-start=\"114\" data-end=\"127\"><strong data-start=\"118\" data-end=\"127\">Autor<\/strong><\/h6><p data-start=\"128\" data-end=\"151\"><strong data-start=\"128\" data-end=\"151\">Daniel murcia<\/strong><\/p><h6 data-start=\"153\" data-end=\"185\"><strong data-start=\"157\" data-end=\"183\">Descripci\u00f3\u00a0<\/strong><\/h6><p>Una carretera de muntanya dibuixa un tra\u00e7 sinu\u00f3s sobre la vall, com un llapis blanc que ressegueix el relleu fins perdre\u2019s entre cims escarpats. Els prats d\u2019alta muntanya, esquitxats de roques i colors de tardor, contrasten amb la duresa mineral de les crestes, suggerint un paisatge tant fr\u00e0gil com indomable.<\/p>\t\t\t\t\t\t\t\t<\/div>\n\t\t\t\t<\/div>\n\t\t\t\t<\/div>\n\t\t<div class=\"elementor-element elementor-element-b482a14 e-con-full e-flex wpr-particle-no wpr-jarallax-no wpr-parallax-no wpr-sticky-section-no wpr-equal-height-no e-con e-child\" data-id=\"b482a14\" data-element_type=\"container\" data-e-type=\"container\">\n\t\t\t\t<div class=\"elementor-element elementor-element-ffa6bcc elementor-widget elementor-widget-image\" data-id=\"ffa6bcc\" data-element_type=\"widget\" data-e-type=\"widget\" data-widget_type=\"image.default\">\n\t\t\t\t<div class=\"elementor-widget-container\">\n\t\t\t\t\t\t\t\t\t\t\t\t\t\t\t<img loading=\"lazy\" decoding=\"async\" width=\"724\" height=\"1024\" src=\"https:\/\/afvan.com\/wp-content\/uploads\/2026\/01\/Esteveexpo_01-724x1024.jpg\" class=\"attachment-large size-large wp-image-6244\" alt=\"\" srcset=\"https:\/\/afvan.com\/wp-content\/uploads\/2026\/01\/Esteveexpo_01-724x1024.jpg 724w, https:\/\/afvan.com\/wp-content\/uploads\/2026\/01\/Esteveexpo_01-212x300.jpg 212w, https:\/\/afvan.com\/wp-content\/uploads\/2026\/01\/Esteveexpo_01-768x1086.jpg 768w, https:\/\/afvan.com\/wp-content\/uploads\/2026\/01\/Esteveexpo_01-1086x1536.jpg 1086w, https:\/\/afvan.com\/wp-content\/uploads\/2026\/01\/Esteveexpo_01-1448x2048.jpg 1448w\" sizes=\"(max-width: 724px) 100vw, 724px\" \/>\t\t\t\t\t\t\t\t\t\t\t\t\t\t\t<\/div>\n\t\t\t\t<\/div>\n\t\t\t\t<div class=\"elementor-element elementor-element-67bcb07 elementor-widget elementor-widget-text-editor\" data-id=\"67bcb07\" data-element_type=\"widget\" data-e-type=\"widget\" data-widget_type=\"text-editor.default\">\n\t\t\t\t<div class=\"elementor-widget-container\">\n\t\t\t\t\t\t\t\t\t<h6 data-start=\"73\" data-end=\"86\"><strong data-start=\"77\" data-end=\"86\">T\u00edtol<\/strong><\/h6><p data-start=\"87\" data-end=\"112\"><strong data-start=\"87\" data-end=\"112\">Morning Fog<\/strong><\/p><h6 data-start=\"114\" data-end=\"127\"><strong data-start=\"118\" data-end=\"127\">Autor<\/strong><\/h6><p data-start=\"128\" data-end=\"151\"><strong data-start=\"128\" data-end=\"151\">Esteve Argelich<\/strong><\/p><h6 data-start=\"153\" data-end=\"185\"><strong data-start=\"157\" data-end=\"183\">Descripci\u00f3\u00a0<\/strong><\/h6><p>Una barca de fusta gastada reposa imm\u00f2bil a l\u2019aigua rasa, lligada a un pal solitari mentre la marea dibuixa textures verdes d\u2019algues al fons. La llum suau que s\u2019obre entre els n\u00favols il\u00b7lumina la coberta humida i converteix l\u2019estampa en un moment de quietud, com si el temps al port s\u2019hagu\u00e9s aturat.<\/p>\t\t\t\t\t\t\t\t<\/div>\n\t\t\t\t<\/div>\n\t\t\t\t<\/div>\n\t\t<div class=\"elementor-element elementor-element-2ccd2d9 e-con-full e-flex wpr-particle-no wpr-jarallax-no wpr-parallax-no wpr-sticky-section-no wpr-equal-height-no e-con e-child\" data-id=\"2ccd2d9\" data-element_type=\"container\" data-e-type=\"container\">\n\t\t\t\t<div class=\"elementor-element elementor-element-2c519f1 elementor-widget elementor-widget-image\" data-id=\"2c519f1\" data-element_type=\"widget\" data-e-type=\"widget\" data-widget_type=\"image.default\">\n\t\t\t\t<div class=\"elementor-widget-container\">\n\t\t\t\t\t\t\t\t\t\t\t\t\t\t\t<img loading=\"lazy\" decoding=\"async\" width=\"724\" height=\"1024\" src=\"https:\/\/afvan.com\/wp-content\/uploads\/2026\/01\/Esteveexpo_02-724x1024.jpg\" class=\"attachment-large size-large wp-image-6245\" alt=\"\" srcset=\"https:\/\/afvan.com\/wp-content\/uploads\/2026\/01\/Esteveexpo_02-724x1024.jpg 724w, https:\/\/afvan.com\/wp-content\/uploads\/2026\/01\/Esteveexpo_02-212x300.jpg 212w, https:\/\/afvan.com\/wp-content\/uploads\/2026\/01\/Esteveexpo_02-768x1086.jpg 768w, https:\/\/afvan.com\/wp-content\/uploads\/2026\/01\/Esteveexpo_02-1086x1536.jpg 1086w, https:\/\/afvan.com\/wp-content\/uploads\/2026\/01\/Esteveexpo_02-1448x2048.jpg 1448w\" sizes=\"(max-width: 724px) 100vw, 724px\" \/>\t\t\t\t\t\t\t\t\t\t\t\t\t\t\t<\/div>\n\t\t\t\t<\/div>\n\t\t\t\t<div class=\"elementor-element elementor-element-0cddfb5 elementor-widget elementor-widget-text-editor\" data-id=\"0cddfb5\" data-element_type=\"widget\" data-e-type=\"widget\" data-widget_type=\"text-editor.default\">\n\t\t\t\t<div class=\"elementor-widget-container\">\n\t\t\t\t\t\t\t\t\t<h6 data-start=\"73\" data-end=\"86\"><strong data-start=\"77\" data-end=\"86\">T\u00edtol<\/strong><\/h6><p data-start=\"87\" data-end=\"112\"><strong data-start=\"87\" data-end=\"112\">Roques i aigua salada<\/strong><\/p><h6 data-start=\"114\" data-end=\"127\"><strong data-start=\"118\" data-end=\"127\">Autor<\/strong><\/h6><p data-start=\"128\" data-end=\"151\"><strong data-start=\"128\" data-end=\"151\">Esteve Argelich<\/strong><\/p><h6 data-start=\"153\" data-end=\"185\"><strong data-start=\"157\" data-end=\"183\">Descripci\u00f3\u00a0<\/strong><\/h6><p>Les roques s\u2019alcen com figures imm\u00f2bils dins l\u2019aigua, mentre les onades llisquen entre els c\u00f2dols deixant-hi un vel fi d\u2019escuma que sembla dibuixar el pas del temps. El cel enc\u00e8s del capvespre envolta aquestes formes minerals i transforma la cala en un escenari gaireb\u00e9 m\u00edtic, on la llum i la pedra dialoguen en silenci.<\/p>\t\t\t\t\t\t\t\t<\/div>\n\t\t\t\t<\/div>\n\t\t\t\t<\/div>\n\t\t<div class=\"elementor-element elementor-element-ad89194 e-con-full e-flex wpr-particle-no wpr-jarallax-no wpr-parallax-no wpr-sticky-section-no wpr-equal-height-no e-con e-child\" data-id=\"ad89194\" data-element_type=\"container\" data-e-type=\"container\">\n\t\t\t\t<div class=\"elementor-element elementor-element-1f98bff elementor-widget elementor-widget-image\" data-id=\"1f98bff\" data-element_type=\"widget\" data-e-type=\"widget\" data-widget_type=\"image.default\">\n\t\t\t\t<div class=\"elementor-widget-container\">\n\t\t\t\t\t\t\t\t\t\t\t\t\t\t\t<img loading=\"lazy\" decoding=\"async\" width=\"724\" height=\"1024\" src=\"https:\/\/afvan.com\/wp-content\/uploads\/2026\/01\/evaexpo_01-724x1024.jpg\" class=\"attachment-large size-large wp-image-6246\" alt=\"\" srcset=\"https:\/\/afvan.com\/wp-content\/uploads\/2026\/01\/evaexpo_01-724x1024.jpg 724w, https:\/\/afvan.com\/wp-content\/uploads\/2026\/01\/evaexpo_01-212x300.jpg 212w, https:\/\/afvan.com\/wp-content\/uploads\/2026\/01\/evaexpo_01-768x1086.jpg 768w, https:\/\/afvan.com\/wp-content\/uploads\/2026\/01\/evaexpo_01-1086x1536.jpg 1086w, https:\/\/afvan.com\/wp-content\/uploads\/2026\/01\/evaexpo_01-1448x2048.jpg 1448w\" sizes=\"(max-width: 724px) 100vw, 724px\" \/>\t\t\t\t\t\t\t\t\t\t\t\t\t\t\t<\/div>\n\t\t\t\t<\/div>\n\t\t\t\t<div class=\"elementor-element elementor-element-0fd18f6 elementor-widget elementor-widget-text-editor\" data-id=\"0fd18f6\" data-element_type=\"widget\" data-e-type=\"widget\" data-widget_type=\"text-editor.default\">\n\t\t\t\t<div class=\"elementor-widget-container\">\n\t\t\t\t\t\t\t\t\t<h6 data-start=\"73\" data-end=\"86\"><strong data-start=\"77\" data-end=\"86\">T\u00edtol<\/strong><\/h6><p data-start=\"87\" data-end=\"112\"><strong data-start=\"87\" data-end=\"112\">Coll de la Botella Perse\u00efds<\/strong><\/p><h6 data-start=\"114\" data-end=\"127\"><strong data-start=\"118\" data-end=\"127\">Autor<\/strong><\/h6><p data-start=\"128\" data-end=\"151\"><strong data-start=\"128\" data-end=\"151\">Eva L\u00f3pez<\/strong><\/p><h6 data-start=\"153\" data-end=\"185\"><strong data-start=\"157\" data-end=\"183\">Descripci\u00f3\u00a0<\/strong><\/h6><p>La Via L\u00e0ctia s\u2019al\u00e7a com una franja lluent sobre el perfil fosc dels arbres, mentre diverses traces de meteors travessen el cel nocturn en silenci. Els tons violacis i la llum t\u00e8nue a l\u2019horitz\u00f3 accentuen la sensaci\u00f3 de profunditat, convertint la nit en una finestra oberta a l\u2019univers m\u00e9s enll\u00e0 del nostre bosc.<\/p>\t\t\t\t\t\t\t\t<\/div>\n\t\t\t\t<\/div>\n\t\t\t\t<\/div>\n\t\t<div class=\"elementor-element elementor-element-0cc1f99 e-con-full e-flex wpr-particle-no wpr-jarallax-no wpr-parallax-no wpr-sticky-section-no wpr-equal-height-no e-con e-child\" data-id=\"0cc1f99\" data-element_type=\"container\" data-e-type=\"container\">\n\t\t\t\t<div class=\"elementor-element elementor-element-17b2f55 elementor-widget elementor-widget-image\" data-id=\"17b2f55\" data-element_type=\"widget\" data-e-type=\"widget\" data-widget_type=\"image.default\">\n\t\t\t\t<div class=\"elementor-widget-container\">\n\t\t\t\t\t\t\t\t\t\t\t\t\t\t\t<img loading=\"lazy\" decoding=\"async\" width=\"1024\" height=\"724\" src=\"https:\/\/afvan.com\/wp-content\/uploads\/2026\/01\/evaexpo_02-1024x724.jpg\" class=\"attachment-large size-large wp-image-6247\" alt=\"\" srcset=\"https:\/\/afvan.com\/wp-content\/uploads\/2026\/01\/evaexpo_02-1024x724.jpg 1024w, https:\/\/afvan.com\/wp-content\/uploads\/2026\/01\/evaexpo_02-300x212.jpg 300w, https:\/\/afvan.com\/wp-content\/uploads\/2026\/01\/evaexpo_02-768x543.jpg 768w, https:\/\/afvan.com\/wp-content\/uploads\/2026\/01\/evaexpo_02-1536x1086.jpg 1536w, https:\/\/afvan.com\/wp-content\/uploads\/2026\/01\/evaexpo_02-2048x1448.jpg 2048w\" sizes=\"(max-width: 1024px) 100vw, 1024px\" \/>\t\t\t\t\t\t\t\t\t\t\t\t\t\t\t<\/div>\n\t\t\t\t<\/div>\n\t\t\t\t<div class=\"elementor-element elementor-element-08ed21a elementor-widget elementor-widget-text-editor\" data-id=\"08ed21a\" data-element_type=\"widget\" data-e-type=\"widget\" data-widget_type=\"text-editor.default\">\n\t\t\t\t<div class=\"elementor-widget-container\">\n\t\t\t\t\t\t\t\t\t<h6 data-start=\"73\" data-end=\"86\"><strong data-start=\"77\" data-end=\"86\">T\u00edtol<\/strong><\/h6><p data-start=\"87\" data-end=\"112\"><strong data-start=\"87\" data-end=\"112\">Azores flores<\/strong><\/p><h6 data-start=\"114\" data-end=\"127\"><strong data-start=\"118\" data-end=\"127\">Autor<\/strong><\/h6><p data-start=\"128\" data-end=\"151\"><strong data-start=\"128\" data-end=\"151\">Eva L\u00f3pez<\/strong><\/p><h6 data-start=\"153\" data-end=\"185\"><strong data-start=\"157\" data-end=\"183\">Descripci\u00f3\u00a0<\/strong><\/h6><p>Un amfiteatre de muntanyes cobertes d\u2019un verd intens es desploma en parets verticals d\u2019on neixen fils d\u2019aigua que cauen com cortines fines sobre la vall. El llac en calma als peus del cingle reflecteix aquest paisatge exuberant i converteix l\u2019escena en un mirall natural on la llum i la vegetaci\u00f3 es fonen en un sol quadre.<\/p>\t\t\t\t\t\t\t\t<\/div>\n\t\t\t\t<\/div>\n\t\t\t\t<\/div>\n\t\t<div class=\"elementor-element elementor-element-c262197 e-con-full e-flex wpr-particle-no wpr-jarallax-no wpr-parallax-no wpr-sticky-section-no wpr-equal-height-no e-con e-child\" data-id=\"c262197\" data-element_type=\"container\" data-e-type=\"container\">\n\t\t\t\t<div class=\"elementor-element elementor-element-1e5ddd0 elementor-widget elementor-widget-image\" data-id=\"1e5ddd0\" data-element_type=\"widget\" data-e-type=\"widget\" data-widget_type=\"image.default\">\n\t\t\t\t<div class=\"elementor-widget-container\">\n\t\t\t\t\t\t\t\t\t\t\t\t\t\t\t<img loading=\"lazy\" decoding=\"async\" width=\"1024\" height=\"724\" src=\"https:\/\/afvan.com\/wp-content\/uploads\/2026\/01\/fcoexpo_01-1024x724.jpg\" class=\"attachment-large size-large wp-image-6248\" alt=\"\" srcset=\"https:\/\/afvan.com\/wp-content\/uploads\/2026\/01\/fcoexpo_01-1024x724.jpg 1024w, https:\/\/afvan.com\/wp-content\/uploads\/2026\/01\/fcoexpo_01-300x212.jpg 300w, https:\/\/afvan.com\/wp-content\/uploads\/2026\/01\/fcoexpo_01-768x543.jpg 768w, https:\/\/afvan.com\/wp-content\/uploads\/2026\/01\/fcoexpo_01-1536x1086.jpg 1536w, https:\/\/afvan.com\/wp-content\/uploads\/2026\/01\/fcoexpo_01-2048x1448.jpg 2048w\" sizes=\"(max-width: 1024px) 100vw, 1024px\" \/>\t\t\t\t\t\t\t\t\t\t\t\t\t\t\t<\/div>\n\t\t\t\t<\/div>\n\t\t\t\t<div class=\"elementor-element elementor-element-2fa7713 elementor-widget elementor-widget-text-editor\" data-id=\"2fa7713\" data-element_type=\"widget\" data-e-type=\"widget\" data-widget_type=\"text-editor.default\">\n\t\t\t\t<div class=\"elementor-widget-container\">\n\t\t\t\t\t\t\t\t\t<h6 data-start=\"73\" data-end=\"86\"><strong data-start=\"77\" data-end=\"86\">T\u00edtol<\/strong><\/h6><p data-start=\"87\" data-end=\"112\"><strong data-start=\"87\" data-end=\"112\">Simfonia d&#8217;aigua i basalt<\/strong><\/p><h6 data-start=\"114\" data-end=\"127\"><strong data-start=\"118\" data-end=\"127\">Autor<\/strong><\/h6><p data-start=\"128\" data-end=\"151\"><strong data-start=\"128\" data-end=\"151\">Francisco Cornellana<\/strong><\/p><h6 data-start=\"153\" data-end=\"185\"><strong data-start=\"157\" data-end=\"183\">Descripci\u00f3\u00a0<\/strong><\/h6><p>Un salt d\u2019aigua es desplega en diversos cortinatges blancs que llisquen suaument sobre la roca fosca abans de fondre\u2019s en un riu de tons turquesa. Al fons, la silueta piramidal de la muntanya s\u2019al\u00e7a sobre la plana de molsa verda, com un far mineral que domina l\u2019horitz\u00f3 sota un cel carregat de n\u00favols<\/p>\t\t\t\t\t\t\t\t<\/div>\n\t\t\t\t<\/div>\n\t\t\t\t<\/div>\n\t\t<div class=\"elementor-element elementor-element-95c42b8 e-con-full e-flex wpr-particle-no wpr-jarallax-no wpr-parallax-no wpr-sticky-section-no wpr-equal-height-no e-con e-child\" data-id=\"95c42b8\" data-element_type=\"container\" data-e-type=\"container\">\n\t\t\t\t<div class=\"elementor-element elementor-element-1207f60 elementor-widget elementor-widget-image\" data-id=\"1207f60\" data-element_type=\"widget\" data-e-type=\"widget\" data-widget_type=\"image.default\">\n\t\t\t\t<div class=\"elementor-widget-container\">\n\t\t\t\t\t\t\t\t\t\t\t\t\t\t\t<img loading=\"lazy\" decoding=\"async\" width=\"1024\" height=\"724\" src=\"https:\/\/afvan.com\/wp-content\/uploads\/2026\/01\/fcoexpo_02-1024x724.jpg\" class=\"attachment-large size-large wp-image-6249\" alt=\"\" srcset=\"https:\/\/afvan.com\/wp-content\/uploads\/2026\/01\/fcoexpo_02-1024x724.jpg 1024w, https:\/\/afvan.com\/wp-content\/uploads\/2026\/01\/fcoexpo_02-300x212.jpg 300w, https:\/\/afvan.com\/wp-content\/uploads\/2026\/01\/fcoexpo_02-768x543.jpg 768w, https:\/\/afvan.com\/wp-content\/uploads\/2026\/01\/fcoexpo_02-1536x1086.jpg 1536w, https:\/\/afvan.com\/wp-content\/uploads\/2026\/01\/fcoexpo_02-2048x1448.jpg 2048w\" sizes=\"(max-width: 1024px) 100vw, 1024px\" \/>\t\t\t\t\t\t\t\t\t\t\t\t\t\t\t<\/div>\n\t\t\t\t<\/div>\n\t\t\t\t<div class=\"elementor-element elementor-element-c00799a elementor-widget elementor-widget-text-editor\" data-id=\"c00799a\" data-element_type=\"widget\" data-e-type=\"widget\" data-widget_type=\"text-editor.default\">\n\t\t\t\t<div class=\"elementor-widget-container\">\n\t\t\t\t\t\t\t\t\t<h6 data-start=\"73\" data-end=\"86\"><strong data-start=\"77\" data-end=\"86\">T\u00edtol<\/strong><\/h6><p data-start=\"87\" data-end=\"112\"><strong data-start=\"87\" data-end=\"112\">Melodia del Desert<\/strong><\/p><h6 data-start=\"114\" data-end=\"127\"><strong data-start=\"118\" data-end=\"127\">Autor<\/strong><\/h6><p data-start=\"128\" data-end=\"151\"><strong data-start=\"128\" data-end=\"151\">Francisco Cornellana<\/strong><\/p><h6 data-start=\"153\" data-end=\"185\"><strong data-start=\"157\" data-end=\"183\">Descripci\u00f3\u00a0<\/strong><\/h6><p>Un home tureg, amb el rostre marcat pel temps i els vents, acaricia les cordes d\u2019un tidinit de fusta gastada en una cambra de fang il\u00b7luminada per una llum c\u00e0lida. Les teies, els tapissos i els recipients de coure envolten l\u2019escena, creant un ambient \u00edntim on la m\u00fasica sembla n\u00e9ixer de l\u2019\u00e0nima mateixa del desert.<\/p>\t\t\t\t\t\t\t\t<\/div>\n\t\t\t\t<\/div>\n\t\t\t\t<\/div>\n\t\t<div class=\"elementor-element elementor-element-826ec91 e-con-full e-flex wpr-particle-no wpr-jarallax-no wpr-parallax-no wpr-sticky-section-no wpr-equal-height-no e-con e-child\" data-id=\"826ec91\" data-element_type=\"container\" data-e-type=\"container\">\n\t\t\t\t<div class=\"elementor-element elementor-element-23667f3 elementor-widget elementor-widget-image\" data-id=\"23667f3\" data-element_type=\"widget\" data-e-type=\"widget\" data-widget_type=\"image.default\">\n\t\t\t\t<div class=\"elementor-widget-container\">\n\t\t\t\t\t\t\t\t\t\t\t\t\t\t\t<img loading=\"lazy\" decoding=\"async\" width=\"724\" height=\"1024\" src=\"https:\/\/afvan.com\/wp-content\/uploads\/2026\/01\/jcarreteroexpo_01-724x1024.jpg\" class=\"attachment-large size-large wp-image-6250\" alt=\"\" srcset=\"https:\/\/afvan.com\/wp-content\/uploads\/2026\/01\/jcarreteroexpo_01-724x1024.jpg 724w, https:\/\/afvan.com\/wp-content\/uploads\/2026\/01\/jcarreteroexpo_01-212x300.jpg 212w, https:\/\/afvan.com\/wp-content\/uploads\/2026\/01\/jcarreteroexpo_01-768x1086.jpg 768w, https:\/\/afvan.com\/wp-content\/uploads\/2026\/01\/jcarreteroexpo_01-1086x1536.jpg 1086w, https:\/\/afvan.com\/wp-content\/uploads\/2026\/01\/jcarreteroexpo_01-1448x2048.jpg 1448w\" sizes=\"(max-width: 724px) 100vw, 724px\" \/>\t\t\t\t\t\t\t\t\t\t\t\t\t\t\t<\/div>\n\t\t\t\t<\/div>\n\t\t\t\t<div class=\"elementor-element elementor-element-bb1ef65 elementor-widget elementor-widget-text-editor\" data-id=\"bb1ef65\" data-element_type=\"widget\" data-e-type=\"widget\" data-widget_type=\"text-editor.default\">\n\t\t\t\t<div class=\"elementor-widget-container\">\n\t\t\t\t\t\t\t\t\t<h6 data-start=\"73\" data-end=\"86\"><strong data-start=\"77\" data-end=\"86\">T\u00edtol<\/strong><\/h6><p data-start=\"87\" data-end=\"112\"><strong data-start=\"87\" data-end=\"112\">Chicas Mongolia<\/strong><\/p><h6 data-start=\"114\" data-end=\"127\"><strong data-start=\"118\" data-end=\"127\">Autor<\/strong><\/h6><p data-start=\"128\" data-end=\"151\"><strong data-start=\"128\" data-end=\"151\">Jes\u00fas Carretero<\/strong><\/p><h6 data-start=\"153\" data-end=\"185\"><strong data-start=\"157\" data-end=\"183\">Descripci\u00f3\u00a0<\/strong><\/h6><p>Un grup de dones mongoles es reuneix en cercle, les seves cares il\u00b7luminades per la llum c\u00e0lida del capvespre, amb somriures t\u00edmids i mirades plenes de complicitat. Els seus vestits tradicionals deel en tons turquesa brillen amb brodats daurats i vermells, coronats per barrets alts adornats amb corall i turqueses que capturen els \u00faltims raigs del sol.<\/p>\t\t\t\t\t\t\t\t<\/div>\n\t\t\t\t<\/div>\n\t\t\t\t<\/div>\n\t\t<div class=\"elementor-element elementor-element-2229032 e-con-full e-flex wpr-particle-no wpr-jarallax-no wpr-parallax-no wpr-sticky-section-no wpr-equal-height-no e-con e-child\" data-id=\"2229032\" data-element_type=\"container\" data-e-type=\"container\">\n\t\t\t\t<div class=\"elementor-element elementor-element-12e56d9 elementor-widget elementor-widget-image\" data-id=\"12e56d9\" data-element_type=\"widget\" data-e-type=\"widget\" data-widget_type=\"image.default\">\n\t\t\t\t<div class=\"elementor-widget-container\">\n\t\t\t\t\t\t\t\t\t\t\t\t\t\t\t<img loading=\"lazy\" decoding=\"async\" width=\"724\" height=\"1024\" src=\"https:\/\/afvan.com\/wp-content\/uploads\/2026\/01\/jcarreteroexpo_02-724x1024.jpg\" class=\"attachment-large size-large wp-image-6251\" alt=\"\" srcset=\"https:\/\/afvan.com\/wp-content\/uploads\/2026\/01\/jcarreteroexpo_02-724x1024.jpg 724w, https:\/\/afvan.com\/wp-content\/uploads\/2026\/01\/jcarreteroexpo_02-212x300.jpg 212w, https:\/\/afvan.com\/wp-content\/uploads\/2026\/01\/jcarreteroexpo_02-768x1086.jpg 768w, https:\/\/afvan.com\/wp-content\/uploads\/2026\/01\/jcarreteroexpo_02-1086x1536.jpg 1086w, https:\/\/afvan.com\/wp-content\/uploads\/2026\/01\/jcarreteroexpo_02-1448x2048.jpg 1448w\" sizes=\"(max-width: 724px) 100vw, 724px\" \/>\t\t\t\t\t\t\t\t\t\t\t\t\t\t\t<\/div>\n\t\t\t\t<\/div>\n\t\t\t\t<div class=\"elementor-element elementor-element-8057aac elementor-widget elementor-widget-text-editor\" data-id=\"8057aac\" data-element_type=\"widget\" data-e-type=\"widget\" data-widget_type=\"text-editor.default\">\n\t\t\t\t<div class=\"elementor-widget-container\">\n\t\t\t\t\t\t\t\t\t<h6 data-start=\"73\" data-end=\"86\"><strong data-start=\"77\" data-end=\"86\">T\u00edtol<\/strong><\/h6><p data-start=\"87\" data-end=\"112\"><strong data-start=\"87\" data-end=\"112\">Barcaza<\/strong><\/p><h6 data-start=\"114\" data-end=\"127\"><strong data-start=\"118\" data-end=\"127\">Autor<\/strong><\/h6><p data-start=\"128\" data-end=\"151\"><strong data-start=\"128\" data-end=\"151\">Jesus Carretero<\/strong><\/p><h6 data-start=\"153\" data-end=\"185\"><strong data-start=\"157\" data-end=\"183\">Descripci\u00f3\u00a0<\/strong><\/h6><p>Una barca sampan tradicional de fusta, coberta amb una teulada verda blava, sura suaument en un riu d\u2019un blau profund que reflecteix els arbres i el cel. \u200b Dues dones amb barrets c\u00f2nicos n\u00f3n l\u00e1 i vestits senzills guien l\u2019embarcaci\u00f3 amb rems, evocant la vida quotidiana dels pescadors vietnamites en un paisatge ser\u00e8 i sim\u00e8tric.<\/p>\t\t\t\t\t\t\t\t<\/div>\n\t\t\t\t<\/div>\n\t\t\t\t<\/div>\n\t\t<div class=\"elementor-element elementor-element-c7723f2 e-con-full e-flex wpr-particle-no wpr-jarallax-no wpr-parallax-no wpr-sticky-section-no wpr-equal-height-no e-con e-child\" data-id=\"c7723f2\" data-element_type=\"container\" data-e-type=\"container\">\n\t\t\t\t<div class=\"elementor-element elementor-element-748309f elementor-widget elementor-widget-image\" data-id=\"748309f\" data-element_type=\"widget\" data-e-type=\"widget\" data-widget_type=\"image.default\">\n\t\t\t\t<div class=\"elementor-widget-container\">\n\t\t\t\t\t\t\t\t\t\t\t\t\t\t\t<img loading=\"lazy\" decoding=\"async\" width=\"1024\" height=\"724\" src=\"https:\/\/afvan.com\/wp-content\/uploads\/2026\/01\/lluisexpo_01-1024x724.jpg\" class=\"attachment-large size-large wp-image-6252\" alt=\"\" srcset=\"https:\/\/afvan.com\/wp-content\/uploads\/2026\/01\/lluisexpo_01-1024x724.jpg 1024w, https:\/\/afvan.com\/wp-content\/uploads\/2026\/01\/lluisexpo_01-300x212.jpg 300w, https:\/\/afvan.com\/wp-content\/uploads\/2026\/01\/lluisexpo_01-768x543.jpg 768w, https:\/\/afvan.com\/wp-content\/uploads\/2026\/01\/lluisexpo_01-1536x1086.jpg 1536w, https:\/\/afvan.com\/wp-content\/uploads\/2026\/01\/lluisexpo_01-2048x1448.jpg 2048w\" sizes=\"(max-width: 1024px) 100vw, 1024px\" \/>\t\t\t\t\t\t\t\t\t\t\t\t\t\t\t<\/div>\n\t\t\t\t<\/div>\n\t\t\t\t<div class=\"elementor-element elementor-element-3cd9eb8 elementor-widget elementor-widget-text-editor\" data-id=\"3cd9eb8\" data-element_type=\"widget\" data-e-type=\"widget\" data-widget_type=\"text-editor.default\">\n\t\t\t\t<div class=\"elementor-widget-container\">\n\t\t\t\t\t\t\t\t\t<h6 data-start=\"73\" data-end=\"86\"><strong data-start=\"77\" data-end=\"86\">T\u00edtol<\/strong><\/h6><p data-start=\"87\" data-end=\"112\"><strong data-start=\"87\" data-end=\"112\">Arinsal, un sol, mil mirades<\/strong><\/p><h6 data-start=\"114\" data-end=\"127\"><strong data-start=\"118\" data-end=\"127\">Autor<\/strong><\/h6><p data-start=\"128\" data-end=\"151\"><strong data-start=\"128\" data-end=\"151\">Lluis P\u00e9rez<\/strong><\/p><h6 data-start=\"153\" data-end=\"185\"><strong data-start=\"157\" data-end=\"183\">Descripci\u00f3\u00a0<\/strong><\/h6><p>Els raigs del sol filtren amb for\u00e7a a trav\u00e9s de les branques d\u2019un pi solitari, creant una explosi\u00f3 de llum que il\u00b7lumina el bosc de con\u00edferes i les muntanyes llunyanes. \u200b El cel blau esquerdat per n\u00favols blancs i una estela d\u2019avi\u00f3 emmarquen aquest paisatge alp\u00ed, evocant la frescor i la grandesa d\u2019una vall en ple dia radiant.<\/p>\t\t\t\t\t\t\t\t<\/div>\n\t\t\t\t<\/div>\n\t\t\t\t<\/div>\n\t\t<div class=\"elementor-element elementor-element-e484330 e-con-full e-flex wpr-particle-no wpr-jarallax-no wpr-parallax-no wpr-sticky-section-no wpr-equal-height-no e-con e-child\" data-id=\"e484330\" data-element_type=\"container\" data-e-type=\"container\">\n\t\t\t\t<div class=\"elementor-element elementor-element-97cf827 elementor-widget elementor-widget-image\" data-id=\"97cf827\" data-element_type=\"widget\" data-e-type=\"widget\" data-widget_type=\"image.default\">\n\t\t\t\t<div class=\"elementor-widget-container\">\n\t\t\t\t\t\t\t\t\t\t\t\t\t\t\t<img loading=\"lazy\" decoding=\"async\" width=\"1024\" height=\"724\" src=\"https:\/\/afvan.com\/wp-content\/uploads\/2026\/01\/lluisexpo_02-1024x724.jpg\" class=\"attachment-large size-large wp-image-6253\" alt=\"\" srcset=\"https:\/\/afvan.com\/wp-content\/uploads\/2026\/01\/lluisexpo_02-1024x724.jpg 1024w, https:\/\/afvan.com\/wp-content\/uploads\/2026\/01\/lluisexpo_02-300x212.jpg 300w, https:\/\/afvan.com\/wp-content\/uploads\/2026\/01\/lluisexpo_02-768x543.jpg 768w, https:\/\/afvan.com\/wp-content\/uploads\/2026\/01\/lluisexpo_02-1536x1086.jpg 1536w, https:\/\/afvan.com\/wp-content\/uploads\/2026\/01\/lluisexpo_02-2048x1448.jpg 2048w\" sizes=\"(max-width: 1024px) 100vw, 1024px\" \/>\t\t\t\t\t\t\t\t\t\t\t\t\t\t\t<\/div>\n\t\t\t\t<\/div>\n\t\t\t\t<div class=\"elementor-element elementor-element-9f496a1 elementor-widget elementor-widget-text-editor\" data-id=\"9f496a1\" data-element_type=\"widget\" data-e-type=\"widget\" data-widget_type=\"text-editor.default\">\n\t\t\t\t<div class=\"elementor-widget-container\">\n\t\t\t\t\t\t\t\t\t<h6 data-start=\"73\" data-end=\"86\"><strong data-start=\"77\" data-end=\"86\">T\u00edtol<\/strong><\/h6><p data-start=\"87\" data-end=\"112\"><strong data-start=\"87\" data-end=\"112\">Florencia, on la llum acarona la hist\u00f2ria<\/strong><\/p><h6 data-start=\"114\" data-end=\"127\"><strong data-start=\"118\" data-end=\"127\">Autor<\/strong><\/h6><p data-start=\"128\" data-end=\"151\"><strong data-start=\"128\" data-end=\"151\">Lluis P\u00e9rez<\/strong><\/p><h6 data-start=\"153\" data-end=\"185\"><strong data-start=\"157\" data-end=\"183\">Descripci\u00f3\u00a0<\/strong><\/h6><p>La fa\u00e7ana r\u00fastica dels edificis renaixentistes es reflecteix amb simetria perfecta a les aig\u00fces tranquil\u00b7les de l\u2019Arno, amb tons ocres i grocs que capturen la llum suau del capvespre. \u200b Al centre destaca la torre inclinada de la Badia Fiorentina, flanquejada per campanars esvelts, creant una composici\u00f3 harm\u00f2nica que evoca la m\u00e0gia intemporal de la ciutat toscana.<\/p>\t\t\t\t\t\t\t\t<\/div>\n\t\t\t\t<\/div>\n\t\t\t\t<\/div>\n\t\t<div class=\"elementor-element elementor-element-aee7089 e-con-full e-flex wpr-particle-no wpr-jarallax-no wpr-parallax-no wpr-sticky-section-no wpr-equal-height-no e-con e-child\" data-id=\"aee7089\" data-element_type=\"container\" data-e-type=\"container\">\n\t\t\t\t<div class=\"elementor-element elementor-element-6a783e7 elementor-widget elementor-widget-image\" data-id=\"6a783e7\" data-element_type=\"widget\" data-e-type=\"widget\" data-widget_type=\"image.default\">\n\t\t\t\t<div class=\"elementor-widget-container\">\n\t\t\t\t\t\t\t\t\t\t\t\t\t\t\t<img loading=\"lazy\" decoding=\"async\" width=\"1024\" height=\"724\" src=\"https:\/\/afvan.com\/wp-content\/uploads\/2026\/01\/marimuchyexpo_01-1024x724.jpg\" class=\"attachment-large size-large wp-image-6257\" alt=\"\" srcset=\"https:\/\/afvan.com\/wp-content\/uploads\/2026\/01\/marimuchyexpo_01-1024x724.jpg 1024w, https:\/\/afvan.com\/wp-content\/uploads\/2026\/01\/marimuchyexpo_01-300x212.jpg 300w, https:\/\/afvan.com\/wp-content\/uploads\/2026\/01\/marimuchyexpo_01-768x543.jpg 768w, https:\/\/afvan.com\/wp-content\/uploads\/2026\/01\/marimuchyexpo_01-1536x1086.jpg 1536w, https:\/\/afvan.com\/wp-content\/uploads\/2026\/01\/marimuchyexpo_01-2048x1448.jpg 2048w\" sizes=\"(max-width: 1024px) 100vw, 1024px\" \/>\t\t\t\t\t\t\t\t\t\t\t\t\t\t\t<\/div>\n\t\t\t\t<\/div>\n\t\t\t\t<div class=\"elementor-element elementor-element-793c987 elementor-widget elementor-widget-text-editor\" data-id=\"793c987\" data-element_type=\"widget\" data-e-type=\"widget\" data-widget_type=\"text-editor.default\">\n\t\t\t\t<div class=\"elementor-widget-container\">\n\t\t\t\t\t\t\t\t\t<h6 data-start=\"73\" data-end=\"86\"><strong data-start=\"77\" data-end=\"86\">T\u00edtol<\/strong><\/h6><p data-start=\"87\" data-end=\"112\"><strong data-start=\"87\" data-end=\"112\">Pas cap a la ciutat reflectida\u00a0<\/strong><\/p><h6 data-start=\"114\" data-end=\"127\"><strong data-start=\"118\" data-end=\"127\">Autor<\/strong><\/h6><p data-start=\"128\" data-end=\"151\"><strong data-start=\"128\" data-end=\"151\">M\u00aa Mar S\u00e1nchez<\/strong><\/p><h6 data-start=\"153\" data-end=\"185\"><strong data-start=\"157\" data-end=\"183\">Descripci\u00f3\u00a0<\/strong><\/h6><p>Una silueta humana camina decidida sobre una vorera humida, amb les seves sabates esportives i pantalons capturats en primer terme sobre un toll hexagonal que actua com a portal \u00f2ptic. \u200b A trav\u00e9s del reflex de l\u2019aigua, emergeix l\u2019edifici vermell de ma\u00f3 amb torre g\u00f2tica del Woolworth Building, envoltat de gratacel\u00f3s moderns i fulles d\u2019arbre sota un cel blau clar, creant una il\u00b7lusi\u00f3 surrealista d\u2019un altre m\u00f3n urb\u00e0.<\/p>\t\t\t\t\t\t\t\t<\/div>\n\t\t\t\t<\/div>\n\t\t\t\t<\/div>\n\t\t<div class=\"elementor-element elementor-element-185d7e0 e-con-full e-flex wpr-particle-no wpr-jarallax-no wpr-parallax-no wpr-sticky-section-no wpr-equal-height-no e-con e-child\" data-id=\"185d7e0\" data-element_type=\"container\" data-e-type=\"container\">\n\t\t\t\t<div class=\"elementor-element elementor-element-d41594c elementor-widget elementor-widget-image\" data-id=\"d41594c\" data-element_type=\"widget\" data-e-type=\"widget\" data-widget_type=\"image.default\">\n\t\t\t\t<div class=\"elementor-widget-container\">\n\t\t\t\t\t\t\t\t\t\t\t\t\t\t\t<img loading=\"lazy\" decoding=\"async\" width=\"1024\" height=\"724\" src=\"https:\/\/afvan.com\/wp-content\/uploads\/2026\/01\/marimuchyexpo_02-1024x724.jpg\" class=\"attachment-large size-large wp-image-6258\" alt=\"\" srcset=\"https:\/\/afvan.com\/wp-content\/uploads\/2026\/01\/marimuchyexpo_02-1024x724.jpg 1024w, https:\/\/afvan.com\/wp-content\/uploads\/2026\/01\/marimuchyexpo_02-300x212.jpg 300w, https:\/\/afvan.com\/wp-content\/uploads\/2026\/01\/marimuchyexpo_02-768x543.jpg 768w, https:\/\/afvan.com\/wp-content\/uploads\/2026\/01\/marimuchyexpo_02-1536x1086.jpg 1536w, https:\/\/afvan.com\/wp-content\/uploads\/2026\/01\/marimuchyexpo_02-2048x1448.jpg 2048w\" sizes=\"(max-width: 1024px) 100vw, 1024px\" \/>\t\t\t\t\t\t\t\t\t\t\t\t\t\t\t<\/div>\n\t\t\t\t<\/div>\n\t\t\t\t<div class=\"elementor-element elementor-element-c1c615c elementor-widget elementor-widget-text-editor\" data-id=\"c1c615c\" data-element_type=\"widget\" data-e-type=\"widget\" data-widget_type=\"text-editor.default\">\n\t\t\t\t<div class=\"elementor-widget-container\">\n\t\t\t\t\t\t\t\t\t<h6 data-start=\"73\" data-end=\"86\"><strong data-start=\"77\" data-end=\"86\">T\u00edtol<\/strong><\/h6><p data-start=\"87\" data-end=\"112\"><strong data-start=\"87\" data-end=\"112\">G\u00f2ndoles davant Sant Jordi Major<\/strong><\/p><h6 data-start=\"114\" data-end=\"127\"><strong data-start=\"118\" data-end=\"127\">Autor<\/strong><\/h6><p data-start=\"128\" data-end=\"151\"><strong data-start=\"128\" data-end=\"151\">M\u00aa Mar S\u00e1nchez<\/strong><\/p><h6 data-start=\"153\" data-end=\"185\"><strong data-start=\"157\" data-end=\"183\">Descripci\u00f3\u00a0<\/strong><\/h6><p>Una filera de g\u00f2ndoles negres, amb les seves proes esveltes apuntant al cel, es mouen lleugerament sobre l\u2019aigua t\u00e8bia de la llacuna, capturades en la llum suau de l\u2019alba o capvespre. \u200b \u200b Al fons, l\u2019illa de San Giorgio Maggiore es dre\u00e7a amb la seva fa\u00e7ana palladiana i campanar blanc, s\u00edmbol de serenitat enmig del cel blau esquerdat per n\u00favols suaus.<\/p>\t\t\t\t\t\t\t\t<\/div>\n\t\t\t\t<\/div>\n\t\t\t\t<\/div>\n\t\t<div class=\"elementor-element elementor-element-8ea5221 e-con-full e-flex wpr-particle-no wpr-jarallax-no wpr-parallax-no wpr-sticky-section-no wpr-equal-height-no e-con e-child\" data-id=\"8ea5221\" data-element_type=\"container\" data-e-type=\"container\">\n\t\t\t\t<div class=\"elementor-element elementor-element-9fb26e0 elementor-widget elementor-widget-image\" data-id=\"9fb26e0\" data-element_type=\"widget\" data-e-type=\"widget\" data-widget_type=\"image.default\">\n\t\t\t\t<div class=\"elementor-widget-container\">\n\t\t\t\t\t\t\t\t\t\t\t\t\t\t\t<img loading=\"lazy\" decoding=\"async\" width=\"1024\" height=\"724\" src=\"https:\/\/afvan.com\/wp-content\/uploads\/2026\/01\/pabloexpo_01-1024x724.jpg\" class=\"attachment-large size-large wp-image-6259\" alt=\"\" srcset=\"https:\/\/afvan.com\/wp-content\/uploads\/2026\/01\/pabloexpo_01-1024x724.jpg 1024w, https:\/\/afvan.com\/wp-content\/uploads\/2026\/01\/pabloexpo_01-300x212.jpg 300w, https:\/\/afvan.com\/wp-content\/uploads\/2026\/01\/pabloexpo_01-768x543.jpg 768w, https:\/\/afvan.com\/wp-content\/uploads\/2026\/01\/pabloexpo_01-1536x1086.jpg 1536w, https:\/\/afvan.com\/wp-content\/uploads\/2026\/01\/pabloexpo_01-2048x1448.jpg 2048w\" sizes=\"(max-width: 1024px) 100vw, 1024px\" \/>\t\t\t\t\t\t\t\t\t\t\t\t\t\t\t<\/div>\n\t\t\t\t<\/div>\n\t\t\t\t<div class=\"elementor-element elementor-element-50c6fec elementor-widget elementor-widget-text-editor\" data-id=\"50c6fec\" data-element_type=\"widget\" data-e-type=\"widget\" data-widget_type=\"text-editor.default\">\n\t\t\t\t<div class=\"elementor-widget-container\">\n\t\t\t\t\t\t\t\t\t<h6 data-start=\"73\" data-end=\"86\"><strong data-start=\"77\" data-end=\"86\">T\u00edtol<\/strong><\/h6><p data-start=\"87\" data-end=\"112\"><strong data-start=\"87\" data-end=\"112\">Elco Meta<\/strong><\/p><h6 data-start=\"114\" data-end=\"127\"><strong data-start=\"118\" data-end=\"127\">Autor<\/strong><\/h6><p data-start=\"128\" data-end=\"151\"><strong data-start=\"128\" data-end=\"151\">Pablo Persello<\/strong><\/p><h6 data-start=\"153\" data-end=\"185\"><strong data-start=\"157\" data-end=\"183\">Descripci\u00f3\u00a0<\/strong><\/h6><p>Un cometa brillant amb cua allargada travessa el cel nocturn profund, amb el seu cap blanc i pols\u00f3s destacant sobre un fons de estrelles i n\u00favols suaus. \u200b La silueta fosca d\u2019una carena muntanyosa marca l\u2019horitz\u00f3, capturant un moment ef\u00edmer de l\u2019astronomia visible a ull nu des de llocs foscos.<\/p>\t\t\t\t\t\t\t\t<\/div>\n\t\t\t\t<\/div>\n\t\t\t\t<\/div>\n\t\t<div class=\"elementor-element elementor-element-f35b161 e-con-full e-flex wpr-particle-no wpr-jarallax-no wpr-parallax-no wpr-sticky-section-no wpr-equal-height-no e-con e-child\" data-id=\"f35b161\" data-element_type=\"container\" data-e-type=\"container\">\n\t\t\t\t<div class=\"elementor-element elementor-element-ec4e4e1 elementor-widget elementor-widget-image\" data-id=\"ec4e4e1\" data-element_type=\"widget\" data-e-type=\"widget\" data-widget_type=\"image.default\">\n\t\t\t\t<div class=\"elementor-widget-container\">\n\t\t\t\t\t\t\t\t\t\t\t\t\t\t\t<img loading=\"lazy\" decoding=\"async\" width=\"724\" height=\"1024\" src=\"https:\/\/afvan.com\/wp-content\/uploads\/2026\/01\/pabloexpo_02-724x1024.jpg\" class=\"attachment-large size-large wp-image-6261\" alt=\"\" srcset=\"https:\/\/afvan.com\/wp-content\/uploads\/2026\/01\/pabloexpo_02-724x1024.jpg 724w, https:\/\/afvan.com\/wp-content\/uploads\/2026\/01\/pabloexpo_02-212x300.jpg 212w, https:\/\/afvan.com\/wp-content\/uploads\/2026\/01\/pabloexpo_02-768x1086.jpg 768w, https:\/\/afvan.com\/wp-content\/uploads\/2026\/01\/pabloexpo_02-1086x1536.jpg 1086w, https:\/\/afvan.com\/wp-content\/uploads\/2026\/01\/pabloexpo_02-1448x2048.jpg 1448w\" sizes=\"(max-width: 724px) 100vw, 724px\" \/>\t\t\t\t\t\t\t\t\t\t\t\t\t\t\t<\/div>\n\t\t\t\t<\/div>\n\t\t\t\t<div class=\"elementor-element elementor-element-212328f elementor-widget elementor-widget-text-editor\" data-id=\"212328f\" data-element_type=\"widget\" data-e-type=\"widget\" data-widget_type=\"text-editor.default\">\n\t\t\t\t<div class=\"elementor-widget-container\">\n\t\t\t\t\t\t\t\t\t<h6 data-start=\"73\" data-end=\"86\"><strong data-start=\"77\" data-end=\"86\">T\u00edtol<\/strong><\/h6><p data-start=\"87\" data-end=\"112\"><strong data-start=\"87\" data-end=\"112\">Buena Honda<\/strong><\/p><h6 data-start=\"114\" data-end=\"127\"><strong data-start=\"118\" data-end=\"127\">Autor<\/strong><\/h6><p data-start=\"128\" data-end=\"151\"><strong data-start=\"128\" data-end=\"151\">Pablo Persello<\/strong><\/p><h6 data-start=\"153\" data-end=\"185\"><strong data-start=\"157\" data-end=\"183\">Descripci\u00f3\u00a0<\/strong><\/h6><p>Un SUV blanc, possiblement un Honda, es perfila en silueta contra l\u2019horitz\u00f3 boscos, amb la seva forma robusta destacant sota el cel estrellat. \u200b La Via L\u00e0ctia s\u2019arqueja brillant des de l\u2019horitz\u00f3 fins al zenit, amb densitat de pols estel\u00b7lar i tons vermells suggerint captaci\u00f3 en alta muntanya amb cel excepcionalment fosc.<\/p>\t\t\t\t\t\t\t\t<\/div>\n\t\t\t\t<\/div>\n\t\t\t\t<\/div>\n\t\t<div class=\"elementor-element elementor-element-817882e e-con-full e-flex wpr-particle-no wpr-jarallax-no wpr-parallax-no wpr-sticky-section-no wpr-equal-height-no e-con e-child\" data-id=\"817882e\" data-element_type=\"container\" data-e-type=\"container\">\n\t\t\t\t<div class=\"elementor-element elementor-element-5a3c082 elementor-widget elementor-widget-image\" data-id=\"5a3c082\" data-element_type=\"widget\" data-e-type=\"widget\" data-widget_type=\"image.default\">\n\t\t\t\t<div class=\"elementor-widget-container\">\n\t\t\t\t\t\t\t\t\t\t\t\t\t\t\t<img loading=\"lazy\" decoding=\"async\" width=\"1024\" height=\"724\" src=\"https:\/\/afvan.com\/wp-content\/uploads\/2026\/01\/pepoexpo_01-1024x724.jpg\" class=\"attachment-large size-large wp-image-6262\" alt=\"\" srcset=\"https:\/\/afvan.com\/wp-content\/uploads\/2026\/01\/pepoexpo_01-1024x724.jpg 1024w, https:\/\/afvan.com\/wp-content\/uploads\/2026\/01\/pepoexpo_01-300x212.jpg 300w, https:\/\/afvan.com\/wp-content\/uploads\/2026\/01\/pepoexpo_01-768x543.jpg 768w, https:\/\/afvan.com\/wp-content\/uploads\/2026\/01\/pepoexpo_01-1536x1086.jpg 1536w, https:\/\/afvan.com\/wp-content\/uploads\/2026\/01\/pepoexpo_01-2048x1448.jpg 2048w\" sizes=\"(max-width: 1024px) 100vw, 1024px\" \/>\t\t\t\t\t\t\t\t\t\t\t\t\t\t\t<\/div>\n\t\t\t\t<\/div>\n\t\t\t\t<div class=\"elementor-element elementor-element-2d4b4c7 elementor-widget elementor-widget-text-editor\" data-id=\"2d4b4c7\" data-element_type=\"widget\" data-e-type=\"widget\" data-widget_type=\"text-editor.default\">\n\t\t\t\t<div class=\"elementor-widget-container\">\n\t\t\t\t\t\t\t\t\t<h6 data-start=\"73\" data-end=\"86\"><strong data-start=\"77\" data-end=\"86\">T\u00edtol<\/strong><\/h6><p data-start=\"87\" data-end=\"112\"><strong data-start=\"87\" data-end=\"112\">Dansa de l&#8217;arg\u00fca entre Bedolls<\/strong><\/p><h6 data-start=\"114\" data-end=\"127\"><strong data-start=\"118\" data-end=\"127\">Autor<\/strong><\/h6><p data-start=\"128\" data-end=\"151\"><strong data-start=\"128\" data-end=\"151\">Pepo Vazquez<\/strong><\/p><h6 data-start=\"153\" data-end=\"185\"><strong data-start=\"157\" data-end=\"183\">Descripci\u00f3\u00a0<\/strong><\/h6><p>L\u2019aigua cristal\u00b7lina baixa en escalons suaus sobre roques negres, creant vores de vell\u00f3 blanc que contrasten amb el verd intens del molsa i les fulles dels bedolls al voltant. \u200b La llum c\u00e0lida de l\u2019hora daurada il\u00b7lumina el bosc fosc, transformant aquesta cascada en un flux vital enmig d\u2019un paisatge f\u00e8rtil i primigeni.<\/p>\t\t\t\t\t\t\t\t<\/div>\n\t\t\t\t<\/div>\n\t\t\t\t<\/div>\n\t\t<div class=\"elementor-element elementor-element-1ea1078 e-con-full e-flex wpr-particle-no wpr-jarallax-no wpr-parallax-no wpr-sticky-section-no wpr-equal-height-no e-con e-child\" data-id=\"1ea1078\" data-element_type=\"container\" data-e-type=\"container\">\n\t\t\t\t<div class=\"elementor-element elementor-element-0ee61aa elementor-widget elementor-widget-image\" data-id=\"0ee61aa\" data-element_type=\"widget\" data-e-type=\"widget\" data-widget_type=\"image.default\">\n\t\t\t\t<div class=\"elementor-widget-container\">\n\t\t\t\t\t\t\t\t\t\t\t\t\t\t\t<img loading=\"lazy\" decoding=\"async\" width=\"1024\" height=\"724\" src=\"https:\/\/afvan.com\/wp-content\/uploads\/2026\/01\/pepoexpo_02-1024x724.jpg\" class=\"attachment-large size-large wp-image-6266\" alt=\"\" srcset=\"https:\/\/afvan.com\/wp-content\/uploads\/2026\/01\/pepoexpo_02-1024x724.jpg 1024w, https:\/\/afvan.com\/wp-content\/uploads\/2026\/01\/pepoexpo_02-300x212.jpg 300w, https:\/\/afvan.com\/wp-content\/uploads\/2026\/01\/pepoexpo_02-768x543.jpg 768w, https:\/\/afvan.com\/wp-content\/uploads\/2026\/01\/pepoexpo_02-1536x1086.jpg 1536w, https:\/\/afvan.com\/wp-content\/uploads\/2026\/01\/pepoexpo_02-2048x1448.jpg 2048w\" sizes=\"(max-width: 1024px) 100vw, 1024px\" \/>\t\t\t\t\t\t\t\t\t\t\t\t\t\t\t<\/div>\n\t\t\t\t<\/div>\n\t\t\t\t<div class=\"elementor-element elementor-element-3160099 elementor-widget elementor-widget-text-editor\" data-id=\"3160099\" data-element_type=\"widget\" data-e-type=\"widget\" data-widget_type=\"text-editor.default\">\n\t\t\t\t<div class=\"elementor-widget-container\">\n\t\t\t\t\t\t\t\t\t<h6 data-start=\"73\" data-end=\"86\"><strong data-start=\"77\" data-end=\"86\">T\u00edtol<\/strong><\/h6><p data-start=\"87\" data-end=\"112\"><strong data-start=\"87\" data-end=\"112\">Escultura de neu als Pirineus<\/strong><\/p><h6 data-start=\"114\" data-end=\"127\"><strong data-start=\"118\" data-end=\"127\">Autor<\/strong><\/h6><p data-start=\"128\" data-end=\"151\"><strong data-start=\"128\" data-end=\"151\">Pepo Vazquez<\/strong><\/p><h6 data-start=\"153\" data-end=\"185\"><strong data-start=\"157\" data-end=\"183\">Descripci\u00f3\u00a0<\/strong><\/h6><p>Una alta escultura blanca de forma obelisc, possiblement de gel o neu compactada, es dre\u00e7a elegant sobre un camp de neu fresca, capturant la llum del dia. \u200b Una figura humana en silueta s\u2019hi arrapa o l\u2019examina, contrastant amb el paisatge hivernal de pins negres, muntanyes nevades i un cel blau esquerdat per n\u00favols suaus.<\/p>\t\t\t\t\t\t\t\t<\/div>\n\t\t\t\t<\/div>\n\t\t\t\t<\/div>\n\t\t<div class=\"elementor-element elementor-element-295c581 e-con-full e-flex wpr-particle-no wpr-jarallax-no wpr-parallax-no wpr-sticky-section-no wpr-equal-height-no e-con e-child\" data-id=\"295c581\" data-element_type=\"container\" data-e-type=\"container\">\n\t\t\t\t<div class=\"elementor-element elementor-element-e0a91ce elementor-widget elementor-widget-image\" data-id=\"e0a91ce\" data-element_type=\"widget\" data-e-type=\"widget\" data-widget_type=\"image.default\">\n\t\t\t\t<div class=\"elementor-widget-container\">\n\t\t\t\t\t\t\t\t\t\t\t\t\t\t\t<img loading=\"lazy\" decoding=\"async\" width=\"1024\" height=\"724\" src=\"https:\/\/afvan.com\/wp-content\/uploads\/2026\/01\/Ramonexpo_01-1024x724.jpg\" class=\"attachment-large size-large wp-image-6268\" alt=\"\" srcset=\"https:\/\/afvan.com\/wp-content\/uploads\/2026\/01\/Ramonexpo_01-1024x724.jpg 1024w, https:\/\/afvan.com\/wp-content\/uploads\/2026\/01\/Ramonexpo_01-300x212.jpg 300w, https:\/\/afvan.com\/wp-content\/uploads\/2026\/01\/Ramonexpo_01-768x543.jpg 768w, https:\/\/afvan.com\/wp-content\/uploads\/2026\/01\/Ramonexpo_01-1536x1086.jpg 1536w, https:\/\/afvan.com\/wp-content\/uploads\/2026\/01\/Ramonexpo_01-2048x1448.jpg 2048w\" sizes=\"(max-width: 1024px) 100vw, 1024px\" \/>\t\t\t\t\t\t\t\t\t\t\t\t\t\t\t<\/div>\n\t\t\t\t<\/div>\n\t\t\t\t<div class=\"elementor-element elementor-element-c204821 elementor-widget elementor-widget-text-editor\" data-id=\"c204821\" data-element_type=\"widget\" data-e-type=\"widget\" data-widget_type=\"text-editor.default\">\n\t\t\t\t<div class=\"elementor-widget-container\">\n\t\t\t\t\t\t\t\t\t<h6 data-start=\"73\" data-end=\"86\"><strong data-start=\"77\" data-end=\"86\">T\u00edtol<\/strong><\/h6><p data-start=\"87\" data-end=\"112\"><strong data-start=\"87\" data-end=\"112\">Kananaskis<\/strong><\/p><h6 data-start=\"114\" data-end=\"127\"><strong data-start=\"118\" data-end=\"127\">Autor<\/strong><\/h6><p data-start=\"128\" data-end=\"151\"><strong data-start=\"128\" data-end=\"151\">Ram\u00f3n Pons<\/strong><\/p><h6 data-start=\"153\" data-end=\"185\"><strong data-start=\"157\" data-end=\"183\">Descripci\u00f3\u00a0<\/strong><\/h6><p>Una imponent osa parda de pelatge marr\u00f3 clara vigila amb mirada alerta el seu osezno, tots dos drets sobre un pendent amb matolls verds esquitxats de neu tardorenca. \u200b L\u2019escena transmet tendresa i protecci\u00f3 en un h\u00e0bitat natural de transici\u00f3 hivernal, amb el petit cub al costat de la mare en un moment d\u2019intimitat salvatge. \u200b<\/p>\t\t\t\t\t\t\t\t<\/div>\n\t\t\t\t<\/div>\n\t\t\t\t<\/div>\n\t\t<div class=\"elementor-element elementor-element-08ad73f e-con-full e-flex wpr-particle-no wpr-jarallax-no wpr-parallax-no wpr-sticky-section-no wpr-equal-height-no e-con e-child\" data-id=\"08ad73f\" data-element_type=\"container\" data-e-type=\"container\">\n\t\t\t\t<div class=\"elementor-element elementor-element-3a23066 elementor-widget elementor-widget-image\" data-id=\"3a23066\" data-element_type=\"widget\" data-e-type=\"widget\" data-widget_type=\"image.default\">\n\t\t\t\t<div class=\"elementor-widget-container\">\n\t\t\t\t\t\t\t\t\t\t\t\t\t\t\t<img loading=\"lazy\" decoding=\"async\" width=\"1024\" height=\"724\" src=\"https:\/\/afvan.com\/wp-content\/uploads\/2026\/01\/Ramonexpo_02-1024x724.jpg\" class=\"attachment-large size-large wp-image-6269\" alt=\"\" srcset=\"https:\/\/afvan.com\/wp-content\/uploads\/2026\/01\/Ramonexpo_02-1024x724.jpg 1024w, https:\/\/afvan.com\/wp-content\/uploads\/2026\/01\/Ramonexpo_02-300x212.jpg 300w, https:\/\/afvan.com\/wp-content\/uploads\/2026\/01\/Ramonexpo_02-768x543.jpg 768w, https:\/\/afvan.com\/wp-content\/uploads\/2026\/01\/Ramonexpo_02-1536x1086.jpg 1536w, https:\/\/afvan.com\/wp-content\/uploads\/2026\/01\/Ramonexpo_02-2048x1448.jpg 2048w\" sizes=\"(max-width: 1024px) 100vw, 1024px\" \/>\t\t\t\t\t\t\t\t\t\t\t\t\t\t\t<\/div>\n\t\t\t\t<\/div>\n\t\t\t\t<div class=\"elementor-element elementor-element-3202cde elementor-widget elementor-widget-text-editor\" data-id=\"3202cde\" data-element_type=\"widget\" data-e-type=\"widget\" data-widget_type=\"text-editor.default\">\n\t\t\t\t<div class=\"elementor-widget-container\">\n\t\t\t\t\t\t\t\t\t<h6 data-start=\"73\" data-end=\"86\"><strong data-start=\"77\" data-end=\"86\">T\u00edtol<\/strong><\/h6><p data-start=\"87\" data-end=\"112\"><strong data-start=\"87\" data-end=\"112\">Moraine Lake, Banff\u00a0<\/strong><\/p><h6 data-start=\"114\" data-end=\"127\"><strong data-start=\"118\" data-end=\"127\">Autor<\/strong><\/h6><p data-start=\"128\" data-end=\"151\"><strong data-start=\"128\" data-end=\"151\">Ram\u00f3n Pons<\/strong><\/p><h6 data-start=\"153\" data-end=\"185\"><strong data-start=\"157\" data-end=\"183\">Descripci\u00f3\u00a0<\/strong><\/h6><p>Un amb barret verd i un altre amb samarreta taronja seuen abra\u00e7ats sobre un tronc assecat a la vora del llac, contemplant en silenci la grandesa de les muntanyes. \u200b L\u2019aigua turquesa reflecteix els pics rocosos del Vall de les Deu Cims sota un cel blau clar esquerdat per n\u00favols suaus, capturant un instant de connexi\u00f3 humana amb la natura imponent.<\/p>\t\t\t\t\t\t\t\t<\/div>\n\t\t\t\t<\/div>\n\t\t\t\t<\/div>\n\t\t<div class=\"elementor-element elementor-element-0091593 e-con-full e-flex wpr-particle-no wpr-jarallax-no wpr-parallax-no wpr-sticky-section-no wpr-equal-height-no e-con e-child\" data-id=\"0091593\" data-element_type=\"container\" data-e-type=\"container\">\n\t\t\t\t<div class=\"elementor-element elementor-element-7bb391a elementor-widget elementor-widget-image\" data-id=\"7bb391a\" data-element_type=\"widget\" data-e-type=\"widget\" data-widget_type=\"image.default\">\n\t\t\t\t<div class=\"elementor-widget-container\">\n\t\t\t\t\t\t\t\t\t\t\t\t\t\t\t<img loading=\"lazy\" decoding=\"async\" width=\"1024\" height=\"724\" src=\"https:\/\/afvan.com\/wp-content\/uploads\/2026\/01\/Ricardexpo_01-1024x724.jpg\" class=\"attachment-large size-large wp-image-6273\" alt=\"\" srcset=\"https:\/\/afvan.com\/wp-content\/uploads\/2026\/01\/Ricardexpo_01-1024x724.jpg 1024w, https:\/\/afvan.com\/wp-content\/uploads\/2026\/01\/Ricardexpo_01-300x212.jpg 300w, https:\/\/afvan.com\/wp-content\/uploads\/2026\/01\/Ricardexpo_01-768x543.jpg 768w, https:\/\/afvan.com\/wp-content\/uploads\/2026\/01\/Ricardexpo_01-1536x1086.jpg 1536w, https:\/\/afvan.com\/wp-content\/uploads\/2026\/01\/Ricardexpo_01-2048x1448.jpg 2048w\" sizes=\"(max-width: 1024px) 100vw, 1024px\" \/>\t\t\t\t\t\t\t\t\t\t\t\t\t\t\t<\/div>\n\t\t\t\t<\/div>\n\t\t\t\t<div class=\"elementor-element elementor-element-16af0ca elementor-widget elementor-widget-text-editor\" data-id=\"16af0ca\" data-element_type=\"widget\" data-e-type=\"widget\" data-widget_type=\"text-editor.default\">\n\t\t\t\t<div class=\"elementor-widget-container\">\n\t\t\t\t\t\t\t\t\t<h6 data-start=\"73\" data-end=\"86\"><strong data-start=\"77\" data-end=\"86\">T\u00edtol<\/strong><\/h6><p data-start=\"87\" data-end=\"112\"><strong data-start=\"87\" data-end=\"112\">Capvespre n\u00f2mad<\/strong><\/p><h6 data-start=\"114\" data-end=\"127\"><strong data-start=\"118\" data-end=\"127\">Autor<\/strong><\/h6><p data-start=\"128\" data-end=\"151\"><strong data-start=\"128\" data-end=\"151\">Ricard de la Casa<\/strong><\/p><h6 data-start=\"153\" data-end=\"185\"><strong data-start=\"157\" data-end=\"183\">Descripci\u00f3\u00a0<\/strong><\/h6><p>Un yurt tradicional de feltre vermell destaca enmig d\u2019un prat verd infinit, amb ramats de cavalls i ovelles pasturant sota la llum c\u00e0lida del sol poni. Un pastor amb barret mongol guia els animals cap a l\u2019horitz\u00f3 nebli\u00f3s, mentre el cel s\u2019enc\u00e9n en tons taronja i el sol es fon darrere de turons suaus.<\/p>\t\t\t\t\t\t\t\t<\/div>\n\t\t\t\t<\/div>\n\t\t\t\t<\/div>\n\t\t<div class=\"elementor-element elementor-element-29005c6 e-con-full e-flex wpr-particle-no wpr-jarallax-no wpr-parallax-no wpr-sticky-section-no wpr-equal-height-no e-con e-child\" data-id=\"29005c6\" data-element_type=\"container\" data-e-type=\"container\">\n\t\t\t\t<div class=\"elementor-element elementor-element-42209a7 elementor-widget elementor-widget-image\" data-id=\"42209a7\" data-element_type=\"widget\" data-e-type=\"widget\" data-widget_type=\"image.default\">\n\t\t\t\t<div class=\"elementor-widget-container\">\n\t\t\t\t\t\t\t\t\t\t\t\t\t\t\t<img loading=\"lazy\" decoding=\"async\" width=\"1024\" height=\"724\" src=\"https:\/\/afvan.com\/wp-content\/uploads\/2026\/01\/Ricardexpo_02-1024x724.jpg\" class=\"attachment-large size-large wp-image-6275\" alt=\"\" srcset=\"https:\/\/afvan.com\/wp-content\/uploads\/2026\/01\/Ricardexpo_02-1024x724.jpg 1024w, https:\/\/afvan.com\/wp-content\/uploads\/2026\/01\/Ricardexpo_02-300x212.jpg 300w, https:\/\/afvan.com\/wp-content\/uploads\/2026\/01\/Ricardexpo_02-768x543.jpg 768w, https:\/\/afvan.com\/wp-content\/uploads\/2026\/01\/Ricardexpo_02-1536x1086.jpg 1536w, https:\/\/afvan.com\/wp-content\/uploads\/2026\/01\/Ricardexpo_02-2048x1448.jpg 2048w\" sizes=\"(max-width: 1024px) 100vw, 1024px\" \/>\t\t\t\t\t\t\t\t\t\t\t\t\t\t\t<\/div>\n\t\t\t\t<\/div>\n\t\t\t\t<div class=\"elementor-element elementor-element-87fa369 elementor-widget elementor-widget-text-editor\" data-id=\"87fa369\" data-element_type=\"widget\" data-e-type=\"widget\" data-widget_type=\"text-editor.default\">\n\t\t\t\t<div class=\"elementor-widget-container\">\n\t\t\t\t\t\t\t\t\t<h6 data-start=\"73\" data-end=\"86\"><strong data-start=\"77\" data-end=\"86\">T\u00edtol<\/strong><\/h6><p data-start=\"87\" data-end=\"112\"><strong data-start=\"87\" data-end=\"112\">Naadam a la Llacuna de Kh\u00f6vsg\u00f6l<\/strong><\/p><h6 data-start=\"114\" data-end=\"127\"><strong data-start=\"118\" data-end=\"127\">Autor<\/strong><\/h6><p data-start=\"128\" data-end=\"151\"><strong data-start=\"128\" data-end=\"151\">Ricard de la Casa<\/strong><\/p><h6 data-start=\"153\" data-end=\"185\"><strong data-start=\"157\" data-end=\"183\">Descripci\u00f3\u00a0<\/strong><\/h6><p>Un genet mongol amb vestit tradicional blau i casc emplomatat galopa amb gr\u00e0cia sobre un cavall blanc pur, brandant una llarga canya de pesca o llan\u00e7a mentre esquitxa l\u2019aigua del llac. El sol poni tingeix el cel d\u2019ocres i vermells, reflectint-se en l\u2019aigua i el prat verd, capturant l\u2019ess\u00e8ncia din\u00e0mica d\u2019un esport ancestral.<\/p>\t\t\t\t\t\t\t\t<\/div>\n\t\t\t\t<\/div>\n\t\t\t\t<\/div>\n\t\t<div class=\"elementor-element elementor-element-bdd886d e-con-full e-flex wpr-particle-no wpr-jarallax-no wpr-parallax-no wpr-sticky-section-no wpr-equal-height-no e-con e-child\" data-id=\"bdd886d\" data-element_type=\"container\" data-e-type=\"container\">\n\t\t\t\t<div class=\"elementor-element elementor-element-6bb2674 elementor-widget elementor-widget-image\" data-id=\"6bb2674\" data-element_type=\"widget\" data-e-type=\"widget\" data-widget_type=\"image.default\">\n\t\t\t\t<div class=\"elementor-widget-container\">\n\t\t\t\t\t\t\t\t\t\t\t\t\t\t\t<img loading=\"lazy\" decoding=\"async\" width=\"1024\" height=\"724\" src=\"https:\/\/afvan.com\/wp-content\/uploads\/2026\/01\/Rogerexpo_01-1024x724.jpg\" class=\"attachment-large size-large wp-image-6276\" alt=\"\" srcset=\"https:\/\/afvan.com\/wp-content\/uploads\/2026\/01\/Rogerexpo_01-1024x724.jpg 1024w, https:\/\/afvan.com\/wp-content\/uploads\/2026\/01\/Rogerexpo_01-300x212.jpg 300w, https:\/\/afvan.com\/wp-content\/uploads\/2026\/01\/Rogerexpo_01-768x543.jpg 768w, https:\/\/afvan.com\/wp-content\/uploads\/2026\/01\/Rogerexpo_01-1536x1086.jpg 1536w, https:\/\/afvan.com\/wp-content\/uploads\/2026\/01\/Rogerexpo_01-2048x1448.jpg 2048w\" sizes=\"(max-width: 1024px) 100vw, 1024px\" \/>\t\t\t\t\t\t\t\t\t\t\t\t\t\t\t<\/div>\n\t\t\t\t<\/div>\n\t\t\t\t<div class=\"elementor-element elementor-element-5469dae elementor-widget elementor-widget-text-editor\" data-id=\"5469dae\" data-element_type=\"widget\" data-e-type=\"widget\" data-widget_type=\"text-editor.default\">\n\t\t\t\t<div class=\"elementor-widget-container\">\n\t\t\t\t\t\t\t\t\t<h6 data-start=\"73\" data-end=\"86\"><strong data-start=\"77\" data-end=\"86\">T\u00edtol<\/strong><\/h6><p data-start=\"87\" data-end=\"112\"><strong data-start=\"87\" data-end=\"112\">Serp de verd a S\u00e3o Miguel<\/strong><\/p><h6 data-start=\"114\" data-end=\"127\"><strong data-start=\"118\" data-end=\"127\">Autor<\/strong><\/h6><p data-start=\"128\" data-end=\"151\"><strong data-start=\"128\" data-end=\"151\">Roger Viv\u00e9<\/strong><\/p><h6 data-start=\"153\" data-end=\"185\"><strong data-start=\"157\" data-end=\"183\">Descripci\u00f3\u00a0<\/strong><\/h6><p>Una carretera sinuosa de color gris vermell talla un tap\u00eds de bosc laurissilvae dens i verd intens, envoltada de camps grocs i un embassament o llac en primer terme. El cel gris amb n\u00favols suaus i boira crea una atmosfera m\u00edstica sobre les muntanyes volc\u00e0niques, destacant la simetria natural de l\u2019illa.<\/p>\t\t\t\t\t\t\t\t<\/div>\n\t\t\t\t<\/div>\n\t\t\t\t<\/div>\n\t\t<div class=\"elementor-element elementor-element-8476c8f e-con-full e-flex wpr-particle-no wpr-jarallax-no wpr-parallax-no wpr-sticky-section-no wpr-equal-height-no e-con e-child\" data-id=\"8476c8f\" data-element_type=\"container\" data-e-type=\"container\">\n\t\t\t\t<div class=\"elementor-element elementor-element-491aa8f elementor-widget elementor-widget-image\" data-id=\"491aa8f\" data-element_type=\"widget\" data-e-type=\"widget\" data-widget_type=\"image.default\">\n\t\t\t\t<div class=\"elementor-widget-container\">\n\t\t\t\t\t\t\t\t\t\t\t\t\t\t\t<img loading=\"lazy\" decoding=\"async\" width=\"1024\" height=\"724\" src=\"https:\/\/afvan.com\/wp-content\/uploads\/2026\/01\/Rogerexpo_02-1024x724.jpg\" class=\"attachment-large size-large wp-image-6277\" alt=\"\" srcset=\"https:\/\/afvan.com\/wp-content\/uploads\/2026\/01\/Rogerexpo_02-1024x724.jpg 1024w, https:\/\/afvan.com\/wp-content\/uploads\/2026\/01\/Rogerexpo_02-300x212.jpg 300w, https:\/\/afvan.com\/wp-content\/uploads\/2026\/01\/Rogerexpo_02-768x543.jpg 768w, https:\/\/afvan.com\/wp-content\/uploads\/2026\/01\/Rogerexpo_02-1536x1086.jpg 1536w, https:\/\/afvan.com\/wp-content\/uploads\/2026\/01\/Rogerexpo_02-2048x1448.jpg 2048w\" sizes=\"(max-width: 1024px) 100vw, 1024px\" \/>\t\t\t\t\t\t\t\t\t\t\t\t\t\t\t<\/div>\n\t\t\t\t<\/div>\n\t\t\t\t<div class=\"elementor-element elementor-element-4dd85d5 elementor-widget elementor-widget-text-editor\" data-id=\"4dd85d5\" data-element_type=\"widget\" data-e-type=\"widget\" data-widget_type=\"text-editor.default\">\n\t\t\t\t<div class=\"elementor-widget-container\">\n\t\t\t\t\t\t\t\t\t<h6 data-start=\"73\" data-end=\"86\"><strong data-start=\"77\" data-end=\"86\">T\u00edtol<\/strong><\/h6><p data-start=\"87\" data-end=\"112\"><strong data-start=\"87\" data-end=\"112\">Cabana solitaria a Plateau de Beille<\/strong><\/p><h6 data-start=\"114\" data-end=\"127\"><strong data-start=\"118\" data-end=\"127\">Autor<\/strong><\/h6><p data-start=\"128\" data-end=\"151\"><strong data-start=\"128\" data-end=\"151\">Roger Viv\u00e9<\/strong><\/p><h6 data-start=\"153\" data-end=\"185\"><strong data-start=\"157\" data-end=\"183\">Descripci\u00f3\u00a0<\/strong><\/h6><p>Una petita cabana de fusta amb sostre de palla es troba a\u00efllada en un tur\u00f3 \u00e0rid de finals d\u2019estiu, envoltada de prats secs amb feixos de fenc i roques disperses. Al fons, muntanyes escarpades amb formes piramidal s\u2019elevan sota un cel carregat de n\u00favols dram\u00e0tics, amb llum c\u00e0lida que accentua la solitud.<\/p>\t\t\t\t\t\t\t\t<\/div>\n\t\t\t\t<\/div>\n\t\t\t\t<\/div>\n\t\t<div class=\"elementor-element elementor-element-d715c21 e-con-full e-flex wpr-particle-no wpr-jarallax-no wpr-parallax-no wpr-sticky-section-no wpr-equal-height-no e-con e-child\" data-id=\"d715c21\" data-element_type=\"container\" data-e-type=\"container\">\n\t\t\t\t<div class=\"elementor-element elementor-element-508c556 elementor-widget elementor-widget-image\" data-id=\"508c556\" data-element_type=\"widget\" data-e-type=\"widget\" data-widget_type=\"image.default\">\n\t\t\t\t<div class=\"elementor-widget-container\">\n\t\t\t\t\t\t\t\t\t\t\t\t\t\t\t<img loading=\"lazy\" decoding=\"async\" width=\"1024\" height=\"724\" src=\"https:\/\/afvan.com\/wp-content\/uploads\/2026\/01\/siscuexpo_01-1024x724.jpg\" class=\"attachment-large size-large wp-image-6278\" alt=\"\" srcset=\"https:\/\/afvan.com\/wp-content\/uploads\/2026\/01\/siscuexpo_01-1024x724.jpg 1024w, https:\/\/afvan.com\/wp-content\/uploads\/2026\/01\/siscuexpo_01-300x212.jpg 300w, https:\/\/afvan.com\/wp-content\/uploads\/2026\/01\/siscuexpo_01-768x543.jpg 768w, https:\/\/afvan.com\/wp-content\/uploads\/2026\/01\/siscuexpo_01-1536x1086.jpg 1536w, https:\/\/afvan.com\/wp-content\/uploads\/2026\/01\/siscuexpo_01-2048x1448.jpg 2048w\" sizes=\"(max-width: 1024px) 100vw, 1024px\" \/>\t\t\t\t\t\t\t\t\t\t\t\t\t\t\t<\/div>\n\t\t\t\t<\/div>\n\t\t\t\t<div class=\"elementor-element elementor-element-897cdc4 elementor-widget elementor-widget-text-editor\" data-id=\"897cdc4\" data-element_type=\"widget\" data-e-type=\"widget\" data-widget_type=\"text-editor.default\">\n\t\t\t\t<div class=\"elementor-widget-container\">\n\t\t\t\t\t\t\t\t\t<h6 data-start=\"73\" data-end=\"86\"><strong data-start=\"77\" data-end=\"86\">T\u00edtol<\/strong><\/h6><p data-start=\"87\" data-end=\"112\"><strong data-start=\"87\" data-end=\"112\">Antiga torre en Riglos<\/strong><\/p><h6 data-start=\"114\" data-end=\"127\"><strong data-start=\"118\" data-end=\"127\">Autor<\/strong><\/h6><p data-start=\"128\" data-end=\"151\"><strong data-start=\"128\" data-end=\"151\">Francisco Hidalgo<\/strong><\/p><h6 data-start=\"153\" data-end=\"185\"><strong data-start=\"157\" data-end=\"183\">Descripci\u00f3\u00a0<\/strong><\/h6><p>Les ru\u00efnes d\u2019una alta torre de pedra vermella, inclinada pel pas dels segles, s\u2019alcen imponent sobre un tur\u00f3 roc\u00f3s cobert de vegetaci\u00f3 seca i herba alta. \u200b Al costat, restes d\u2019un palau o esgl\u00e9sia emmarquen l\u2019escena sota un cel blau amb n\u00favols espessos, evocant vigil\u00e0ncia i resist\u00e8ncia medieval. \u200b<\/p>\t\t\t\t\t\t\t\t<\/div>\n\t\t\t\t<\/div>\n\t\t\t\t<\/div>\n\t\t<div class=\"elementor-element elementor-element-9a34ccd e-con-full e-flex wpr-particle-no wpr-jarallax-no wpr-parallax-no wpr-sticky-section-no wpr-equal-height-no e-con e-child\" data-id=\"9a34ccd\" data-element_type=\"container\" data-e-type=\"container\">\n\t\t\t\t<div class=\"elementor-element elementor-element-dfdf8f3 elementor-widget elementor-widget-image\" data-id=\"dfdf8f3\" data-element_type=\"widget\" data-e-type=\"widget\" data-widget_type=\"image.default\">\n\t\t\t\t<div class=\"elementor-widget-container\">\n\t\t\t\t\t\t\t\t\t\t\t\t\t\t\t<img loading=\"lazy\" decoding=\"async\" width=\"1024\" height=\"724\" src=\"https:\/\/afvan.com\/wp-content\/uploads\/2026\/01\/siscuexpo_02-1024x724.jpg\" class=\"attachment-large size-large wp-image-6279\" alt=\"\" srcset=\"https:\/\/afvan.com\/wp-content\/uploads\/2026\/01\/siscuexpo_02-1024x724.jpg 1024w, https:\/\/afvan.com\/wp-content\/uploads\/2026\/01\/siscuexpo_02-300x212.jpg 300w, https:\/\/afvan.com\/wp-content\/uploads\/2026\/01\/siscuexpo_02-768x543.jpg 768w, https:\/\/afvan.com\/wp-content\/uploads\/2026\/01\/siscuexpo_02-1536x1086.jpg 1536w, https:\/\/afvan.com\/wp-content\/uploads\/2026\/01\/siscuexpo_02-2048x1448.jpg 2048w\" sizes=\"(max-width: 1024px) 100vw, 1024px\" \/>\t\t\t\t\t\t\t\t\t\t\t\t\t\t\t<\/div>\n\t\t\t\t<\/div>\n\t\t\t\t<div class=\"elementor-element elementor-element-afaf182 elementor-widget elementor-widget-text-editor\" data-id=\"afaf182\" data-element_type=\"widget\" data-e-type=\"widget\" data-widget_type=\"text-editor.default\">\n\t\t\t\t<div class=\"elementor-widget-container\">\n\t\t\t\t\t\t\t\t\t<h6 data-start=\"73\" data-end=\"86\"><strong data-start=\"77\" data-end=\"86\">T\u00edtol<\/strong><\/h6><p data-start=\"87\" data-end=\"112\"><strong data-start=\"87\" data-end=\"112\">Darrera lluna quasi plena 2025<\/strong><\/p><h6 data-start=\"114\" data-end=\"127\"><strong data-start=\"118\" data-end=\"127\">Autor<\/strong><\/h6><p data-start=\"128\" data-end=\"151\"><strong data-start=\"128\" data-end=\"151\">Francisco Hidalgo<\/strong><\/p><h6 data-start=\"153\" data-end=\"185\"><strong data-start=\"157\" data-end=\"183\">Descripci\u00f3\u00a0<\/strong><\/h6><p>Una lluna supermes gran i plena, amb cr\u00e0ters definits i tocs blaus, s\u2019al\u00e7a majest\u00e0ticament just darrere d\u2019un penya-segat roc\u00f3s cobert de pins foscos i densos. \u200b L\u2019horitz\u00f3 nocturn profund i el contrast entre la llum lunar i les siluetes dels arbres crea una atmosfera m\u00edstica i serena.<\/p>\t\t\t\t\t\t\t\t<\/div>\n\t\t\t\t<\/div>\n\t\t\t\t<\/div>\n\t\t<div class=\"elementor-element elementor-element-364a57a e-con-full e-flex wpr-particle-no wpr-jarallax-no wpr-parallax-no wpr-sticky-section-no wpr-equal-height-no e-con e-child\" data-id=\"364a57a\" data-element_type=\"container\" data-e-type=\"container\">\n\t\t\t\t<div class=\"elementor-element elementor-element-6a7f875 elementor-widget elementor-widget-image\" data-id=\"6a7f875\" data-element_type=\"widget\" data-e-type=\"widget\" data-widget_type=\"image.default\">\n\t\t\t\t<div class=\"elementor-widget-container\">\n\t\t\t\t\t\t\t\t\t\t\t\t\t\t\t<img loading=\"lazy\" decoding=\"async\" width=\"724\" height=\"1024\" src=\"https:\/\/afvan.com\/wp-content\/uploads\/2026\/01\/Tonetiexpo_01-724x1024.jpg\" class=\"attachment-large size-large wp-image-6280\" alt=\"\" srcset=\"https:\/\/afvan.com\/wp-content\/uploads\/2026\/01\/Tonetiexpo_01-724x1024.jpg 724w, https:\/\/afvan.com\/wp-content\/uploads\/2026\/01\/Tonetiexpo_01-212x300.jpg 212w, https:\/\/afvan.com\/wp-content\/uploads\/2026\/01\/Tonetiexpo_01-768x1086.jpg 768w, https:\/\/afvan.com\/wp-content\/uploads\/2026\/01\/Tonetiexpo_01-1086x1536.jpg 1086w, https:\/\/afvan.com\/wp-content\/uploads\/2026\/01\/Tonetiexpo_01-1448x2048.jpg 1448w\" sizes=\"(max-width: 724px) 100vw, 724px\" \/>\t\t\t\t\t\t\t\t\t\t\t\t\t\t\t<\/div>\n\t\t\t\t<\/div>\n\t\t\t\t<div class=\"elementor-element elementor-element-64698ac elementor-widget elementor-widget-text-editor\" data-id=\"64698ac\" data-element_type=\"widget\" data-e-type=\"widget\" data-widget_type=\"text-editor.default\">\n\t\t\t\t<div class=\"elementor-widget-container\">\n\t\t\t\t\t\t\t\t\t<h6 data-start=\"73\" data-end=\"86\"><strong data-start=\"77\" data-end=\"86\">T\u00edtol<\/strong><\/h6><p data-start=\"87\" data-end=\"112\"><strong data-start=\"87\" data-end=\"112\">Turisme<\/strong><\/p><h6 data-start=\"114\" data-end=\"127\"><strong data-start=\"118\" data-end=\"127\">Autor<\/strong><\/h6><p data-start=\"128\" data-end=\"151\"><strong data-start=\"128\" data-end=\"151\">Toni Gamero<\/strong><\/p><h6 data-start=\"153\" data-end=\"185\"><strong data-start=\"157\" data-end=\"183\">Descripci\u00f3\u00a0<\/strong><\/h6><p>Una c\u00e0mera fotogr\u00e0fica antiga de fusta i llata, amb objectiu gran i manivella lateral, es troba montada sobre un tr\u00edpode robust enmig d\u2019un carrer empedrat. Objectes quotidians com roba vermella, ampolles i cartells envolten la m\u00e0quina, contrastant amb el mur de pedra r\u00fastic i creant una instal\u00b7laci\u00f3 art\u00edstica que evoca el pas del temps.<\/p>\t\t\t\t\t\t\t\t<\/div>\n\t\t\t\t<\/div>\n\t\t\t\t<\/div>\n\t\t<div class=\"elementor-element elementor-element-0f5ae8f e-con-full e-flex wpr-particle-no wpr-jarallax-no wpr-parallax-no wpr-sticky-section-no wpr-equal-height-no e-con e-child\" data-id=\"0f5ae8f\" data-element_type=\"container\" data-e-type=\"container\">\n\t\t\t\t<div class=\"elementor-element elementor-element-1079ef7 elementor-widget elementor-widget-image\" data-id=\"1079ef7\" data-element_type=\"widget\" data-e-type=\"widget\" data-widget_type=\"image.default\">\n\t\t\t\t<div class=\"elementor-widget-container\">\n\t\t\t\t\t\t\t\t\t\t\t\t\t\t\t<img loading=\"lazy\" decoding=\"async\" width=\"724\" height=\"1024\" src=\"https:\/\/afvan.com\/wp-content\/uploads\/2026\/01\/Tonetiexpo_02-724x1024.jpg\" class=\"attachment-large size-large wp-image-6281\" alt=\"\" srcset=\"https:\/\/afvan.com\/wp-content\/uploads\/2026\/01\/Tonetiexpo_02-724x1024.jpg 724w, https:\/\/afvan.com\/wp-content\/uploads\/2026\/01\/Tonetiexpo_02-212x300.jpg 212w, https:\/\/afvan.com\/wp-content\/uploads\/2026\/01\/Tonetiexpo_02-768x1086.jpg 768w, https:\/\/afvan.com\/wp-content\/uploads\/2026\/01\/Tonetiexpo_02-1086x1536.jpg 1086w, https:\/\/afvan.com\/wp-content\/uploads\/2026\/01\/Tonetiexpo_02-1448x2048.jpg 1448w\" sizes=\"(max-width: 724px) 100vw, 724px\" \/>\t\t\t\t\t\t\t\t\t\t\t\t\t\t\t<\/div>\n\t\t\t\t<\/div>\n\t\t\t\t<div class=\"elementor-element elementor-element-8106649 elementor-widget elementor-widget-text-editor\" data-id=\"8106649\" data-element_type=\"widget\" data-e-type=\"widget\" data-widget_type=\"text-editor.default\">\n\t\t\t\t<div class=\"elementor-widget-container\">\n\t\t\t\t\t\t\t\t\t<h6 data-start=\"73\" data-end=\"86\"><strong data-start=\"77\" data-end=\"86\">T\u00edtol<\/strong><\/h6><p data-start=\"87\" data-end=\"112\"><strong data-start=\"87\" data-end=\"112\">Cau el Cel<\/strong><\/p><h6 data-start=\"114\" data-end=\"127\"><strong data-start=\"118\" data-end=\"127\">Autor<\/strong><\/h6><p data-start=\"128\" data-end=\"151\"><strong data-start=\"128\" data-end=\"151\">Toni Gamero<\/strong><\/p><h6 data-start=\"153\" data-end=\"185\"><strong data-start=\"157\" data-end=\"183\">Descripci\u00f3\u00a0<\/strong><\/h6><p>Una filera de fanals de carrer antics, amb formes corbes i capes esf\u00e8riques, es perfilen en silueta negra contra un cel gris carregat de n\u00favols pesants i amenazadors. La composici\u00f3 vertical crea una sensaci\u00f3 de tensi\u00f3 i simetria, com si els fanals esperessin el primer llampec en una pla\u00e7a buida.<\/p>\t\t\t\t\t\t\t\t<\/div>\n\t\t\t\t<\/div>\n\t\t\t\t<\/div>\n\t\t\t\t\t<\/div>\n\t\t\t\t<\/div>\n\t\t<div class=\"elementor-element elementor-element-d9124ab e-flex e-con-boxed wpr-particle-no wpr-jarallax-no wpr-parallax-no wpr-sticky-section-no wpr-equal-height-no e-con e-parent\" data-id=\"d9124ab\" data-element_type=\"container\" data-e-type=\"container\">\n\t\t\t\t\t<div class=\"e-con-inner\">\n\t\t\t\t<div class=\"elementor-element elementor-element-6d2fc79 elementor-widget elementor-widget-html\" data-id=\"6d2fc79\" data-element_type=\"widget\" data-e-type=\"widget\" data-widget_type=\"html.default\">\n\t\t\t\t<div class=\"elementor-widget-container\">\n\t\t\t\t\t<input type=\"button\" onclick=\"history.back()\" name=\"Texto volver atr\u00e1s\" value=\"< enrere\">\n\t\t\t\t<\/div>\n\t\t\t\t<\/div>\n\t\t\t\t\t<\/div>\n\t\t\t\t<\/div>\n\t\t\t\t<\/div>\n\t\t","protected":false},"excerpt":{"rendered":"<p>Galeria &nbsp; Expo Afvan 2026 T\u00edtol Observant la tempesta Autor Jose Manuel Bermudo Descripci\u00f3\u00a0 Aquesta fotografia captura la immensitat del cel nocturn, on la quietud de les estrelles conviu amb la for\u00e7a indomable d\u2019una tempesta llunyana. Els llamps trenquen la foscor i revelen els volums dels n\u00favols, creant un contrast dram\u00e0tic amb la serenitat del firmament. En primer pla, un observatori astron\u00f2mic s\u2019al\u00e7a solitari sobre la muntanya, com un punt de trobada entre el coneixement hum\u00e0 i la grandesa de la natura, recordant-nos la petitesa de l\u2019\u00e9sser hum\u00e0 davant els fen\u00f2mens c\u00f2smics i atmosf\u00e8rics. \u00a0 T\u00edtol Desaforats gegants Autor Jose Manuel Bermudo Descripci\u00f3\u00a0 La imatge mostra un conjunt de molins de vent tradicionals que s\u2019alcen sobre el tur\u00f3, silenciosos i imponents, sota un cel crepuscular tenyit de tons violetes i ataronjats. La il\u00b7luminaci\u00f3 artificial destaca la geometria blanca dels molins, mentre que al fons un castell il\u00b7luminat emergeix com a s\u00edmbol del passat hist\u00f2ric del territori.L\u2019escena estableix un di\u00e0leg visual entre el patrimoni etnogr\u00e0fic i l\u2019arquitectura defensiva, evocant l\u2019imaginari cervant\u00ed i la lluita eterna entre realitat i llegenda, entre l\u2019home i el paisatge. \u00a0 T\u00edtol Cam\u00ed cap al silenci Autor Miguel Borrachero Descripci\u00f3\u00a0 La fotografia mostra la figura d\u2019un fot\u00f2graf avan\u00e7ant en solitud per un entorn d\u2019alta muntanya, mentre la llum suau de l\u2019alba o del capvespre tenyeix el cel de tons c\u00e0lids. D\u2019esquena a l\u2019espectador i carregat amb l\u2019equip fotogr\u00e0fic, l\u2019\u00e9sser hum\u00e0 esdev\u00e9 petit davant la immensitat del paisatge, refor\u00e7ant una sensaci\u00f3 d\u2019introspecci\u00f3, esfor\u00e7 i connexi\u00f3 profunda amb la natura.El cam\u00ed representat no \u00e9s nom\u00e9s f\u00edsic, sin\u00f3 tamb\u00e9 interior: una recerca de silenci, llum i significat enmig de la grandesa del m\u00f3n natural. T\u00edtol Ll\u00e0grimes Autor Miguel Borrachero Descripci\u00f3\u00a0 Aquesta imatge captura una pluja d&#8217;estrelles fugaces radiant des d&#8217;un cel estrellat amb n\u00favols suaus, amb una torre d&#8217;esgl\u00e9sia rom\u00e0nica de pedra al primer terme i una muntanya al fons, evocant m\u00e0gia nocturna i tradici\u00f3 pirinenca \u00a0 T\u00edtol Silenci de Gel Trencat Autor Daniel Murcia Descripci\u00f3\u00a0 Un mur de gel antic s\u2019al\u00e7a sobre l\u2019aigua quieta, esquerdat per franges fosques de cendra i sediment que revelen la mem\u00f2ria geol\u00f2gica del paisatge. \u200b Els tons blaus intensos emergeixen de l\u2019interior del gla\u00e7, resultat de la neu comprimida durant d\u00e8cades fins a transformar-se en cristall gaireb\u00e9 pur. T\u00edtol Cam\u00ed serpentejant als Pirineus Autor Daniel murcia Descripci\u00f3\u00a0 Una carretera de muntanya dibuixa un tra\u00e7 sinu\u00f3s sobre la vall, com un llapis blanc que ressegueix el relleu fins perdre\u2019s entre cims escarpats. Els prats d\u2019alta muntanya, esquitxats de roques i colors de tardor, contrasten amb la duresa mineral de les crestes, suggerint un paisatge tant fr\u00e0gil com indomable. T\u00edtol Morning Fog Autor Esteve Argelich Descripci\u00f3\u00a0 Una barca de fusta gastada reposa imm\u00f2bil a l\u2019aigua rasa, lligada a un pal solitari mentre la marea dibuixa textures verdes d\u2019algues al fons. La llum suau que s\u2019obre entre els n\u00favols il\u00b7lumina la coberta humida i converteix l\u2019estampa en un moment de quietud, com si el temps al port s\u2019hagu\u00e9s aturat. T\u00edtol Roques i aigua salada Autor Esteve Argelich Descripci\u00f3\u00a0 Les roques s\u2019alcen com figures imm\u00f2bils dins l\u2019aigua, mentre les onades llisquen entre els c\u00f2dols deixant-hi un vel fi d\u2019escuma que sembla dibuixar el pas del temps. El cel enc\u00e8s del capvespre envolta aquestes formes minerals i transforma la cala en un escenari gaireb\u00e9 m\u00edtic, on la llum i la pedra dialoguen en silenci. T\u00edtol Coll de la Botella Perse\u00efds Autor Eva L\u00f3pez Descripci\u00f3\u00a0 La Via L\u00e0ctia s\u2019al\u00e7a com una franja lluent sobre el perfil fosc dels arbres, mentre diverses traces de meteors travessen el cel nocturn en silenci. Els tons violacis i la llum t\u00e8nue a l\u2019horitz\u00f3 accentuen la sensaci\u00f3 de profunditat, convertint la nit en una finestra oberta a l\u2019univers m\u00e9s enll\u00e0 del nostre bosc. T\u00edtol Azores flores Autor Eva L\u00f3pez Descripci\u00f3\u00a0 Un amfiteatre de muntanyes cobertes d\u2019un verd intens es desploma en parets verticals d\u2019on neixen fils d\u2019aigua que cauen com cortines fines sobre la vall. El llac en calma als peus del cingle reflecteix aquest paisatge exuberant i converteix l\u2019escena en un mirall natural on la llum i la vegetaci\u00f3 es fonen en un sol quadre. T\u00edtol Simfonia d&#8217;aigua i basalt Autor Francisco Cornellana Descripci\u00f3\u00a0 Un salt d\u2019aigua es desplega en diversos cortinatges blancs que llisquen suaument sobre la roca fosca abans de fondre\u2019s en un riu de tons turquesa. Al fons, la silueta piramidal de la muntanya s\u2019al\u00e7a sobre la plana de molsa verda, com un far mineral que domina l\u2019horitz\u00f3 sota un cel carregat de n\u00favols T\u00edtol Melodia del Desert Autor Francisco Cornellana Descripci\u00f3\u00a0 Un home tureg, amb el rostre marcat pel temps i els vents, acaricia les cordes d\u2019un tidinit de fusta gastada en una cambra de fang il\u00b7luminada per una llum c\u00e0lida. Les teies, els tapissos i els recipients de coure envolten l\u2019escena, creant un ambient \u00edntim on la m\u00fasica sembla n\u00e9ixer de l\u2019\u00e0nima mateixa del desert. T\u00edtol Chicas Mongolia Autor Jes\u00fas Carretero Descripci\u00f3\u00a0 Un grup de dones mongoles es reuneix en cercle, les seves cares il\u00b7luminades per la llum c\u00e0lida del capvespre, amb somriures t\u00edmids i mirades plenes de complicitat. Els seus vestits tradicionals deel en tons turquesa brillen amb brodats daurats i vermells, coronats per barrets alts adornats amb corall i turqueses que capturen els \u00faltims raigs del sol. T\u00edtol Barcaza Autor Jesus Carretero Descripci\u00f3\u00a0 Una barca sampan tradicional de fusta, coberta amb una teulada verda blava, sura suaument en un riu d\u2019un blau profund que reflecteix els arbres i el cel. \u200b Dues dones amb barrets c\u00f2nicos n\u00f3n l\u00e1 i vestits senzills guien l\u2019embarcaci\u00f3 amb rems, evocant la vida quotidiana dels pescadors vietnamites en un paisatge ser\u00e8 i sim\u00e8tric. T\u00edtol Arinsal, un sol, mil mirades Autor Lluis P\u00e9rez Descripci\u00f3\u00a0 Els raigs del sol filtren amb for\u00e7a a trav\u00e9s de les branques d\u2019un pi solitari, creant una explosi\u00f3 de llum que il\u00b7lumina el bosc de con\u00edferes i les muntanyes llunyanes. \u200b El cel blau esquerdat per n\u00favols blancs i una estela d\u2019avi\u00f3 emmarquen aquest paisatge alp\u00ed, evocant la frescor i la grandesa d\u2019una vall en ple dia radiant.<\/p>\n","protected":false},"author":1,"featured_media":0,"parent":0,"menu_order":0,"comment_status":"closed","ping_status":"closed","template":"","meta":{"site-sidebar-layout":"no-sidebar","site-content-layout":"page-builder","ast-site-content-layout":"default","site-content-style":"default","site-sidebar-style":"default","ast-global-header-display":"","ast-banner-title-visibility":"","ast-main-header-display":"","ast-hfb-above-header-display":"","ast-hfb-below-header-display":"","ast-hfb-mobile-header-display":"","site-post-title":"disabled","ast-breadcrumbs-content":"","ast-featured-img":"disabled","footer-sml-layout":"","ast-disable-related-posts":"","theme-transparent-header-meta":"","adv-header-id-meta":"","stick-header-meta":"","header-above-stick-meta":"","header-main-stick-meta":"","header-below-stick-meta":"","astra-migrate-meta-layouts":"default","ast-page-background-enabled":"default","ast-page-background-meta":{"desktop":{"background-color":"var(--ast-global-color-4)","background-image":"","background-repeat":"repeat","background-position":"center center","background-size":"auto","background-attachment":"scroll","background-type":"","background-media":"","overlay-type":"","overlay-color":"","overlay-opacity":"","overlay-gradient":""},"tablet":{"background-color":"","background-image":"","background-repeat":"repeat","background-position":"center center","background-size":"auto","background-attachment":"scroll","background-type":"","background-media":"","overlay-type":"","overlay-color":"","overlay-opacity":"","overlay-gradient":""},"mobile":{"background-color":"","background-image":"","background-repeat":"repeat","background-position":"center center","background-size":"auto","background-attachment":"scroll","background-type":"","background-media":"","overlay-type":"","overlay-color":"","overlay-opacity":"","overlay-gradient":""}},"ast-content-background-meta":{"desktop":{"background-color":"var(--ast-global-color-5)","background-image":"","background-repeat":"repeat","background-position":"center center","background-size":"auto","background-attachment":"scroll","background-type":"","background-media":"","overlay-type":"","overlay-color":"","overlay-opacity":"","overlay-gradient":""},"tablet":{"background-color":"var(--ast-global-color-5)","background-image":"","background-repeat":"repeat","background-position":"center center","background-size":"auto","background-attachment":"scroll","background-type":"","background-media":"","overlay-type":"","overlay-color":"","overlay-opacity":"","overlay-gradient":""},"mobile":{"background-color":"var(--ast-global-color-5)","background-image":"","background-repeat":"repeat","background-position":"center center","background-size":"auto","background-attachment":"scroll","background-type":"","background-media":"","overlay-type":"","overlay-color":"","overlay-opacity":"","overlay-gradient":""}},"footnotes":""},"class_list":["post-6214","page","type-page","status-publish","hentry"],"aioseo_notices":[],"a3_pvc":{"activated":false,"total_views":0,"today_views":0},"_links":{"self":[{"href":"https:\/\/afvan.com\/index.php\/wp-json\/wp\/v2\/pages\/6214","targetHints":{"allow":["GET"]}}],"collection":[{"href":"https:\/\/afvan.com\/index.php\/wp-json\/wp\/v2\/pages"}],"about":[{"href":"https:\/\/afvan.com\/index.php\/wp-json\/wp\/v2\/types\/page"}],"author":[{"embeddable":true,"href":"https:\/\/afvan.com\/index.php\/wp-json\/wp\/v2\/users\/1"}],"replies":[{"embeddable":true,"href":"https:\/\/afvan.com\/index.php\/wp-json\/wp\/v2\/comments?post=6214"}],"version-history":[{"count":37,"href":"https:\/\/afvan.com\/index.php\/wp-json\/wp\/v2\/pages\/6214\/revisions"}],"predecessor-version":[{"id":6290,"href":"https:\/\/afvan.com\/index.php\/wp-json\/wp\/v2\/pages\/6214\/revisions\/6290"}],"wp:attachment":[{"href":"https:\/\/afvan.com\/index.php\/wp-json\/wp\/v2\/media?parent=6214"}],"curies":[{"name":"wp","href":"https:\/\/api.w.org\/{rel}","templated":true}]}}